{"id":120,"date":"2025-01-12T12:43:11","date_gmt":"2025-01-12T11:43:11","guid":{"rendered":"https:\/\/allgeier-se.seowerk.net\/?page_id=120"},"modified":"2025-10-09T11:37:19","modified_gmt":"2025-10-09T09:37:19","slug":"management","status":"publish","type":"page","link":"https:\/\/allgeier-se.seowerk.net\/de\/investor-relations\/corporate-governance\/management\/","title":{"rendered":"Management"},"content":{"rendered":"<p><div class=\"fusion-fullwidth fullwidth-box fusion-builder-row-1 fusion-flex-container has-pattern-background has-mask-background fusion-parallax-none nonhundred-percent-fullwidth non-hundred-percent-height-scrolling lazyload\" style=\"--awb-background-position:center top;--awb-border-radius-top-left:0px;--awb-border-radius-top-right:0px;--awb-border-radius-bottom-right:0px;--awb-border-radius-bottom-left:0px;--awb-background-image:linear-gradient(180deg, rgba(255,255,255,0) 75%,var(--awb-color8) 100%);;--awb-background-size:cover;--awb-flex-wrap:wrap;\" data-bg=\"https:\/\/allgeier-se.seowerk.net\/wp-content\/uploads\/2025\/01\/background.jpg\" data-bg-gradient=\"linear-gradient(180deg, rgba(255,255,255,0) 75%,var(--awb-color8) 100%)\" ><div class=\"fusion-builder-row fusion-row fusion-flex-align-items-flex-start fusion-flex-content-wrap\" style=\"max-width:1456px;margin-left: calc(-4% \/ 2 );margin-right: calc(-4% \/ 2 );\"><div class=\"fusion-layout-column fusion_builder_column fusion-builder-column-0 fusion_builder_column_1_1 1_1 fusion-flex-column\" style=\"--awb-bg-size:cover;--awb-width-large:100%;--awb-margin-top-large:0px;--awb-spacing-right-large:1.92%;--awb-margin-bottom-large:1.5rem;--awb-spacing-left-large:1.92%;--awb-width-medium:100%;--awb-order-medium:0;--awb-spacing-right-medium:1.92%;--awb-spacing-left-medium:1.92%;--awb-width-small:100%;--awb-order-small:0;--awb-spacing-right-small:1.92%;--awb-spacing-left-small:1.92%;\"><div class=\"fusion-column-wrapper fusion-column-has-shadow fusion-flex-justify-content-flex-start fusion-content-layout-column\"><div class=\"fusion-title title fusion-title-1 fusion-sep-none fusion-title-center fusion-title-text fusion-title-size-one\" style=\"--awb-margin-top:1em;--awb-margin-bottom:1em;\"><h1 class=\"fusion-title-heading title-heading-center fusion-responsive-typography-calculated\" style=\"margin:0;--fontSize:60;line-height:var(--awb-typography1-line-height);\">Management<\/h1><\/div><div class=\"fusion-separator separator-gradient\" style=\"align-self: center;margin-left: auto;margin-right: auto;margin-bottom:2rem;width:100%;max-width:140px;\"><div class=\"fusion-separator-border sep-single sep-solid\" style=\"--awb-height:20px;--awb-amount:20px;--awb-sep-color:var(--awb-color3);border-color:var(--awb-color3);border-top-width:5px;\"><\/div><\/div>\n<\/div><\/div><div class=\"fusion-layout-column fusion_builder_column fusion-builder-column-1 fusion_builder_column_1_1 1_1 fusion-flex-column\" style=\"--awb-bg-size:cover;--awb-width-large:100%;--awb-margin-top-large:0px;--awb-spacing-right-large:1.92%;--awb-margin-bottom-large:1.5rem;--awb-spacing-left-large:1.92%;--awb-width-medium:100%;--awb-order-medium:0;--awb-spacing-right-medium:1.92%;--awb-spacing-left-medium:1.92%;--awb-width-small:100%;--awb-order-small:0;--awb-spacing-right-small:1.92%;--awb-spacing-left-small:1.92%;\"><div class=\"fusion-column-wrapper fusion-column-has-shadow fusion-flex-justify-content-flex-start fusion-content-layout-column\"><div class=\"fusion-title title fusion-title-2 fusion-sep-none fusion-title-text fusion-title-size-two\"><h2 class=\"fusion-title-heading title-heading-left fusion-responsive-typography-calculated\" style=\"--fontSize:42;line-height:var(--awb-typography1-line-height);\">Vorstand<\/h2><\/div><div class=\"fusion-separator separator-gradient\" style=\"align-self: flex-start;margin-right:auto;margin-top:1.31rem;margin-bottom:2rem;width:100%;max-width:70px;\"><div class=\"fusion-separator-border sep-single sep-solid\" style=\"--awb-height:20px;--awb-amount:20px;--awb-sep-color:var(--awb-color3);border-color:var(--awb-color3);border-top-width:5px;\"><\/div><\/div>\n<\/div><\/div><div class=\"fusion-layout-column fusion_builder_column fusion-builder-column-2 fusion_builder_column_1_3 1_3 fusion-flex-column\" style=\"--awb-bg-size:cover;--awb-width-large:33.3333333333%;--awb-margin-top-large:0px;--awb-spacing-right-large:5.76%;--awb-margin-bottom-large:1.5rem;--awb-spacing-left-large:5.76%;--awb-width-medium:33.3333333333%;--awb-order-medium:0;--awb-spacing-right-medium:5.76%;--awb-spacing-left-medium:5.76%;--awb-width-small:100%;--awb-order-small:0;--awb-spacing-right-small:1.92%;--awb-spacing-left-small:1.92%;\"><div class=\"fusion-column-wrapper fusion-column-has-shadow fusion-flex-justify-content-flex-start fusion-content-layout-column\"><div class=\"fusion-title title fusion-title-3 fusion-sep-none fusion-title-text fusion-title-size-three\" style=\"--awb-margin-top:0px;\"><h3 class=\"fusion-title-heading title-heading-left fusion-responsive-typography-calculated\" style=\"margin:0;--fontSize:34;line-height:var(--awb-typography1-line-height);\">Dr. Marcus Goedsche<\/h3><\/div><div class=\"accordian fusion-accordian\" style=\"--awb-border-size:1px;--awb-icon-size:16px;--awb-content-font-size:var(--awb-typography4-font-size);--awb-icon-alignment:left;--awb-hover-color:var(--awb-color7);--awb-border-color:var(--awb-color6);--awb-background-color:var(--awb-color8);--awb-divider-color:var(--awb-color6);--awb-divider-hover-color:var(--awb-color6);--awb-icon-color:var(--awb-color8);--awb-title-color:var(--awb-color1);--awb-content-color:var(--awb-color1);--awb-icon-box-color:var(--awb-color1);--awb-toggle-hover-accent-color:var(--awb-color4);--awb-title-font-family:var(--awb-typography4-font-family);--awb-title-font-weight:var(--awb-typography4-font-weight);--awb-title-font-style:var(--awb-typography4-font-style);--awb-title-font-size:var(--awb-typography4-font-size);--awb-title-letter-spacing:var(--awb-typography4-letter-spacing);--awb-title-line-height:var(--awb-typography4-line-height);--awb-title-text-transform:var(--awb-typography4-text-transform);--awb-content-font-family:var(--awb-typography4-font-family);--awb-content-font-weight:var(--awb-typography4-font-weight);--awb-content-font-style:var(--awb-typography4-font-style);\"><div class=\"panel-group fusion-toggle-icon-boxed\" id=\"accordion-120-1\"><div class=\"fusion-panel panel-default panel-742f41bdc34f836f7 fusion-toggle-has-divider\"><div class=\"panel-heading\"><div class=\"panel-title toggle\" id=\"toggle_742f41bdc34f836f7\"><a aria-expanded=\"false\" aria-controls=\"742f41bdc34f836f7\" role=\"button\" data-toggle=\"collapse\" data-parent=\"#accordion-120-1\" data-target=\"#742f41bdc34f836f7\" href=\"#742f41bdc34f836f7\"><span class=\"fusion-toggle-icon-wrapper\" aria-hidden=\"true\"><i class=\"fa-fusion-box active-icon awb-icon-minus\" aria-hidden=\"true\"><\/i><i class=\"fa-fusion-box inactive-icon awb-icon-plus\" aria-hidden=\"true\"><\/i><\/span><span class=\"fusion-toggle-heading\">Weitere Informationen<\/span><\/a><\/div><\/div><div id=\"742f41bdc34f836f7\" class=\"panel-collapse collapse \" aria-labelledby=\"toggle_742f41bdc34f836f7\"><div class=\"panel-body toggle-content fusion-clearfix\">\n<p>Herr Dr. Marcus Goedsche ist seit 2008 Mitglied des Vorstands der Allgeier SE. Er verantwortet neben den Bereichen Finanzierung, Recht und Personal auch die Durchf\u00fchrung von Akquisitionen und anderen Transaktionen. Daneben ist Herr Dr. Goedsche auch aktiv in der F\u00fchrung und Weiterentwicklung einzelner Gesch\u00e4ftsbereiche und Beteiligungen der Allgeier Gruppe t\u00e4tig. Zuvor war er seit 2007 in der Funktion als Legal General Counsel Mitglied der Gesch\u00e4ftsleitung der Allgeier SE. Allgeier begleitete er bereits vor seinem endg\u00fcltigen Wechsel in das Unternehmen bei einer Vielzahl von Transaktionen als externer Berater. Nach dem Studium der Rechtswissenschaften war er zun\u00e4chst seit 2000 als Rechtsanwalt und Partner bei einer internationalen Wirtschaftskanzlei im Bereich Corporate Law t\u00e4tig. 2002 promovierte Herr Dr. Goedsche mit einem aktienrechtlichen Thema zum Dr. jur. Er beriet als Rechtsanwalt eine Vielzahl von Unternehmen in Fragen des Gesellschafts- und Kapitalmarktrechts, insbesondere bei Transaktionen in den Bereichen M&amp;A, Private Equity und Venture sowie bei Kapitalmarkttransaktionen und Emissionen von Wertpapieren und Fonds.<\/p>\n<\/div><\/div><\/div><\/div><\/div><\/div><\/div><div class=\"fusion-layout-column fusion_builder_column fusion-builder-column-3 fusion_builder_column_1_3 1_3 fusion-flex-column\" style=\"--awb-bg-size:cover;--awb-width-large:33.3333333333%;--awb-margin-top-large:0px;--awb-spacing-right-large:5.76%;--awb-margin-bottom-large:1.5rem;--awb-spacing-left-large:5.76%;--awb-width-medium:33.3333333333%;--awb-order-medium:0;--awb-spacing-right-medium:5.76%;--awb-spacing-left-medium:5.76%;--awb-width-small:100%;--awb-order-small:0;--awb-spacing-right-small:1.92%;--awb-spacing-left-small:1.92%;\"><div class=\"fusion-column-wrapper fusion-column-has-shadow fusion-flex-justify-content-flex-start fusion-content-layout-column\"><div class=\"fusion-title title fusion-title-4 fusion-sep-none fusion-title-text fusion-title-size-three\" style=\"--awb-margin-top:0px;\"><h3 class=\"fusion-title-heading title-heading-left fusion-responsive-typography-calculated\" style=\"margin:0;--fontSize:34;line-height:var(--awb-typography1-line-height);\">Hubert Rohrer<\/h3><\/div><div class=\"accordian fusion-accordian\" style=\"--awb-border-size:1px;--awb-icon-size:16px;--awb-content-font-size:var(--awb-typography4-font-size);--awb-icon-alignment:left;--awb-hover-color:var(--awb-color7);--awb-border-color:var(--awb-color6);--awb-background-color:var(--awb-color8);--awb-divider-color:var(--awb-color6);--awb-divider-hover-color:var(--awb-color6);--awb-icon-color:var(--awb-color8);--awb-title-color:var(--awb-color1);--awb-content-color:var(--awb-color1);--awb-icon-box-color:var(--awb-color1);--awb-toggle-hover-accent-color:var(--awb-color4);--awb-title-font-family:var(--awb-typography4-font-family);--awb-title-font-weight:var(--awb-typography4-font-weight);--awb-title-font-style:var(--awb-typography4-font-style);--awb-title-font-size:var(--awb-typography4-font-size);--awb-title-letter-spacing:var(--awb-typography4-letter-spacing);--awb-title-line-height:var(--awb-typography4-line-height);--awb-title-text-transform:var(--awb-typography4-text-transform);--awb-content-font-family:var(--awb-typography4-font-family);--awb-content-font-weight:var(--awb-typography4-font-weight);--awb-content-font-style:var(--awb-typography4-font-style);\"><div class=\"panel-group fusion-toggle-icon-boxed\" id=\"accordion-120-2\"><div class=\"fusion-panel panel-default panel-391f068368ce96c2a fusion-toggle-has-divider\"><div class=\"panel-heading\"><div class=\"panel-title toggle\" id=\"toggle_391f068368ce96c2a\"><a aria-expanded=\"false\" aria-controls=\"391f068368ce96c2a\" role=\"button\" data-toggle=\"collapse\" data-parent=\"#accordion-120-2\" data-target=\"#391f068368ce96c2a\" href=\"#391f068368ce96c2a\"><span class=\"fusion-toggle-icon-wrapper\" aria-hidden=\"true\"><i class=\"fa-fusion-box active-icon awb-icon-minus\" aria-hidden=\"true\"><\/i><i class=\"fa-fusion-box inactive-icon awb-icon-plus\" aria-hidden=\"true\"><\/i><\/span><span class=\"fusion-toggle-heading\">Weitere Informationen<\/span><\/a><\/div><\/div><div id=\"391f068368ce96c2a\" class=\"panel-collapse collapse \" aria-labelledby=\"toggle_391f068368ce96c2a\"><div class=\"panel-body toggle-content fusion-clearfix\">\n<p>Herr Hubert Rohrer ist seit 2013 Mitglied des Vorstands der Allgeier SE. Hubert Rohrer begann seine berufliche Laufbahn im Jahr 1986 bei der Allgeier Computer GmbH als Vertriebsleiter der franz\u00f6sischen Tochtergesellschaft. 1989 \u00fcbernahm er deren Gesch\u00e4ftsf\u00fchrung und baute die Gesellschaft in den Folgejahren zu einem etablierten Anbieter f\u00fcr ERP- und DMS-Business-Softwarel\u00f6sungen aus. Im Jahr 1999 wechselte Hubert Rohrer in den Vorstand der Allgeier Computer AG, von wo aus er im Jahr 2000 den B\u00f6rsengang des Unternehmens begleitete und f\u00fcr die erfolgreiche Neustrukturierung des operativen IT-Gesch\u00e4fts verantwortlich zeichnete. Hubert Rohrer geh\u00f6rt seit vielen Jahren dem F\u00fchrungsteam der Allgeier-Gruppe an und steht als Bereichsvorstand dem Segment Allgeier Enterprise IT vor.<\/p>\n<\/div><\/div><\/div><\/div><\/div><\/div><\/div><div class=\"fusion-layout-column fusion_builder_column fusion-builder-column-4 fusion_builder_column_1_3 1_3 fusion-flex-column\" style=\"--awb-bg-size:cover;--awb-width-large:33.3333333333%;--awb-margin-top-large:0px;--awb-spacing-right-large:5.76%;--awb-margin-bottom-large:1.5rem;--awb-spacing-left-large:5.76%;--awb-width-medium:33.3333333333%;--awb-order-medium:0;--awb-spacing-right-medium:5.76%;--awb-spacing-left-medium:5.76%;--awb-width-small:100%;--awb-order-small:0;--awb-spacing-right-small:1.92%;--awb-spacing-left-small:1.92%;\"><div class=\"fusion-column-wrapper fusion-column-has-shadow fusion-flex-justify-content-flex-start fusion-content-layout-column\"><div class=\"fusion-title title fusion-title-5 fusion-sep-none fusion-title-text fusion-title-size-three\" style=\"--awb-margin-top:0px;\"><h3 class=\"fusion-title-heading title-heading-left fusion-responsive-typography-calculated\" style=\"margin:0;--fontSize:34;line-height:var(--awb-typography1-line-height);\">Moritz Genzel<\/h3><\/div><div class=\"accordian fusion-accordian\" style=\"--awb-border-size:1px;--awb-icon-size:16px;--awb-content-font-size:var(--awb-typography4-font-size);--awb-icon-alignment:left;--awb-hover-color:var(--awb-color7);--awb-border-color:var(--awb-color6);--awb-background-color:var(--awb-color8);--awb-divider-color:var(--awb-color6);--awb-divider-hover-color:var(--awb-color6);--awb-icon-color:var(--awb-color8);--awb-title-color:var(--awb-color1);--awb-content-color:var(--awb-color1);--awb-icon-box-color:var(--awb-color1);--awb-toggle-hover-accent-color:var(--awb-color4);--awb-title-font-family:var(--awb-typography4-font-family);--awb-title-font-weight:var(--awb-typography4-font-weight);--awb-title-font-style:var(--awb-typography4-font-style);--awb-title-font-size:var(--awb-typography4-font-size);--awb-title-letter-spacing:var(--awb-typography4-letter-spacing);--awb-title-line-height:var(--awb-typography4-line-height);--awb-title-text-transform:var(--awb-typography4-text-transform);--awb-content-font-family:var(--awb-typography4-font-family);--awb-content-font-weight:var(--awb-typography4-font-weight);--awb-content-font-style:var(--awb-typography4-font-style);\"><div class=\"panel-group fusion-toggle-icon-boxed\" id=\"accordion-120-3\"><div class=\"fusion-panel panel-default panel-963b7988c303481e1 fusion-toggle-has-divider\"><div class=\"panel-heading\"><div class=\"panel-title toggle\" id=\"toggle_963b7988c303481e1\"><a aria-expanded=\"false\" aria-controls=\"963b7988c303481e1\" role=\"button\" data-toggle=\"collapse\" data-parent=\"#accordion-120-3\" data-target=\"#963b7988c303481e1\" href=\"#963b7988c303481e1\"><span class=\"fusion-toggle-icon-wrapper\" aria-hidden=\"true\"><i class=\"fa-fusion-box active-icon awb-icon-minus\" aria-hidden=\"true\"><\/i><i class=\"fa-fusion-box inactive-icon awb-icon-plus\" aria-hidden=\"true\"><\/i><\/span><span class=\"fusion-toggle-heading\">Weitere Informationen<\/span><\/a><\/div><\/div><div id=\"963b7988c303481e1\" class=\"panel-collapse collapse \" aria-labelledby=\"toggle_963b7988c303481e1\"><div class=\"panel-body toggle-content fusion-clearfix\">Herr Moritz Genzel ist seit 2024 Mitglied des Vorstands der Allgeier SE. Herr Genzel ist seit 2019 f\u00fcr Allgeier t\u00e4tig und begleitete in diesem Rahmen u. a. eine Reihe von Akquisitionen, die Abspaltung und den IPO des internationalen Softwaregesch\u00e4fts im Jahr 2020 sowie Finanzierungs- und Kapitalma\u00dfnahmen der Allgeier-Gruppe. Nach dem Studium der Rechtswissenschaften war Herr Genzel zun\u00e4chst bei einer auf Wirtschaftsrecht spezialisierten Anwaltskanzlei im Bereich Corporate M&amp;A besch\u00e4ftigt. Anschlie\u00dfend wechselte er als Rechtsanwalt zu einer international t\u00e4tigen Schweizer Investmentbank. In seinen Funktionen beriet er zahlreiche Unternehmen in Fragen des Gesellschafts- und Kapitalmarktrechts sowie zu Transaktionen.<\/div><\/div><\/div><\/div><\/div><\/div><\/div><\/div><\/div><div id=\"segmente\" class=\"fusion-container-anchor\"><div class=\"fusion-fullwidth fullwidth-box fusion-builder-row-2 fusion-flex-container has-pattern-background has-mask-background nonhundred-percent-fullwidth non-hundred-percent-height-scrolling\" style=\"--awb-border-radius-top-left:0px;--awb-border-radius-top-right:0px;--awb-border-radius-bottom-right:0px;--awb-border-radius-bottom-left:0px;--awb-background-color:var(--awb-color6);--awb-flex-wrap:wrap;\" ><div class=\"awb-background-pattern\" style=\"background-image:  url(data:image\/svg+xml;utf8,%3Csvg%20width%3D%2260%22%20height%3D%2260%22%20fill%3D%22none%22%20xmlns%3D%22http%3A%2F%2Fwww.w3.org%2F2000%2Fsvg%22%3E%3Cpath%20d%3D%22M6%204a2%202%200%2011-4%200%202%202%200%20014%200%22%20fill%3D%22rgba%280%2C177%2C255%2C1%29%22%2F%3E%3C%2Fsvg%3E);opacity: 0.5 ;background-size:1%;mix-blend-mode:normal;\"><\/div><div class=\"fusion-builder-row fusion-row fusion-flex-align-items-flex-start fusion-flex-content-wrap\" style=\"max-width:1456px;margin-left: calc(-4% \/ 2 );margin-right: calc(-4% \/ 2 );\"><div class=\"fusion-layout-column fusion_builder_column fusion-builder-column-5 fusion_builder_column_1_1 1_1 fusion-flex-column\" style=\"--awb-bg-size:cover;--awb-width-large:100%;--awb-margin-top-large:0px;--awb-spacing-right-large:1.92%;--awb-margin-bottom-large:1.5rem;--awb-spacing-left-large:1.92%;--awb-width-medium:100%;--awb-order-medium:0;--awb-spacing-right-medium:1.92%;--awb-spacing-left-medium:1.92%;--awb-width-small:100%;--awb-order-small:0;--awb-spacing-right-small:1.92%;--awb-spacing-left-small:1.92%;\"><div class=\"fusion-column-wrapper fusion-column-has-shadow fusion-flex-justify-content-flex-start fusion-content-layout-column\"><div class=\"fusion-title title fusion-title-6 fusion-sep-none fusion-title-text fusion-title-size-two\"><h2 class=\"fusion-title-heading title-heading-left fusion-responsive-typography-calculated\" style=\"--fontSize:42;line-height:var(--awb-typography1-line-height);\">Aufsichtsrat<\/h2><\/div><div class=\"fusion-separator separator-gradient\" style=\"align-self: flex-start;margin-right:auto;margin-top:1.31rem;margin-bottom:2rem;width:100%;max-width:70px;\"><div class=\"fusion-separator-border sep-single sep-solid\" style=\"--awb-height:20px;--awb-amount:20px;--awb-sep-color:var(--awb-color3);border-color:var(--awb-color3);border-top-width:5px;\"><\/div><\/div>\n<\/div><\/div><div class=\"fusion-layout-column fusion_builder_column fusion-builder-column-6 fusion_builder_column_1_2 1_2 fusion-flex-column\" style=\"--awb-bg-size:cover;--awb-width-large:50%;--awb-margin-top-large:0px;--awb-spacing-right-large:3.84%;--awb-margin-bottom-large:1.5rem;--awb-spacing-left-large:3.84%;--awb-width-medium:50%;--awb-order-medium:0;--awb-spacing-right-medium:3.84%;--awb-spacing-left-medium:3.84%;--awb-width-small:100%;--awb-order-small:0;--awb-spacing-right-small:1.92%;--awb-spacing-left-small:1.92%;\"><div class=\"fusion-column-wrapper fusion-column-has-shadow fusion-flex-justify-content-flex-start fusion-content-layout-column\"><div class=\"fusion-title title fusion-title-7 fusion-sep-none fusion-title-text fusion-title-size-three\" style=\"--awb-margin-top:0px;\"><h3 class=\"fusion-title-heading title-heading-left fusion-responsive-typography-calculated\" style=\"margin:0;--fontSize:34;line-height:var(--awb-typography1-line-height);\">Carl Georg D\u00fcrschmidt<\/h3><\/div><div class=\"fusion-text fusion-text-1 fusion-text-no-margin\" style=\"--awb-font-size:var(--awb-typography3-font-size);--awb-line-height:var(--awb-typography3-line-height);--awb-letter-spacing:var(--awb-typography3-letter-spacing);--awb-text-transform:var(--awb-typography3-text-transform);--awb-margin-bottom:0px;--awb-text-font-family:var(--awb-typography3-font-family);--awb-text-font-weight:var(--awb-typography3-font-weight);--awb-text-font-style:var(--awb-typography3-font-style);\"><p>Vorsitzender des Aufsichtsrats<\/p>\n<\/div><div class=\"accordian fusion-accordian\" style=\"--awb-border-size:1px;--awb-icon-size:16px;--awb-content-font-size:var(--awb-typography4-font-size);--awb-icon-alignment:left;--awb-hover-color:var(--awb-color7);--awb-border-color:var(--awb-color6);--awb-background-color:var(--awb-color8);--awb-divider-color:var(--awb-color6);--awb-divider-hover-color:var(--awb-color6);--awb-icon-color:var(--awb-color8);--awb-title-color:var(--awb-color1);--awb-content-color:var(--awb-color1);--awb-icon-box-color:var(--awb-color1);--awb-toggle-hover-accent-color:var(--awb-color4);--awb-title-font-family:var(--awb-typography4-font-family);--awb-title-font-weight:var(--awb-typography4-font-weight);--awb-title-font-style:var(--awb-typography4-font-style);--awb-title-font-size:var(--awb-typography4-font-size);--awb-title-letter-spacing:var(--awb-typography4-letter-spacing);--awb-title-line-height:var(--awb-typography4-line-height);--awb-title-text-transform:var(--awb-typography4-text-transform);--awb-content-font-family:var(--awb-typography4-font-family);--awb-content-font-weight:var(--awb-typography4-font-weight);--awb-content-font-style:var(--awb-typography4-font-style);\"><div class=\"panel-group fusion-toggle-icon-boxed\" id=\"accordion-120-4\"><div class=\"fusion-panel panel-default panel-369330503244a27c4 fusion-toggle-has-divider\"><div class=\"panel-heading\"><div class=\"panel-title toggle\" id=\"toggle_369330503244a27c4\"><a aria-expanded=\"false\" aria-controls=\"369330503244a27c4\" role=\"button\" data-toggle=\"collapse\" data-parent=\"#accordion-120-4\" data-target=\"#369330503244a27c4\" href=\"#369330503244a27c4\"><span class=\"fusion-toggle-icon-wrapper\" aria-hidden=\"true\"><i class=\"fa-fusion-box active-icon awb-icon-minus\" aria-hidden=\"true\"><\/i><i class=\"fa-fusion-box inactive-icon awb-icon-plus\" aria-hidden=\"true\"><\/i><\/span><span class=\"fusion-toggle-heading\">Weitere Informationen<\/span><\/a><\/div><\/div><div id=\"369330503244a27c4\" class=\"panel-collapse collapse \" aria-labelledby=\"toggle_369330503244a27c4\"><div class=\"panel-body toggle-content fusion-clearfix\">\n<p>In seiner langj\u00e4hrigen Funktion als Vorstandsvorsitzender der Allgeier SE hat Carl Georg D\u00fcrschmidt (geb. 1958 in Neutraubling, Deutschland) ma\u00dfgeblich dazu beigetragen, die Allgeier-Gruppe zu einem der f\u00fchrenden deutschen Software- und IT Services-Unternehmen zu entwickeln. Herr D\u00fcrschmidt leistete einen wesentlichen Beitrag zum nachhaltigen Wachstum der Gruppe. Einen H\u00f6hepunkt stellte die Abspaltung des unter der Nagarro SE geb\u00fcndelten globalen Technologieberatungs- und Softwareentwicklungsgesch\u00e4fts der Allgeier SE im Dezember 2020 dar. Die Nagarro SE ist seither als eigenst\u00e4ndiges Unternehmen b\u00f6rsennotiert. Zuvor war Herr D\u00fcrschmidt nach dem Abschluss eines wirtschaftswissenschaftlichen Studiums an der Fachhochschule M\u00fcnchen als Prokurist f\u00fcr ein mittelst\u00e4ndisches Unternehmen t\u00e4tig. Ab 1986 war er bei einer internationalen Unternehmensberatungsgesellschaft im Bereich Strategieberatung von KMU. Seit 1989 arbeitete er bei einer Investmentgesellschaft mit dem Fokus auf Beteiligungen im deutschen Mittelstand. Im Anschluss an einen erfolgreichen B\u00f6rsengang \u00fcbernahm er 1992 eine Vorstandsposition. Nach der gemeinsam mit Partnern realisierten Gr\u00fcndung einer Investmentgesellschaft 1996 verantwortete er die Entwicklung und das Management eines Beteiligungsportfolios mittelst\u00e4ndischer Unternehmen. 2001 \u00fcbernahm Herr D\u00fcrschmidt gemeinsam mit Partnern das Aktienpaket des Allgeier-Gr\u00fcnders. Von 2003 bis 2020 geh\u00f6rte Herr D\u00fcrschmidt dem Vorstand der Allgeier SE an und wurde im September 2022 in den Aufsichtsrat gew\u00e4hlt. Von 2020 bis 2025 war Herr D\u00fcrschmidt Vorsitzender des Aufsichtsrats der Nagarro SE.<\/p>\n<\/div><\/div><\/div><\/div><\/div><\/div><\/div><div class=\"fusion-layout-column fusion_builder_column fusion-builder-column-7 fusion_builder_column_1_2 1_2 fusion-flex-column\" style=\"--awb-bg-size:cover;--awb-width-large:50%;--awb-margin-top-large:0px;--awb-spacing-right-large:3.84%;--awb-margin-bottom-large:1.5rem;--awb-spacing-left-large:3.84%;--awb-width-medium:50%;--awb-order-medium:0;--awb-spacing-right-medium:3.84%;--awb-spacing-left-medium:3.84%;--awb-width-small:100%;--awb-order-small:0;--awb-spacing-right-small:1.92%;--awb-spacing-left-small:1.92%;\"><div class=\"fusion-column-wrapper fusion-column-has-shadow fusion-flex-justify-content-flex-start fusion-content-layout-column\"><div class=\"fusion-title title fusion-title-8 fusion-sep-none fusion-title-text fusion-title-size-three\" style=\"--awb-margin-top:0px;\"><h3 class=\"fusion-title-heading title-heading-left fusion-responsive-typography-calculated\" style=\"margin:0;--fontSize:34;line-height:var(--awb-typography1-line-height);\">Detlef Dinsel<\/h3><\/div><div class=\"fusion-text fusion-text-2 fusion-text-no-margin\" style=\"--awb-font-size:var(--awb-typography3-font-size);--awb-line-height:var(--awb-typography3-line-height);--awb-letter-spacing:var(--awb-typography3-letter-spacing);--awb-text-transform:var(--awb-typography3-text-transform);--awb-margin-bottom:0px;--awb-text-font-family:var(--awb-typography3-font-family);--awb-text-font-weight:var(--awb-typography3-font-weight);--awb-text-font-style:var(--awb-typography3-font-style);\"><p>stellv. Vorsitzender des Aufsichtsrats (Dipl.-Ing.\/MBA)<\/p>\n<\/div><div class=\"accordian fusion-accordian\" style=\"--awb-border-size:1px;--awb-icon-size:16px;--awb-content-font-size:var(--awb-typography4-font-size);--awb-icon-alignment:left;--awb-hover-color:var(--awb-color7);--awb-border-color:var(--awb-color6);--awb-background-color:var(--awb-color8);--awb-divider-color:var(--awb-color6);--awb-divider-hover-color:var(--awb-color6);--awb-icon-color:var(--awb-color8);--awb-title-color:var(--awb-color1);--awb-content-color:var(--awb-color1);--awb-icon-box-color:var(--awb-color1);--awb-toggle-hover-accent-color:var(--awb-color4);--awb-title-font-family:var(--awb-typography4-font-family);--awb-title-font-weight:var(--awb-typography4-font-weight);--awb-title-font-style:var(--awb-typography4-font-style);--awb-title-font-size:var(--awb-typography4-font-size);--awb-title-letter-spacing:var(--awb-typography4-letter-spacing);--awb-title-line-height:var(--awb-typography4-line-height);--awb-title-text-transform:var(--awb-typography4-text-transform);--awb-content-font-family:var(--awb-typography4-font-family);--awb-content-font-weight:var(--awb-typography4-font-weight);--awb-content-font-style:var(--awb-typography4-font-style);\"><div class=\"panel-group fusion-toggle-icon-boxed\" id=\"accordion-120-5\"><div class=\"fusion-panel panel-default panel-85d356f503b83a28b fusion-toggle-has-divider\"><div class=\"panel-heading\"><div class=\"panel-title toggle\" id=\"toggle_85d356f503b83a28b\"><a aria-expanded=\"false\" aria-controls=\"85d356f503b83a28b\" role=\"button\" data-toggle=\"collapse\" data-parent=\"#accordion-120-5\" data-target=\"#85d356f503b83a28b\" href=\"#85d356f503b83a28b\"><span class=\"fusion-toggle-icon-wrapper\" aria-hidden=\"true\"><i class=\"fa-fusion-box active-icon awb-icon-minus\" aria-hidden=\"true\"><\/i><i class=\"fa-fusion-box inactive-icon awb-icon-plus\" aria-hidden=\"true\"><\/i><\/span><span class=\"fusion-toggle-heading\">Weitere Informationen<\/span><\/a><\/div><\/div><div id=\"85d356f503b83a28b\" class=\"panel-collapse collapse \" aria-labelledby=\"toggle_85d356f503b83a28b\"><div class=\"panel-body toggle-content fusion-clearfix\">\n<p>Managing Partner von IK Investment Partners, Hamburg &amp; London Nach einem Studium des Maschinenbaus an der Universit\u00e4t Stuttgart und der TU M\u00fcnchen sowie einem Master of Business Administration (M.B.A.) bei INSEAD in Fontainebleau, war Herr Detlef Dinsel zun\u00e4chst f\u00fcr das internationale Strategieberatungsunternehmen Bain &amp; Company Inc. in M\u00fcnchen als Projektleiter und sp\u00e4ter als Mitglied der Gesch\u00e4ftsleitung t\u00e4tig. Im Anschluss arbeitete er als Vice President Corporate Development und Divisionsleiter f\u00fcr die Hilti Gruppe in Liechtenstein und Basel. Danach war er Vorsitzender der Gesch\u00e4ftsleitung eines Schweizer Industrieunternehmens. 1996 wurde er Gesch\u00e4ftsf\u00fchrer eines gro\u00dfen europ\u00e4ischen Buy Out-Fonds mit der Verantwortung f\u00fcr das deutschsprachige Gesch\u00e4ft (D, A, CH). Detlef Dinsel war bis Ende September 2022 Vorsitzender des Aufsichtsrats der Allgeier SE, dem er seit Juni 2001 angeh\u00f6rte, und h\u00e4lt eine signifikante eigene Beteiligung an der Gesellschaft. Im M\u00e4rz 2023 wurde Herr Dinsel wieder in den Aufsichtsrat bestellt. Er ber\u00e4t das Unternehmen in strategischen und operativen Fragestellungen.<\/p>\n<p>Herr Detlef Dinsel geh\u00f6rt den folgenden vergleichbaren in- oder ausl\u00e4ndischen Kontrollgremien in Wirtschaftsunternehmen an: Klingel Medical Group, Pforzheim (Aufsichtsratsmitglied), Studienkreis GmbH, Bochum (Aufsichtsratsmitglied), Alanta Health Group, Hamburg (Beiratsvorsitzender), Winkelmann Group, Ahlen (Beiratsvorsitzender)<\/p>\n<\/div><\/div><\/div><\/div><\/div><\/div><\/div><div class=\"fusion-layout-column fusion_builder_column fusion-builder-column-8 fusion_builder_column_1_2 1_2 fusion-flex-column\" style=\"--awb-bg-size:cover;--awb-width-large:50%;--awb-margin-top-large:0px;--awb-spacing-right-large:3.84%;--awb-margin-bottom-large:1.5rem;--awb-spacing-left-large:3.84%;--awb-width-medium:50%;--awb-order-medium:0;--awb-spacing-right-medium:3.84%;--awb-spacing-left-medium:3.84%;--awb-width-small:100%;--awb-order-small:0;--awb-spacing-right-small:1.92%;--awb-spacing-left-small:1.92%;\"><div class=\"fusion-column-wrapper fusion-column-has-shadow fusion-flex-justify-content-flex-start fusion-content-layout-column\"><div class=\"fusion-title title fusion-title-9 fusion-sep-none fusion-title-text fusion-title-size-three\" style=\"--awb-margin-top:0px;\"><h3 class=\"fusion-title-heading title-heading-left fusion-responsive-typography-calculated\" style=\"margin:0;--fontSize:34;line-height:var(--awb-typography1-line-height);\">Christian Eggenberger<\/h3><\/div><div class=\"fusion-text fusion-text-3 fusion-text-no-margin\" style=\"--awb-font-size:var(--awb-typography3-font-size);--awb-line-height:var(--awb-typography3-line-height);--awb-letter-spacing:var(--awb-typography3-letter-spacing);--awb-text-transform:var(--awb-typography3-text-transform);--awb-margin-bottom:0px;--awb-text-font-family:var(--awb-typography3-font-family);--awb-text-font-weight:var(--awb-typography3-font-weight);--awb-text-font-style:var(--awb-typography3-font-style);\"><p>(Dipl.-Kfm.)<\/p>\n<\/div><div class=\"accordian fusion-accordian\" style=\"--awb-border-size:1px;--awb-icon-size:16px;--awb-content-font-size:var(--awb-typography4-font-size);--awb-icon-alignment:left;--awb-hover-color:var(--awb-color7);--awb-border-color:var(--awb-color6);--awb-background-color:var(--awb-color8);--awb-divider-color:var(--awb-color6);--awb-divider-hover-color:var(--awb-color6);--awb-icon-color:var(--awb-color8);--awb-title-color:var(--awb-color1);--awb-content-color:var(--awb-color1);--awb-icon-box-color:var(--awb-color1);--awb-toggle-hover-accent-color:var(--awb-color4);--awb-title-font-family:var(--awb-typography4-font-family);--awb-title-font-weight:var(--awb-typography4-font-weight);--awb-title-font-style:var(--awb-typography4-font-style);--awb-title-font-size:var(--awb-typography4-font-size);--awb-title-letter-spacing:var(--awb-typography4-letter-spacing);--awb-title-line-height:var(--awb-typography4-line-height);--awb-title-text-transform:var(--awb-typography4-text-transform);--awb-content-font-family:var(--awb-typography4-font-family);--awb-content-font-weight:var(--awb-typography4-font-weight);--awb-content-font-style:var(--awb-typography4-font-style);\"><div class=\"panel-group fusion-toggle-icon-boxed\" id=\"accordion-120-6\"><div class=\"fusion-panel panel-default panel-c1ced68af2bfcacb3 fusion-toggle-has-divider\"><div class=\"panel-heading\"><div class=\"panel-title toggle\" id=\"toggle_c1ced68af2bfcacb3\"><a aria-expanded=\"false\" aria-controls=\"c1ced68af2bfcacb3\" role=\"button\" data-toggle=\"collapse\" data-parent=\"#accordion-120-6\" data-target=\"#c1ced68af2bfcacb3\" href=\"#c1ced68af2bfcacb3\"><span class=\"fusion-toggle-icon-wrapper\" aria-hidden=\"true\"><i class=\"fa-fusion-box active-icon awb-icon-minus\" aria-hidden=\"true\"><\/i><i class=\"fa-fusion-box inactive-icon awb-icon-plus\" aria-hidden=\"true\"><\/i><\/span><span class=\"fusion-toggle-heading\">Weitere Informationen<\/span><\/a><\/div><\/div><div id=\"c1ced68af2bfcacb3\" class=\"panel-collapse collapse \" aria-labelledby=\"toggle_c1ced68af2bfcacb3\"><div class=\"panel-body toggle-content fusion-clearfix\">\n<p>Gesch\u00e4ftsf\u00fchrender Gesellschafter der CHE Consulting GmbH Nach dem Studium der Betriebswirtschaftslehre und Rechtswissenschaften an der Universit\u00e4t St. Gallen (Schweiz) war Herr Christian Eggenberger als Projektleiter f\u00fcr Umstrukturierungen in einer Wirtschaftspr\u00fcfungsgesellschaft t\u00e4tig. Sp\u00e4ter verantwortete er das Corporate Development bei einem Schweizer Industrieunternehmen. Christian Eggenberger stand bis zu dessen Verkauf \u00fcber mehrere Jahre einem mittelst\u00e4ndischen Industriebetrieb vor. Bei Allgeier besetzte er mehrere Positionen im Top-Management (u.a. Mitglied des Vorstands), bevor er im Dezember 2009 Mitglied des Aufsichtsrats der Allgeier SE wurde.<\/p>\n<p>Herr Christian Eggenberger geh\u00f6rt au\u00dferdem den folgenden gesetzlich zu bildenden Aufsichtsr\u00e4ten an: Focus Discount AG, Basel, Schweiz (Verwaltungsratspr\u00e4sident), Focus Beteiligungen AG, Basel, Schweiz (Pr\u00e4sident des Verwaltungsrates), doc.coach AG, Basel, Schweiz (Verwaltungsratsmitglied), Truvis AG, Basel, Schweiz (Verwaltungsratsmitglied), Arvis Solution AG i.L., Kerzers, Schweiz (Verwaltungsratsmitglied), Wininvest AG, Gurmels, Schweiz (Verwaltungsratsmitglied)<\/p>\n<\/div><\/div><\/div><\/div><\/div><\/div><\/div><div class=\"fusion-layout-column fusion_builder_column fusion-builder-column-9 fusion_builder_column_1_2 1_2 fusion-flex-column\" style=\"--awb-bg-size:cover;--awb-width-large:50%;--awb-margin-top-large:0px;--awb-spacing-right-large:3.84%;--awb-margin-bottom-large:1.5rem;--awb-spacing-left-large:3.84%;--awb-width-medium:50%;--awb-order-medium:0;--awb-spacing-right-medium:3.84%;--awb-spacing-left-medium:3.84%;--awb-width-small:100%;--awb-order-small:0;--awb-spacing-right-small:1.92%;--awb-spacing-left-small:1.92%;\"><div class=\"fusion-column-wrapper fusion-column-has-shadow fusion-flex-justify-content-flex-start fusion-content-layout-column\"><div class=\"fusion-title title fusion-title-10 fusion-sep-none fusion-title-text fusion-title-size-three\" style=\"--awb-margin-top:0px;\"><h3 class=\"fusion-title-heading title-heading-left fusion-responsive-typography-calculated\" style=\"margin:0;--fontSize:34;line-height:var(--awb-typography1-line-height);\">Prof. Dr. J\u00f6rg-Andreas Lohr<\/h3><\/div><div class=\"fusion-text fusion-text-4 fusion-text-no-margin\" style=\"--awb-font-size:var(--awb-typography3-font-size);--awb-line-height:var(--awb-typography3-line-height);--awb-letter-spacing:var(--awb-typography3-letter-spacing);--awb-text-transform:var(--awb-typography3-text-transform);--awb-margin-bottom:0px;--awb-text-font-family:var(--awb-typography3-font-family);--awb-text-font-weight:var(--awb-typography3-font-weight);--awb-text-font-style:var(--awb-typography3-font-style);\"><p>(Dipl.-Kfm., Wirtschaftspr\u00fcfer\/Steuerberater)<\/p>\n<\/div><div class=\"accordian fusion-accordian\" style=\"--awb-border-size:1px;--awb-icon-size:16px;--awb-content-font-size:var(--awb-typography4-font-size);--awb-icon-alignment:left;--awb-hover-color:var(--awb-color7);--awb-border-color:var(--awb-color6);--awb-background-color:var(--awb-color8);--awb-divider-color:var(--awb-color6);--awb-divider-hover-color:var(--awb-color6);--awb-icon-color:var(--awb-color8);--awb-title-color:var(--awb-color1);--awb-content-color:var(--awb-color1);--awb-icon-box-color:var(--awb-color1);--awb-toggle-hover-accent-color:var(--awb-color4);--awb-title-font-family:var(--awb-typography4-font-family);--awb-title-font-weight:var(--awb-typography4-font-weight);--awb-title-font-style:var(--awb-typography4-font-style);--awb-title-font-size:var(--awb-typography4-font-size);--awb-title-letter-spacing:var(--awb-typography4-letter-spacing);--awb-title-line-height:var(--awb-typography4-line-height);--awb-title-text-transform:var(--awb-typography4-text-transform);--awb-content-font-family:var(--awb-typography4-font-family);--awb-content-font-weight:var(--awb-typography4-font-weight);--awb-content-font-style:var(--awb-typography4-font-style);\"><div class=\"panel-group fusion-toggle-icon-boxed\" id=\"accordion-120-7\"><div class=\"fusion-panel panel-default panel-36b745c42a116d0a8 fusion-toggle-has-divider\"><div class=\"panel-heading\"><div class=\"panel-title toggle\" id=\"toggle_36b745c42a116d0a8\"><a aria-expanded=\"false\" aria-controls=\"36b745c42a116d0a8\" role=\"button\" data-toggle=\"collapse\" data-parent=\"#accordion-120-7\" data-target=\"#36b745c42a116d0a8\" href=\"#36b745c42a116d0a8\"><span class=\"fusion-toggle-icon-wrapper\" aria-hidden=\"true\"><i class=\"fa-fusion-box active-icon awb-icon-minus\" aria-hidden=\"true\"><\/i><i class=\"fa-fusion-box inactive-icon awb-icon-plus\" aria-hidden=\"true\"><\/i><\/span><span class=\"fusion-toggle-heading\">Weitere Informationen<\/span><\/a><\/div><\/div><div id=\"36b745c42a116d0a8\" class=\"panel-collapse collapse \" aria-labelledby=\"toggle_36b745c42a116d0a8\"><div class=\"panel-body toggle-content fusion-clearfix\">\n<p>Herr Prof. Dr. J\u00f6rg-Andreas Lohr ist Gesch\u00e4ftsf\u00fchrender Gesellschafter der LOHR+COMPANY GmbH Wirtschaftspr\u00fcfungsgesellschaft in D\u00fcsseldorf und Wien. Nach seinem Studium der Betriebswirtschaftslehre an der Universit\u00e4t zu K\u00f6ln promovierte er am Lehrstuhl f\u00fcr Betriebswirtschaftliche Steuerlehre (Prof. Dr. Rose) und ist seit 2007 Honorarprofessor an der Universit\u00e4t zu K\u00f6ln mit dem Schwerpunkt Risikomanagement. Im Jahr 1989 wurde er zum Steuerberater und im Jahr 1991 zum Wirtschaftspr\u00fcfer bestellt. Er begann seine berufliche Laufbahn bei einer Next Ten Wirtschaftspr\u00fcfungsgesellschaft und war dort zuletzt Gesch\u00e4ftsf\u00fchrender Gesellschafter, bis er 2001 LOHR+COMPANY gegr\u00fcndet hat. Herr Prof. Dr. Lohr ist seit vielen Jahren als Wirtschaftspr\u00fcfer b\u00f6rsennotierter Gesellschaften t\u00e4tig und verf\u00fcgt \u00fcber eine ausgesprochene Expertise in allen Fragen der Rechnungslegung und des Risikomanagements. Seit Juni 2024 geh\u00f6rt Herr Prof. Dr. Lohr dem Aufsichtsrat der Allgeier SE an.<\/p>\n<\/div><\/div><\/div><\/div><\/div><\/div><\/div><div class=\"fusion-layout-column fusion_builder_column fusion-builder-column-10 fusion_builder_column_1_2 1_2 fusion-flex-column\" style=\"--awb-bg-size:cover;--awb-width-large:50%;--awb-margin-top-large:0px;--awb-spacing-right-large:3.84%;--awb-margin-bottom-large:1.5rem;--awb-spacing-left-large:3.84%;--awb-width-medium:50%;--awb-order-medium:0;--awb-spacing-right-medium:3.84%;--awb-spacing-left-medium:3.84%;--awb-width-small:100%;--awb-order-small:0;--awb-spacing-right-small:1.92%;--awb-spacing-left-small:1.92%;\"><div class=\"fusion-column-wrapper fusion-column-has-shadow fusion-flex-justify-content-flex-start fusion-content-layout-column\"><div class=\"fusion-title title fusion-title-11 fusion-sep-none fusion-title-text fusion-title-size-three\" style=\"--awb-margin-top:0px;\"><h3 class=\"fusion-title-heading title-heading-left fusion-responsive-typography-calculated\" style=\"margin:0;--fontSize:34;line-height:var(--awb-typography1-line-height);\">Achim Berg<\/h3><\/div><div class=\"fusion-text fusion-text-5 fusion-text-no-margin\" style=\"--awb-font-size:var(--awb-typography3-font-size);--awb-line-height:var(--awb-typography3-line-height);--awb-letter-spacing:var(--awb-typography3-letter-spacing);--awb-text-transform:var(--awb-typography3-text-transform);--awb-margin-bottom:0px;--awb-text-font-family:var(--awb-typography3-font-family);--awb-text-font-weight:var(--awb-typography3-font-weight);--awb-text-font-style:var(--awb-typography3-font-style);\"><p>Operating Partner, Viessmann Generations Group<\/p>\n<\/div><div class=\"accordian fusion-accordian\" style=\"--awb-border-size:1px;--awb-icon-size:16px;--awb-content-font-size:var(--awb-typography4-font-size);--awb-icon-alignment:left;--awb-hover-color:var(--awb-color7);--awb-border-color:var(--awb-color6);--awb-background-color:var(--awb-color8);--awb-divider-color:var(--awb-color6);--awb-divider-hover-color:var(--awb-color6);--awb-icon-color:var(--awb-color8);--awb-title-color:var(--awb-color1);--awb-content-color:var(--awb-color1);--awb-icon-box-color:var(--awb-color1);--awb-toggle-hover-accent-color:var(--awb-color4);--awb-title-font-family:var(--awb-typography4-font-family);--awb-title-font-weight:var(--awb-typography4-font-weight);--awb-title-font-style:var(--awb-typography4-font-style);--awb-title-font-size:var(--awb-typography4-font-size);--awb-title-letter-spacing:var(--awb-typography4-letter-spacing);--awb-title-line-height:var(--awb-typography4-line-height);--awb-title-text-transform:var(--awb-typography4-text-transform);--awb-content-font-family:var(--awb-typography4-font-family);--awb-content-font-weight:var(--awb-typography4-font-weight);--awb-content-font-style:var(--awb-typography4-font-style);\"><div class=\"panel-group fusion-toggle-icon-boxed\" id=\"accordion-120-8\"><div class=\"fusion-panel panel-default panel-2c256feb10466b3ff fusion-toggle-has-divider\"><div class=\"panel-heading\"><div class=\"panel-title toggle\" id=\"toggle_2c256feb10466b3ff\"><a aria-expanded=\"false\" aria-controls=\"2c256feb10466b3ff\" role=\"button\" data-toggle=\"collapse\" data-parent=\"#accordion-120-8\" data-target=\"#2c256feb10466b3ff\" href=\"#2c256feb10466b3ff\"><span class=\"fusion-toggle-icon-wrapper\" aria-hidden=\"true\"><i class=\"fa-fusion-box active-icon awb-icon-minus\" aria-hidden=\"true\"><\/i><i class=\"fa-fusion-box inactive-icon awb-icon-plus\" aria-hidden=\"true\"><\/i><\/span><span class=\"fusion-toggle-heading\">Weitere Informationen<\/span><\/a><\/div><\/div><div id=\"2c256feb10466b3ff\" class=\"panel-collapse collapse \" aria-labelledby=\"toggle_2c256feb10466b3ff\"><div class=\"panel-body toggle-content fusion-clearfix\">\n<p>Herr Achim Berg ist Investor und Operating Partner bei der Viessmann Generations Group und gilt als ausgewiesener Digital-Experte. Parallel dazu ist er in mehreren Aufsichts- und Beir\u00e4ten namhafter Unternehmen aktiv. Vor seinem Einstieg in die neu gegr\u00fcndete Viessmann-Holdinggesellschaft war Herr Berg fast neun Jahre Partner beim US-amerikanischen Wachtumsinvestor General Atlantic. Davor war er Vorstand der Bertelsmann SE und CEO der Arvato AG, einem Dienstleistungsunternehmen mit rund 80.000 Mitarbeitern. Zwischen 2013 und 2017 leitete er als Vorsitzender der Gesch\u00e4ftsf\u00fchrung Microsoft Deutschland und verantwortete anschlie\u00dfend f\u00fcr Microsoft in Seattle global die Vermarktung aller mobilen Betriebssysteme. Zuvor war er f\u00fcnf Jahre Mitglied des Vorstands der Deutsche\u202fTelekom, T\u2011Com, zust\u00e4ndig f\u00fcr alle Vertriebs\u2011 und Marketingaktivit\u00e4ten des Teilkonzerns. Neben seiner operativen Laufbahn engagierte sich Herr Berg von 2017 bis 2023 sechs Jahre lang als Pr\u00e4sident des Branchenverbands BITKOM und war zugleich Vizepr\u00e4sident des Bundesverbandes der Deutschen Industrie (BDI). Herr Berg ist Diplom\u2011Informatiker und absolvierte das European Management Program an der European Economic School. Herr Berg geh\u00f6rt dem Aufsichtsrat der Allgeier SE seit 2025 an.<\/p>\n<p>Herr Achim Berg geh\u00f6rt zudem den folgenden gesetzlich zu bildenden Aufsichtsr\u00e4ten und vergleichbaren in- oder ausl\u00e4ndischen Kontrollgremien in Wirtschaftsunternehmen an: Giesecke+Devrient GmbH, M\u00fcnchen (Aufsichtsratsmitglied), Yoummday GmbH, M\u00fcnchen (Beirat), OneData GmbH, M\u00fcnchen (Beirat), Landefeld GmbH, Kassel (Beirat).<\/p>\n<\/div><\/div><\/div><\/div><\/div><\/div><\/div><div class=\"fusion-layout-column fusion_builder_column fusion-builder-column-11 fusion_builder_column_1_1 1_1 fusion-flex-column\" style=\"--awb-bg-size:cover;--awb-width-large:100%;--awb-margin-top-large:0px;--awb-spacing-right-large:1.92%;--awb-margin-bottom-large:1.5rem;--awb-spacing-left-large:1.92%;--awb-width-medium:100%;--awb-order-medium:0;--awb-spacing-right-medium:1.92%;--awb-spacing-left-medium:1.92%;--awb-width-small:100%;--awb-order-small:0;--awb-spacing-right-small:1.92%;--awb-spacing-left-small:1.92%;\"><div class=\"fusion-column-wrapper fusion-column-has-shadow fusion-flex-justify-content-flex-start fusion-content-layout-column\"><div ><a class=\"fusion-button button-flat fusion-button-default-size button-default fusion-button-default button-1 fusion-button-default-span fusion-button-default-type\" style=\"--awb-margin-top:1rem;\" target=\"_blank\" rel=\"noopener noreferrer\" title=\"Gesch\u00e4ftsordnung f\u00fcr den Aufsichtsrat laden (pdf)\" aria-label=\"Gesch\u00e4ftsordnung f\u00fcr den Aufsichtsrat laden (pdf)\" href=\"https:\/\/allgeier-se.seowerk.net\/wp-content\/uploads\/2025\/09\/Allgeier-SE_Geschaeftsordnung_Aufsichtsrat_September-2025_DE.pdf\"><i class=\"fa-file-pdf fas awb-button__icon awb-button__icon--default button-icon-left\" aria-hidden=\"true\"><\/i><span class=\"fusion-button-text awb-button__text awb-button__text--default\">Gesch\u00e4ftsordnung f\u00fcr den Aufsichtsrat<\/span><\/a><\/div><\/div><\/div><\/div><\/div><\/div><\/p>\n","protected":false},"excerpt":{"rendered":"","protected":false},"author":1,"featured_media":0,"parent":97,"menu_order":0,"comment_status":"closed","ping_status":"closed","template":"100-width.php","meta":{"footnotes":""},"categories":[],"tags":[],"class_list":["post-120","page","type-page","status-publish","hentry"],"_links":{"self":[{"href":"https:\/\/allgeier-se.seowerk.net\/de\/wp-json\/wp\/v2\/pages\/120","targetHints":{"allow":["GET"]}}],"collection":[{"href":"https:\/\/allgeier-se.seowerk.net\/de\/wp-json\/wp\/v2\/pages"}],"about":[{"href":"https:\/\/allgeier-se.seowerk.net\/de\/wp-json\/wp\/v2\/types\/page"}],"author":[{"embeddable":true,"href":"https:\/\/allgeier-se.seowerk.net\/de\/wp-json\/wp\/v2\/users\/1"}],"replies":[{"embeddable":true,"href":"https:\/\/allgeier-se.seowerk.net\/de\/wp-json\/wp\/v2\/comments?post=120"}],"version-history":[{"count":10,"href":"https:\/\/allgeier-se.seowerk.net\/de\/wp-json\/wp\/v2\/pages\/120\/revisions"}],"predecessor-version":[{"id":14321,"href":"https:\/\/allgeier-se.seowerk.net\/de\/wp-json\/wp\/v2\/pages\/120\/revisions\/14321"}],"up":[{"embeddable":true,"href":"https:\/\/allgeier-se.seowerk.net\/de\/wp-json\/wp\/v2\/pages\/97"}],"wp:attachment":[{"href":"https:\/\/allgeier-se.seowerk.net\/de\/wp-json\/wp\/v2\/media?parent=120"}],"wp:term":[{"taxonomy":"category","embeddable":true,"href":"https:\/\/allgeier-se.seowerk.net\/de\/wp-json\/wp\/v2\/categories?post=120"},{"taxonomy":"post_tag","embeddable":true,"href":"https:\/\/allgeier-se.seowerk.net\/de\/wp-json\/wp\/v2\/tags?post=120"}],"curies":[{"name":"wp","href":"https:\/\/api.w.org\/{rel}","templated":true}]}}