{"id":12,"date":"2025-01-10T10:30:30","date_gmt":"2025-01-10T09:30:30","guid":{"rendered":"https:\/\/allgeier-se.seowerk.net\/blog\/"},"modified":"2026-04-09T10:02:38","modified_gmt":"2026-04-09T08:02:38","slug":"news","status":"publish","type":"page","link":"https:\/\/allgeier-se.seowerk.net\/de\/news\/","title":{"rendered":"News"},"content":{"rendered":"<p><div class=\"fusion-fullwidth fullwidth-box fusion-builder-row-1 fusion-flex-container nonhundred-percent-fullwidth non-hundred-percent-height-scrolling\" style=\"--awb-border-color:var(--awb-color6);--awb-border-radius-top-left:0px;--awb-border-radius-top-right:0px;--awb-border-radius-bottom-right:0px;--awb-border-radius-bottom-left:0px;--awb-padding-top:10vmin;--awb-padding-bottom:5vmin;--awb-flex-wrap:wrap;\" ><div class=\"fusion-builder-row fusion-row fusion-flex-align-items-flex-start fusion-flex-content-wrap\" style=\"max-width:1456px;margin-left: calc(-4% \/ 2 );margin-right: calc(-4% \/ 2 );\"><div class=\"fusion-layout-column fusion_builder_column fusion-builder-column-0 fusion_builder_column_2_3 2_3 fusion-flex-column\" style=\"--awb-bg-size:cover;--awb-width-large:66.6666666667%;--awb-margin-top-large:0px;--awb-spacing-right-large:5.76%;--awb-margin-bottom-large:0px;--awb-spacing-left-large:2.88%;--awb-width-medium:66.6666666667%;--awb-order-medium:0;--awb-spacing-right-medium:5.76%;--awb-spacing-left-medium:2.88%;--awb-width-small:100%;--awb-order-small:0;--awb-spacing-right-small:1.92%;--awb-spacing-left-small:1.92%;\"><div class=\"fusion-column-wrapper fusion-column-has-shadow fusion-flex-justify-content-flex-start fusion-content-layout-column\"><div class=\"fusion-post-cards fusion-post-cards-1 fusion-grid-archive fusion-grid-columns-1 fusion-grid-flex-grow news-hero-postcard\" style=\"--awb-column-spacing:0px;--awb-dots-align:center;--awb-columns:1;--awb-active-filter-border-size:3px;--awb-filters-height:36px;--awb-row-spacing:100px;--awb-margin-bottom:0px;\" data-post-type-label=\"beitr\u00e4ge\"><ul class=\"fusion-grid fusion-grid-1 fusion-flex-align-items-flex-start fusion-grid-posts-cards\"><li class=\"fusion-layout-column fusion_builder_column fusion-builder-column-1 fusion-flex-column post-card fusion-grid-column fusion-post-cards-grid-column fusion-sticky\" style=\"--awb-bg-color:var(--awb-color8);--awb-bg-color-hover:var(--awb-color8);--awb-bg-blend:overlay;--awb-bg-size:cover;--awb-flex-grow:0;--awb-flex-shrink:0;--awb-flex-grow-medium:0;--awb-flex-shrink-medium:0;--awb-flex-grow-small:0;--awb-flex-shrink-small:0;\"><div class=\"fusion-column-wrapper fusion-flex-justify-content-flex-start fusion-content-layout-column\"><div class=\"fusion-builder-row fusion-builder-row-inner fusion-row fusion-flex-align-items-flex-start fusion-flex-content-wrap\" style=\"--awb-flex-grow:0;--awb-flex-grow-medium:0;--awb-flex-grow-small:0;--awb-flex-shrink:0;--awb-flex-shrink-medium:0;--awb-flex-shrink-small:0;width:104% !important;max-width:104% !important;margin-left: calc(-4% \/ 2 );margin-right: calc(-4% \/ 2 );\"><div class=\"fusion-layout-column fusion_builder_column_inner fusion-builder-nested-column-0 fusion_builder_column_inner_5_6 5_6 fusion-flex-column\" style=\"--awb-padding-top:1em;--awb-padding-right:1em;--awb-padding-bottom:1em;--awb-padding-left:1em;--awb-bg-size:cover;--awb-width-large:83.3333333333%;--awb-margin-top-large:0px;--awb-spacing-right-large:2.304%;--awb-margin-bottom-large:-110px;--awb-spacing-left-large:2.304%;--awb-width-medium:83.3333333333%;--awb-order-medium:0;--awb-spacing-right-medium:2.304%;--awb-spacing-left-medium:2.304%;--awb-width-small:100%;--awb-order-small:0;--awb-spacing-right-small:1.92%;--awb-spacing-left-small:1.92%;\"><div class=\"fusion-column-wrapper fusion-column-has-shadow fusion-flex-justify-content-flex-start fusion-content-layout-column\"><div class=\"fusion-meta-tb fusion-meta-tb-1 floated\" style=\"--awb-border-bottom:0px;--awb-border-top:0px;--awb-border-left:0px;--awb-border-right:0px;--awb-item-padding-top:1em;--awb-item-padding-bottom:1em;--awb-item-padding-left:2em;--awb-item-padding-right:2em;--awb-height:36px;--awb-text-color:var(--awb-color1);--awb-link-color:var(--awb-color1);--awb-item-background-color:hsla(var(--awb-color5-h),var(--awb-color5-s),var(--awb-color5-l),calc(var(--awb-color5-a) - 30%));--awb-background-color:rgba(98,188,120,0);\"><span class=\"fusion-tb-published-date\">8. April 2026<\/span><span class=\"fusion-meta-tb-sep\"><\/span><span class=\"fusion-tb-categories\"><a href=\"https:\/\/allgeier-se.seowerk.net\/de\/kategorie\/pressemitteilungen\/\" rel=\"category tag\">Pressemitteilungen<\/a><\/span><span class=\"fusion-meta-tb-sep\"><\/span><\/div><\/div><\/div><\/div><div class=\"fusion-classic-product-image-wrapper fusion-woo-product-image fusion-post-card-image fusion-post-card-image-1 has-aspect-ratio\" data-layout=\"static\" style=\"--awb-margin-bottom:15px;--awb-aspect-ratio-position:48% 48%;--awb-aspect-ratio:16 \/ 9;\"><div  class=\"fusion-image-wrapper\" aria-haspopup=\"true\">\n\t\t\t\t\t\t\t<a href=\"https:\/\/allgeier-se.seowerk.net\/de\/pressemitteilungen\/a12-enterprise-ai-low-code-plattform-wird-open-source-bayerisches-landesamt-fuer-steuern-und-mgm-oeffnen-quellcode\/\" aria-label=\"A12 Enterprise AI Low Code-Plattform wird Open Source: Bayerisches Landesamt f\u00fcr Steuern und mgm \u00f6ffnen Quellcode\">\n\t\t\t\t\t\t\t<img decoding=\"async\" width=\"2000\" height=\"1050\" src=\"https:\/\/allgeier-se.seowerk.net\/wp-content\/uploads\/2026\/04\/A12-goes-OSS.jpeg\" class=\"attachment-full size-full lazyload wp-post-image\" alt=\"\" srcset=\"data:image\/svg+xml,%3Csvg%20xmlns%3D%27http%3A%2F%2Fwww.w3.org%2F2000%2Fsvg%27%20width%3D%272000%27%20height%3D%271050%27%20viewBox%3D%270%200%202000%201050%27%3E%3Crect%20width%3D%272000%27%20height%3D%271050%27%20fill-opacity%3D%220%22%2F%3E%3C%2Fsvg%3E\" data-orig-src=\"https:\/\/allgeier-se.seowerk.net\/wp-content\/uploads\/2026\/04\/A12-goes-OSS.jpeg\" data-srcset=\"https:\/\/allgeier-se.seowerk.net\/wp-content\/uploads\/2026\/04\/A12-goes-OSS-200x105.jpeg 200w, https:\/\/allgeier-se.seowerk.net\/wp-content\/uploads\/2026\/04\/A12-goes-OSS-400x210.jpeg 400w, https:\/\/allgeier-se.seowerk.net\/wp-content\/uploads\/2026\/04\/A12-goes-OSS-600x315.jpeg 600w, https:\/\/allgeier-se.seowerk.net\/wp-content\/uploads\/2026\/04\/A12-goes-OSS-800x420.jpeg 800w, https:\/\/allgeier-se.seowerk.net\/wp-content\/uploads\/2026\/04\/A12-goes-OSS-1200x630.jpeg 1200w, https:\/\/allgeier-se.seowerk.net\/wp-content\/uploads\/2026\/04\/A12-goes-OSS.jpeg 2000w\" data-sizes=\"auto\" \/>\t\t\t<\/a>\n\t\t\t\t\t\t\t<\/div>\n<\/div><div class=\"fusion-builder-row fusion-builder-row-inner fusion-row fusion-flex-align-items-flex-start fusion-flex-content-wrap\" style=\"--awb-flex-grow:0;--awb-flex-grow-medium:0;--awb-flex-grow-small:0;--awb-flex-shrink:0;--awb-flex-shrink-medium:0;--awb-flex-shrink-small:0;width:104% !important;max-width:104% !important;margin-left: calc(-4% \/ 2 );margin-right: calc(-4% \/ 2 );\"><div class=\"fusion-layout-column fusion_builder_column_inner fusion-builder-nested-column-1 fusion-flex-column\" style=\"--awb-padding-top:3vmax;--awb-padding-right:3vmax;--awb-padding-bottom:3vmax;--awb-padding-left:3vmax;--awb-padding-top-medium:55px;--awb-padding-right-medium:55px;--awb-padding-left-medium:50px;--awb-padding-top-small:30px;--awb-padding-right-small:30px;--awb-padding-left-small:30px;--awb-bg-image:linear-gradient(45deg, var(--awb-color6) 0%,var(--awb-custom_color_1) 100%);--awb-bg-size:cover;--awb-width-large:87%;--awb-margin-top-large:-6vmax;--awb-spacing-right-large:2.20689655172%;--awb-margin-bottom-large:0px;--awb-spacing-left-large:2.20689655172%;--awb-width-medium:87%;--awb-order-medium:0;--awb-spacing-right-medium:2.20689655172%;--awb-spacing-left-medium:2.20689655172%;--awb-width-small:100%;--awb-order-small:0;--awb-margin-top-small:0;--awb-spacing-right-small:1.92%;--awb-spacing-left-small:1.92%;\"><div class=\"fusion-column-wrapper fusion-column-has-shadow fusion-flex-justify-content-flex-start fusion-content-layout-column\"><div class=\"fusion-title title fusion-title-1 fusion-sep-none fusion-title-text fusion-title-size-two\" style=\"--awb-margin-top:0px;--awb-margin-bottom:0px;--awb-link-color:var(--awb-color1);\"><h2 class=\"fusion-title-heading title-heading-left fusion-responsive-typography-calculated\" style=\"margin:0;--fontSize:42;line-height:var(--awb-typography1-line-height);\"><a href=\"https:\/\/allgeier-se.seowerk.net\/de\/pressemitteilungen\/a12-enterprise-ai-low-code-plattform-wird-open-source-bayerisches-landesamt-fuer-steuern-und-mgm-oeffnen-quellcode\/\" class=\"awb-custom-text-color awb-custom-text-hover-color\" target=\"_self\">A12 Enterprise AI Low Code-Plattform wird Open Source: Bayerisches Landesamt f\u00fcr Steuern und mgm \u00f6ffnen Quellcode<\/a><\/h2><\/div><div class=\"fusion-separator separator-gradient\" style=\"align-self: flex-start;margin-right:auto;margin-top:1.31rem;margin-bottom:2rem;width:100%;max-width:70px;\"><div class=\"fusion-separator-border sep-single sep-solid\" style=\"--awb-height:20px;--awb-amount:20px;--awb-sep-color:var(--awb-color3);border-color:var(--awb-color3);border-top-width:5px;\"><\/div><\/div>\n<div class=\"fusion-text fusion-text-1\" style=\"--awb-margin-right:4vw;\"><p>M\u00fcnchen, 08. April 2026 \u2013\u00a0Die A12 Enterprise AI Low Code-Plattform steht bald Open Source zur Verf\u00fcgung. In enger Abstimmung zwischen dem Bayerischen Landesamt f\u00fcr Steuern und mgm technology partners GmbH erfolgt die \u00d6ffnung des Quellcodes der Plattform. Dieser steht mit dem n\u00e4chsten A12-Release im Mai auf GitHub und openCode unter  [...]<\/p>\n<\/div><div ><a class=\"fusion-button button-flat fusion-button-default-size button-default fusion-button-default button-1 fusion-button-default-span fusion-button-default-type\" target=\"_self\" href=\"https:\/\/allgeier-se.seowerk.net\/de\/pressemitteilungen\/a12-enterprise-ai-low-code-plattform-wird-open-source-bayerisches-landesamt-fuer-steuern-und-mgm-oeffnen-quellcode\/\"><span class=\"fusion-button-text awb-button__text awb-button__text--default\">Weiterlesen<\/span><i class=\"fa-angle-right fas awb-button__icon awb-button__icon--default button-icon-right\" aria-hidden=\"true\"><\/i><\/a><\/div><\/div><\/div><\/div><\/div><div class=\"fusion-separator fusion-full-width-sep fusion-absolute-separator fusion-align-center\" style=\"width:100%;max-width:100%;\"><div class=\"fusion-separator-border sep-single sep-solid\" style=\"--awb-height:20px;--awb-amount:20px;border-color:var(--awb-color6);border-top-width:0px;\"><\/div><\/div><\/li>\n<li class=\"fusion-layout-column fusion_builder_column fusion-builder-column-2 fusion-flex-column post-card fusion-grid-column fusion-post-cards-grid-column fusion-sticky\" style=\"--awb-bg-color:var(--awb-color8);--awb-bg-color-hover:var(--awb-color8);--awb-bg-blend:overlay;--awb-bg-size:cover;--awb-flex-grow:0;--awb-flex-shrink:0;--awb-flex-grow-medium:0;--awb-flex-shrink-medium:0;--awb-flex-grow-small:0;--awb-flex-shrink-small:0;\"><div class=\"fusion-column-wrapper fusion-flex-justify-content-flex-start fusion-content-layout-column\"><div class=\"fusion-builder-row fusion-builder-row-inner fusion-row fusion-flex-align-items-flex-start fusion-flex-content-wrap\" style=\"--awb-flex-grow:0;--awb-flex-grow-medium:0;--awb-flex-grow-small:0;--awb-flex-shrink:0;--awb-flex-shrink-medium:0;--awb-flex-shrink-small:0;width:104% !important;max-width:104% !important;margin-left: calc(-4% \/ 2 );margin-right: calc(-4% \/ 2 );\"><div class=\"fusion-layout-column fusion_builder_column_inner fusion-builder-nested-column-2 fusion_builder_column_inner_5_6 5_6 fusion-flex-column\" style=\"--awb-padding-top:1em;--awb-padding-right:1em;--awb-padding-bottom:1em;--awb-padding-left:1em;--awb-bg-size:cover;--awb-width-large:83.3333333333%;--awb-margin-top-large:0px;--awb-spacing-right-large:2.304%;--awb-margin-bottom-large:-110px;--awb-spacing-left-large:2.304%;--awb-width-medium:83.3333333333%;--awb-order-medium:0;--awb-spacing-right-medium:2.304%;--awb-spacing-left-medium:2.304%;--awb-width-small:100%;--awb-order-small:0;--awb-spacing-right-small:1.92%;--awb-spacing-left-small:1.92%;\"><div class=\"fusion-column-wrapper fusion-column-has-shadow fusion-flex-justify-content-flex-start fusion-content-layout-column\"><div class=\"fusion-meta-tb fusion-meta-tb-2 floated\" style=\"--awb-border-bottom:0px;--awb-border-top:0px;--awb-border-left:0px;--awb-border-right:0px;--awb-item-padding-top:1em;--awb-item-padding-bottom:1em;--awb-item-padding-left:2em;--awb-item-padding-right:2em;--awb-height:36px;--awb-text-color:var(--awb-color1);--awb-link-color:var(--awb-color1);--awb-item-background-color:hsla(var(--awb-color5-h),var(--awb-color5-s),var(--awb-color5-l),calc(var(--awb-color5-a) - 30%));--awb-background-color:rgba(98,188,120,0);\"><span class=\"fusion-tb-published-date\">30. Juli 2025<\/span><span class=\"fusion-meta-tb-sep\"><\/span><span class=\"fusion-tb-categories\"><a href=\"https:\/\/allgeier-se.seowerk.net\/de\/kategorie\/pressemitteilungen\/\" rel=\"category tag\">Pressemitteilungen<\/a><\/span><span class=\"fusion-meta-tb-sep\"><\/span><\/div><\/div><\/div><\/div><div class=\"fusion-classic-product-image-wrapper fusion-woo-product-image fusion-post-card-image fusion-post-card-image-1 has-aspect-ratio\" data-layout=\"static\" style=\"--awb-margin-bottom:15px;--awb-aspect-ratio-position:48% 48%;--awb-aspect-ratio:16 \/ 9;\"><div  class=\"fusion-image-wrapper\" aria-haspopup=\"true\">\n\t\t\t\t\t\t\t<a href=\"https:\/\/allgeier-se.seowerk.net\/de\/pressemitteilungen\/gemeinsam-staerker-im-digital-commerce-ecube-wird-teil-von-mgm\/\" aria-label=\"Gemeinsam st\u00e4rker im Digital Commerce \u2013 eCube wird Teil von mgm\">\n\t\t\t\t\t\t\t<img decoding=\"async\" width=\"1024\" height=\"553\" src=\"https:\/\/allgeier-se.seowerk.net\/wp-content\/uploads\/2025\/07\/mgm_eCube_Unterzeichnung.jpg\" class=\"attachment-full size-full lazyload wp-post-image\" alt=\"\" srcset=\"data:image\/svg+xml,%3Csvg%20xmlns%3D%27http%3A%2F%2Fwww.w3.org%2F2000%2Fsvg%27%20width%3D%271024%27%20height%3D%27553%27%20viewBox%3D%270%200%201024%20553%27%3E%3Crect%20width%3D%271024%27%20height%3D%27553%27%20fill-opacity%3D%220%22%2F%3E%3C%2Fsvg%3E\" data-orig-src=\"https:\/\/allgeier-se.seowerk.net\/wp-content\/uploads\/2025\/07\/mgm_eCube_Unterzeichnung.jpg\" data-srcset=\"https:\/\/allgeier-se.seowerk.net\/wp-content\/uploads\/2025\/07\/mgm_eCube_Unterzeichnung-200x108.jpg 200w, https:\/\/allgeier-se.seowerk.net\/wp-content\/uploads\/2025\/07\/mgm_eCube_Unterzeichnung-400x216.jpg 400w, https:\/\/allgeier-se.seowerk.net\/wp-content\/uploads\/2025\/07\/mgm_eCube_Unterzeichnung-600x324.jpg 600w, https:\/\/allgeier-se.seowerk.net\/wp-content\/uploads\/2025\/07\/mgm_eCube_Unterzeichnung-800x432.jpg 800w, https:\/\/allgeier-se.seowerk.net\/wp-content\/uploads\/2025\/07\/mgm_eCube_Unterzeichnung.jpg 1024w\" data-sizes=\"auto\" \/>\t\t\t<\/a>\n\t\t\t\t\t\t\t<\/div>\n<\/div><div class=\"fusion-builder-row fusion-builder-row-inner fusion-row fusion-flex-align-items-flex-start fusion-flex-content-wrap\" style=\"--awb-flex-grow:0;--awb-flex-grow-medium:0;--awb-flex-grow-small:0;--awb-flex-shrink:0;--awb-flex-shrink-medium:0;--awb-flex-shrink-small:0;width:104% !important;max-width:104% !important;margin-left: calc(-4% \/ 2 );margin-right: calc(-4% \/ 2 );\"><div class=\"fusion-layout-column fusion_builder_column_inner fusion-builder-nested-column-3 fusion-flex-column\" style=\"--awb-padding-top:3vmax;--awb-padding-right:3vmax;--awb-padding-bottom:3vmax;--awb-padding-left:3vmax;--awb-padding-top-medium:55px;--awb-padding-right-medium:55px;--awb-padding-left-medium:50px;--awb-padding-top-small:30px;--awb-padding-right-small:30px;--awb-padding-left-small:30px;--awb-bg-image:linear-gradient(45deg, var(--awb-color6) 0%,var(--awb-custom_color_1) 100%);--awb-bg-size:cover;--awb-width-large:87%;--awb-margin-top-large:-6vmax;--awb-spacing-right-large:2.20689655172%;--awb-margin-bottom-large:0px;--awb-spacing-left-large:2.20689655172%;--awb-width-medium:87%;--awb-order-medium:0;--awb-spacing-right-medium:2.20689655172%;--awb-spacing-left-medium:2.20689655172%;--awb-width-small:100%;--awb-order-small:0;--awb-margin-top-small:0;--awb-spacing-right-small:1.92%;--awb-spacing-left-small:1.92%;\"><div class=\"fusion-column-wrapper fusion-column-has-shadow fusion-flex-justify-content-flex-start fusion-content-layout-column\"><div class=\"fusion-title title fusion-title-2 fusion-sep-none fusion-title-text fusion-title-size-two\" style=\"--awb-margin-top:0px;--awb-margin-bottom:0px;--awb-link-color:var(--awb-color1);\"><h2 class=\"fusion-title-heading title-heading-left fusion-responsive-typography-calculated\" style=\"margin:0;--fontSize:42;line-height:var(--awb-typography1-line-height);\"><a href=\"https:\/\/allgeier-se.seowerk.net\/de\/pressemitteilungen\/gemeinsam-staerker-im-digital-commerce-ecube-wird-teil-von-mgm\/\" class=\"awb-custom-text-color awb-custom-text-hover-color\" target=\"_self\">Gemeinsam st\u00e4rker im Digital Commerce \u2013 eCube wird Teil von mgm<\/a><\/h2><\/div><div class=\"fusion-separator separator-gradient\" style=\"align-self: flex-start;margin-right:auto;margin-top:1.31rem;margin-bottom:2rem;width:100%;max-width:70px;\"><div class=\"fusion-separator-border sep-single sep-solid\" style=\"--awb-height:20px;--awb-amount:20px;--awb-sep-color:var(--awb-color3);border-color:var(--awb-color3);border-top-width:5px;\"><\/div><\/div>\n<div class=\"fusion-text fusion-text-2\" style=\"--awb-margin-right:4vw;\"><p>M\u00fcnchen, 30. Juli 2025 \u2013\u00a0Zum 1. August 2025 wird das internationale Softwareunternehmen mgm technology partners GmbH das auf Commerce-Technologien spezialisierte Softwareunternehmen eCube GmbH \u00fcbernehmen. Der Betriebs\u00fcbergang markiert einen wichtigen Schritt in einer langj\u00e4hrigen, freundschaftlichen Partnerschaft \u2013 und er\u00f6ffnet neue Potenziale f\u00fcr Kunden und Teams. Partnerschaft mit Geschichte und Zukunft mgm  [...]<\/p>\n<\/div><div ><a class=\"fusion-button button-flat fusion-button-default-size button-default fusion-button-default button-2 fusion-button-default-span fusion-button-default-type\" target=\"_self\" href=\"https:\/\/allgeier-se.seowerk.net\/de\/pressemitteilungen\/gemeinsam-staerker-im-digital-commerce-ecube-wird-teil-von-mgm\/\"><span class=\"fusion-button-text awb-button__text awb-button__text--default\">Weiterlesen<\/span><i class=\"fa-angle-right fas awb-button__icon awb-button__icon--default button-icon-right\" aria-hidden=\"true\"><\/i><\/a><\/div><\/div><\/div><\/div><\/div><div class=\"fusion-separator fusion-full-width-sep fusion-absolute-separator fusion-align-center\" style=\"width:100%;max-width:100%;\"><div class=\"fusion-separator-border sep-single sep-solid\" style=\"--awb-height:20px;--awb-amount:20px;border-color:var(--awb-color6);border-top-width:0px;\"><\/div><\/div><\/li>\n<\/ul><\/div><\/div><\/div><div class=\"fusion-layout-column fusion_builder_column fusion-builder-column-3 fusion_builder_column_1_3 1_3 fusion-flex-column\" style=\"--awb-padding-top:1.3em;--awb-padding-right:1.6em;--awb-padding-bottom:1em;--awb-padding-left:1.6em;--awb-bg-color:var(--awb-custom_color_1);--awb-bg-color-hover:var(--awb-custom_color_1);--awb-bg-image:linear-gradient(45deg, var(--awb-color6) 0%,var(--awb-custom_color_1) 100%);--awb-bg-size:cover;--awb-border-color:hsla(var(--awb-color3-h),var(--awb-color3-s),var(--awb-color3-l),calc(var(--awb-color3-a) - 50%));--awb-border-style:solid;--awb-width-large:33.3333333333%;--awb-flex-grow:0;--awb-flex-shrink:0;--awb-margin-top-large:0px;--awb-spacing-right-large:5.76%;--awb-margin-bottom-large:1.5rem;--awb-spacing-left-large:5.76%;--awb-width-medium:33.3333333333%;--awb-order-medium:0;--awb-flex-grow-medium:0;--awb-flex-shrink-medium:0;--awb-spacing-right-medium:5.76%;--awb-spacing-left-medium:5.76%;--awb-width-small:100%;--awb-order-small:0;--awb-flex-grow-small:0;--awb-flex-shrink-small:0;--awb-spacing-right-small:1.92%;--awb-spacing-left-small:1.92%;\"><div class=\"fusion-column-wrapper fusion-column-has-shadow fusion-flex-justify-content-flex-start fusion-content-layout-column\"><div class=\"fusion-title title fusion-title-3 fusion-sep-none fusion-title-text fusion-title-size-five\" style=\"--awb-margin-bottom:30px;\"><h5 class=\"fusion-title-heading title-heading-left fusion-responsive-typography-calculated\" style=\"margin:0;--fontSize:23;line-height:var(--awb-typography1-line-height);\">Ad hoc-Mitteilungen<\/h5><\/div><div class=\"fusion-post-cards fusion-post-cards-2 fusion-grid-archive fusion-grid-columns-1 fusion-grid-flex-grow\" style=\"--awb-column-spacing:0px;--awb-columns:1;--awb-row-spacing:50px;--awb-margin-bottom:0px;\" data-post-type-label=\"beitr\u00e4ge\"><ul class=\"fusion-grid fusion-grid-1 fusion-flex-align-items-flex-start fusion-grid-posts-cards\"><li class=\"fusion-layout-column fusion_builder_column fusion-builder-column-4 fusion-flex-column post-card fusion-grid-column fusion-post-cards-grid-column\" style=\"--awb-bg-blend:overlay;--awb-bg-size:cover;--awb-flex-grow:0;--awb-flex-shrink:0;--awb-flex-grow-medium:0;--awb-flex-shrink-medium:0;--awb-flex-grow-small:0;--awb-flex-shrink-small:0;\"><div class=\"fusion-column-wrapper fusion-flex-justify-content-flex-start fusion-content-layout-column\"><div class=\"fusion-text fusion-text-3 fusion-text-no-margin\" style=\"--awb-font-size:13px;--awb-margin-bottom:5px;\"><p>26. M\u00e4rz 2026<\/p>\n<\/div><div class=\"fusion-title title fusion-title-4 fusion-sep-none fusion-title-text fusion-title-size-paragraph\" style=\"--awb-font-size:var(--awb-typography4-font-size);\"><p class=\"fusion-title-heading title-heading-left title-heading-tag fusion-responsive-typography-calculated\" style=\"font-family:var(--awb-typography4-font-family);font-weight:var(--awb-typography4-font-weight);font-style:var(--awb-typography4-font-style);letter-spacing:var(--awb-typography4-letter-spacing);text-transform:var(--awb-typography4-text-transform);font-size:1em;--fontSize:18;--minFontSize:18;line-height:var(--awb-typography4-line-height);\"><a href=\"https:\/\/allgeier-se.seowerk.net\/de\/ad-hoc-mitteilungen\/allgeier-se-allgeier-meets-its-earnings-guidance-for-2025-and-is-strengthening-its-focus-on-ai-based-platform-technologies-and-software-solutions\/\" class=\"awb-custom-text-color awb-custom-text-hover-color\" target=\"_self\">Allgeier SE: Allgeier meets its earnings guidance for 2025 and is strengthening its focus on AI-based platform technologies and software solutions<\/a><\/p><\/div><div ><a class=\"fusion-button button-flat fusion-button-default-size button-default fusion-button-default button-3 fusion-button-default-span fusion-button-default-type\" style=\"--button_text_transform:var(--awb-typography5-text-transform);--button_font_size:var(--awb-typography5-font-size);--button_line_height:var(--awb-typography5-line-height);--button_typography-letter-spacing:var(--awb-typography5-letter-spacing);--button_typography-font-family:var(--awb-typography5-font-family);--button_typography-font-weight:var(--awb-typography5-font-weight);--button_typography-font-style:var(--awb-typography5-font-style);\" target=\"_self\" data-hover=\"bg_slide_right\" href=\"https:\/\/allgeier-se.seowerk.net\/de\/ad-hoc-mitteilungen\/allgeier-se-allgeier-meets-its-earnings-guidance-for-2025-and-is-strengthening-its-focus-on-ai-based-platform-technologies-and-software-solutions\/\"><span class=\"fusion-button-text awb-button__text awb-button__text--default\">Mehr<\/span><i class=\"fa-angle-right fas awb-button__icon awb-button__icon--default button-icon-right\" aria-hidden=\"true\"><\/i><\/a><\/div><\/div><div class=\"fusion-separator fusion-full-width-sep fusion-absolute-separator fusion-align-left fusion-single-px\" style=\"width:100%;max-width:100%;\"><div class=\"fusion-separator-border sep-single sep-solid\" style=\"--awb-height:20px;--awb-amount:20px;--awb-sep-color:hsla(var(--awb-color3-h),var(--awb-color3-s),var(--awb-color3-l),calc(var(--awb-color3-a) - 50%));border-color:hsla(var(--awb-color3-h),var(--awb-color3-s),var(--awb-color3-l),calc(var(--awb-color3-a) - 50%));border-top-width:1px;\"><\/div><\/div><\/li>\n<li class=\"fusion-layout-column fusion_builder_column fusion-builder-column-5 fusion-flex-column post-card fusion-grid-column fusion-post-cards-grid-column\" style=\"--awb-bg-blend:overlay;--awb-bg-size:cover;--awb-flex-grow:0;--awb-flex-shrink:0;--awb-flex-grow-medium:0;--awb-flex-shrink-medium:0;--awb-flex-grow-small:0;--awb-flex-shrink-small:0;\"><div class=\"fusion-column-wrapper fusion-flex-justify-content-flex-start fusion-content-layout-column\"><div class=\"fusion-text fusion-text-4 fusion-text-no-margin\" style=\"--awb-font-size:13px;--awb-margin-bottom:5px;\"><p>26. M\u00e4rz 2026<\/p>\n<\/div><div class=\"fusion-title title fusion-title-5 fusion-sep-none fusion-title-text fusion-title-size-paragraph\" style=\"--awb-font-size:var(--awb-typography4-font-size);\"><p class=\"fusion-title-heading title-heading-left title-heading-tag fusion-responsive-typography-calculated\" style=\"font-family:var(--awb-typography4-font-family);font-weight:var(--awb-typography4-font-weight);font-style:var(--awb-typography4-font-style);letter-spacing:var(--awb-typography4-letter-spacing);text-transform:var(--awb-typography4-text-transform);font-size:1em;--fontSize:18;--minFontSize:18;line-height:var(--awb-typography4-line-height);\"><a href=\"https:\/\/allgeier-se.seowerk.net\/de\/ad-hoc-mitteilungen\/allgeier-se-allgeier-erreicht-die-ergebnis-guidance-fuer-2025-und-verstaerkt-die-fokussierung-auf-ki-basierte-plattformtechnologien-und-softwareloesungen\/\" class=\"awb-custom-text-color awb-custom-text-hover-color\" target=\"_self\">Allgeier SE: Allgeier erreicht die Ergebnis-Guidance f\u00fcr 2025 und verst\u00e4rkt die Fokussierung auf KI\u2011basierte Plattformtechnologien und Softwarel\u00f6sungen<\/a><\/p><\/div><div ><a class=\"fusion-button button-flat fusion-button-default-size button-default fusion-button-default button-4 fusion-button-default-span fusion-button-default-type\" style=\"--button_text_transform:var(--awb-typography5-text-transform);--button_font_size:var(--awb-typography5-font-size);--button_line_height:var(--awb-typography5-line-height);--button_typography-letter-spacing:var(--awb-typography5-letter-spacing);--button_typography-font-family:var(--awb-typography5-font-family);--button_typography-font-weight:var(--awb-typography5-font-weight);--button_typography-font-style:var(--awb-typography5-font-style);\" target=\"_self\" data-hover=\"bg_slide_right\" href=\"https:\/\/allgeier-se.seowerk.net\/de\/ad-hoc-mitteilungen\/allgeier-se-allgeier-erreicht-die-ergebnis-guidance-fuer-2025-und-verstaerkt-die-fokussierung-auf-ki-basierte-plattformtechnologien-und-softwareloesungen\/\"><span class=\"fusion-button-text awb-button__text awb-button__text--default\">Mehr<\/span><i class=\"fa-angle-right fas awb-button__icon awb-button__icon--default button-icon-right\" aria-hidden=\"true\"><\/i><\/a><\/div><\/div><div class=\"fusion-separator fusion-full-width-sep fusion-absolute-separator fusion-align-left fusion-single-px\" style=\"width:100%;max-width:100%;\"><div class=\"fusion-separator-border sep-single sep-solid\" style=\"--awb-height:20px;--awb-amount:20px;--awb-sep-color:hsla(var(--awb-color3-h),var(--awb-color3-s),var(--awb-color3-l),calc(var(--awb-color3-a) - 50%));border-color:hsla(var(--awb-color3-h),var(--awb-color3-s),var(--awb-color3-l),calc(var(--awb-color3-a) - 50%));border-top-width:1px;\"><\/div><\/div><\/li>\n<li class=\"fusion-layout-column fusion_builder_column fusion-builder-column-6 fusion-flex-column post-card fusion-grid-column fusion-post-cards-grid-column\" style=\"--awb-bg-blend:overlay;--awb-bg-size:cover;--awb-flex-grow:0;--awb-flex-shrink:0;--awb-flex-grow-medium:0;--awb-flex-shrink-medium:0;--awb-flex-grow-small:0;--awb-flex-shrink-small:0;\"><div class=\"fusion-column-wrapper fusion-flex-justify-content-flex-start fusion-content-layout-column\"><div class=\"fusion-text fusion-text-5 fusion-text-no-margin\" style=\"--awb-font-size:13px;--awb-margin-bottom:5px;\"><p>18. Dezember 2025<\/p>\n<\/div><div class=\"fusion-title title fusion-title-6 fusion-sep-none fusion-title-text fusion-title-size-paragraph\" style=\"--awb-font-size:var(--awb-typography4-font-size);\"><p class=\"fusion-title-heading title-heading-left title-heading-tag fusion-responsive-typography-calculated\" style=\"font-family:var(--awb-typography4-font-family);font-weight:var(--awb-typography4-font-weight);font-style:var(--awb-typography4-font-style);letter-spacing:var(--awb-typography4-letter-spacing);text-transform:var(--awb-typography4-text-transform);font-size:1em;--fontSize:18;--minFontSize:18;line-height:var(--awb-typography4-line-height);\"><a href=\"https:\/\/allgeier-se.seowerk.net\/de\/ad-hoc-mitteilungen\/allgeier-se-guidance-fuer-das-geschaeftsjahr-2026-und-aktienrueckkauf\/\" class=\"awb-custom-text-color awb-custom-text-hover-color\" target=\"_self\">Allgeier SE: Guidance f\u00fcr das Gesch\u00e4ftsjahr 2026 und Aktienr\u00fcckkauf<\/a><\/p><\/div><div ><a class=\"fusion-button button-flat fusion-button-default-size button-default fusion-button-default button-5 fusion-button-default-span fusion-button-default-type\" style=\"--button_text_transform:var(--awb-typography5-text-transform);--button_font_size:var(--awb-typography5-font-size);--button_line_height:var(--awb-typography5-line-height);--button_typography-letter-spacing:var(--awb-typography5-letter-spacing);--button_typography-font-family:var(--awb-typography5-font-family);--button_typography-font-weight:var(--awb-typography5-font-weight);--button_typography-font-style:var(--awb-typography5-font-style);\" target=\"_self\" data-hover=\"bg_slide_right\" href=\"https:\/\/allgeier-se.seowerk.net\/de\/ad-hoc-mitteilungen\/allgeier-se-guidance-fuer-das-geschaeftsjahr-2026-und-aktienrueckkauf\/\"><span class=\"fusion-button-text awb-button__text awb-button__text--default\">Mehr<\/span><i class=\"fa-angle-right fas awb-button__icon awb-button__icon--default button-icon-right\" aria-hidden=\"true\"><\/i><\/a><\/div><\/div><div class=\"fusion-separator fusion-full-width-sep fusion-absolute-separator fusion-align-left fusion-single-px\" style=\"width:100%;max-width:100%;\"><div class=\"fusion-separator-border sep-single sep-solid\" style=\"--awb-height:20px;--awb-amount:20px;--awb-sep-color:hsla(var(--awb-color3-h),var(--awb-color3-s),var(--awb-color3-l),calc(var(--awb-color3-a) - 50%));border-color:hsla(var(--awb-color3-h),var(--awb-color3-s),var(--awb-color3-l),calc(var(--awb-color3-a) - 50%));border-top-width:1px;\"><\/div><\/div><\/li>\n<\/ul><\/div><\/div><\/div><\/div><\/div><div class=\"fusion-fullwidth fullwidth-box fusion-builder-row-2 fusion-flex-container nonhundred-percent-fullwidth non-hundred-percent-height-scrolling\" style=\"--awb-border-color:var(--awb-color8);--awb-border-radius-top-left:0px;--awb-border-radius-top-right:0px;--awb-border-radius-bottom-right:0px;--awb-border-radius-bottom-left:0px;--awb-padding-top:5vmin;--awb-padding-bottom:5vmin;--awb-padding-top-small:60px;--awb-padding-bottom-small:60px;--awb-background-color:var(--awb-custom_color_1);--awb-flex-wrap:wrap;\" ><div class=\"fusion-builder-row fusion-row fusion-flex-align-items-flex-start fusion-flex-content-wrap\" style=\"max-width:1456px;margin-left: calc(-4% \/ 2 );margin-right: calc(-4% \/ 2 );\"><div class=\"fusion-layout-column fusion_builder_column fusion-builder-column-7 fusion_builder_column_1_1 1_1 fusion-flex-column\" style=\"--awb-bg-size:cover;--awb-width-large:100%;--awb-flex-grow:0;--awb-flex-shrink:0;--awb-margin-top-large:0px;--awb-spacing-right-large:1.92%;--awb-margin-bottom-large:0px;--awb-spacing-left-large:1.92%;--awb-width-medium:100%;--awb-order-medium:0;--awb-flex-grow-medium:0;--awb-flex-shrink-medium:0;--awb-spacing-right-medium:1.92%;--awb-spacing-left-medium:1.92%;--awb-width-small:100%;--awb-order-small:0;--awb-flex-grow-small:0;--awb-flex-shrink-small:0;--awb-spacing-right-small:1.92%;--awb-spacing-left-small:1.92%;\"><div class=\"fusion-column-wrapper fusion-column-has-shadow fusion-flex-justify-content-flex-start fusion-content-layout-column\"><div class=\"fusion-title title fusion-title-7 fusion-sep-none fusion-title-text fusion-title-size-two\" style=\"--awb-margin-top:0px;\"><h2 class=\"fusion-title-heading title-heading-left fusion-responsive-typography-calculated\" style=\"margin:0;--fontSize:42;line-height:var(--awb-typography1-line-height);\">Unternehmensnachrichten<\/h2><\/div><div class=\"fusion-separator separator-gradient\" style=\"align-self: flex-start;margin-right:auto;margin-top:1.31rem;margin-bottom:2rem;width:100%;max-width:70px;\"><div class=\"fusion-separator-border sep-single sep-solid\" style=\"--awb-height:20px;--awb-amount:20px;--awb-sep-color:var(--awb-color3);border-color:var(--awb-color3);border-top-width:5px;\"><\/div><\/div>\n<div class=\"fusion-post-cards fusion-post-cards-3 awb-carousel awb-swiper awb-swiper-carousel awb-swiper-dots-position-below\" style=\"--awb-dots-color:hsla(var(--awb-color2-h),var(--awb-color2-s),var(--awb-color2-l),calc(var(--awb-color2-a) - 30%));--awb-dots-active-color:var(--awb-color3);--awb-dots-size:14px;--awb-dots-active-size:14px;--awb-dots-spacing:6px;--awb-dots-margin-top:1em;--awb-dots-align:center;--awb-row-spacing:50px;\" data-post-type-label=\"beitr\u00e4ge\" data-autoplay=\"no\" data-autoplayspeed=\"7000\" data-autoplaypause=\"no\" data-loop=\"yes\" data-columns=\"4\" data-columnsmedium=\"0\" data-columnssmall=\"0\" data-itemmargin=\"40\" data-itemwidth=\"180\" data-touchscroll=\"no\" data-freemode=\"no\" data-imagesize=\"auto\" data-mousepointer=\"default\" data-layout=\"carousel\" data-centeredslides=\"no\" data-shadow=\"no\" data-speed=\"500\" data-rotationangle=\"50\" data-depth=\"100\"><div class=\"swiper-wrapper fusion-flex-align-items-flex-start fusion-grid-container-load-more\"><div class=\"fusion_builder_column fusion-builder-column-8 fusion-flex-column post-card swiper-slide fusion-sticky\" style=\"--awb-padding-top:.6em;--awb-padding-right:1em;--awb-padding-bottom:.8em;--awb-padding-left:1em;--awb-bg-color:var(--awb-color6);--awb-bg-color-hover:var(--awb-color6);--awb-bg-image:linear-gradient(20deg, hsla(var(--awb-color5-h),calc(var(--awb-color5-s) - 20%),var(--awb-color5-l),calc(var(--awb-color5-a) - 50%)) 0%,hsla(var(--awb-color6-h),calc(var(--awb-color6-s) - 20%),var(--awb-color6-l),var(--awb-color6-a)) 75%);--awb-bg-blend:overlay;--awb-bg-size:cover;--awb-border-color:hsla(var(--awb-color2-h),var(--awb-color2-s),var(--awb-color2-l),calc(var(--awb-color2-a) - 90%));--awb-border-top:0;--awb-border-right:0;--awb-border-bottom:0;--awb-border-left:0;--awb-flex-grow:0;--awb-flex-shrink:0;--awb-flex-grow-medium:0;--awb-flex-shrink-medium:0;--awb-flex-grow-small:0;--awb-flex-shrink-small:0;\"><div class=\"fusion-column-wrapper fusion-column-has-shadow fusion-flex-justify-content-flex-start fusion-content-layout-column fusion-carousel-item-wrapper\"><div class=\"fusion-meta-tb fusion-meta-tb-3 floated\" style=\"--awb-border-bottom:0px;--awb-border-top:0px;--awb-border-left:0px;--awb-border-right:0px;--awb-height:36px;--awb-margin-top:0px;--awb-padding-top:0px;--awb-alignment-medium:flex-start;--awb-alignment-small:flex-start;\"><span class=\"fusion-tb-published-date\">8. April 2026<\/span><span class=\"fusion-meta-tb-sep\">|<\/span><span class=\"fusion-tb-categories\"><a href=\"https:\/\/allgeier-se.seowerk.net\/de\/kategorie\/pressemitteilungen\/\" rel=\"category tag\">Pressemitteilungen<\/a><\/span><span class=\"fusion-meta-tb-sep\">|<\/span><\/div><div class=\"fusion-title title fusion-title-8 fusion-sep-none fusion-title-text fusion-title-size-paragraph\" style=\"--awb-margin-top:0px;--awb-margin-bottom:0px;--awb-font-size:var(--awb-typography3-font-size);\"><p class=\"fusion-title-heading title-heading-left title-heading-tag fusion-responsive-typography-calculated\" style=\"font-family:var(--awb-typography3-font-family);font-weight:var(--awb-typography3-font-weight);font-style:var(--awb-typography3-font-style);margin:0;letter-spacing:var(--awb-typography3-letter-spacing);text-transform:var(--awb-typography3-text-transform);font-size:1em;--fontSize:24;line-height:var(--awb-typography3-line-height);\"><a href=\"https:\/\/allgeier-se.seowerk.net\/de\/pressemitteilungen\/a12-enterprise-ai-low-code-plattform-wird-open-source-bayerisches-landesamt-fuer-steuern-und-mgm-oeffnen-quellcode\/\" class=\"awb-custom-text-color awb-custom-text-hover-color\" target=\"_self\">A12 Enterprise AI Low Code-Plattform wird Open Source: Bayerisches Landesamt f\u00fcr Steuern und mgm \u00f6ffnen Quellcode<\/a><\/p><\/div><\/div><\/div>\n<div class=\"fusion_builder_column fusion-builder-column-9 fusion-flex-column post-card swiper-slide fusion-sticky\" style=\"--awb-padding-top:.6em;--awb-padding-right:1em;--awb-padding-bottom:.8em;--awb-padding-left:1em;--awb-bg-color:var(--awb-color6);--awb-bg-color-hover:var(--awb-color6);--awb-bg-image:linear-gradient(20deg, hsla(var(--awb-color5-h),calc(var(--awb-color5-s) - 20%),var(--awb-color5-l),calc(var(--awb-color5-a) - 50%)) 0%,hsla(var(--awb-color6-h),calc(var(--awb-color6-s) - 20%),var(--awb-color6-l),var(--awb-color6-a)) 75%);--awb-bg-blend:overlay;--awb-bg-size:cover;--awb-border-color:hsla(var(--awb-color2-h),var(--awb-color2-s),var(--awb-color2-l),calc(var(--awb-color2-a) - 90%));--awb-border-top:0;--awb-border-right:0;--awb-border-bottom:0;--awb-border-left:0;--awb-flex-grow:0;--awb-flex-shrink:0;--awb-flex-grow-medium:0;--awb-flex-shrink-medium:0;--awb-flex-grow-small:0;--awb-flex-shrink-small:0;\"><div class=\"fusion-column-wrapper fusion-column-has-shadow fusion-flex-justify-content-flex-start fusion-content-layout-column fusion-carousel-item-wrapper\"><div class=\"fusion-meta-tb fusion-meta-tb-4 floated\" style=\"--awb-border-bottom:0px;--awb-border-top:0px;--awb-border-left:0px;--awb-border-right:0px;--awb-height:36px;--awb-margin-top:0px;--awb-padding-top:0px;--awb-alignment-medium:flex-start;--awb-alignment-small:flex-start;\"><span class=\"fusion-tb-published-date\">30. Juli 2025<\/span><span class=\"fusion-meta-tb-sep\">|<\/span><span class=\"fusion-tb-categories\"><a href=\"https:\/\/allgeier-se.seowerk.net\/de\/kategorie\/pressemitteilungen\/\" rel=\"category tag\">Pressemitteilungen<\/a><\/span><span class=\"fusion-meta-tb-sep\">|<\/span><\/div><div class=\"fusion-title title fusion-title-9 fusion-sep-none fusion-title-text fusion-title-size-paragraph\" style=\"--awb-margin-top:0px;--awb-margin-bottom:0px;--awb-font-size:var(--awb-typography3-font-size);\"><p class=\"fusion-title-heading title-heading-left title-heading-tag fusion-responsive-typography-calculated\" style=\"font-family:var(--awb-typography3-font-family);font-weight:var(--awb-typography3-font-weight);font-style:var(--awb-typography3-font-style);margin:0;letter-spacing:var(--awb-typography3-letter-spacing);text-transform:var(--awb-typography3-text-transform);font-size:1em;--fontSize:24;line-height:var(--awb-typography3-line-height);\"><a href=\"https:\/\/allgeier-se.seowerk.net\/de\/pressemitteilungen\/gemeinsam-staerker-im-digital-commerce-ecube-wird-teil-von-mgm\/\" class=\"awb-custom-text-color awb-custom-text-hover-color\" target=\"_self\">Gemeinsam st\u00e4rker im Digital Commerce \u2013 eCube wird Teil von mgm<\/a><\/p><\/div><\/div><\/div>\n<div class=\"fusion_builder_column fusion-builder-column-10 fusion-flex-column post-card swiper-slide\" style=\"--awb-padding-top:.6em;--awb-padding-right:1em;--awb-padding-bottom:.8em;--awb-padding-left:1em;--awb-bg-color:var(--awb-color6);--awb-bg-color-hover:var(--awb-color6);--awb-bg-image:linear-gradient(20deg, hsla(var(--awb-color5-h),calc(var(--awb-color5-s) - 20%),var(--awb-color5-l),calc(var(--awb-color5-a) - 50%)) 0%,hsla(var(--awb-color6-h),calc(var(--awb-color6-s) - 20%),var(--awb-color6-l),var(--awb-color6-a)) 75%);--awb-bg-blend:overlay;--awb-bg-size:cover;--awb-border-color:hsla(var(--awb-color2-h),var(--awb-color2-s),var(--awb-color2-l),calc(var(--awb-color2-a) - 90%));--awb-border-top:0;--awb-border-right:0;--awb-border-bottom:0;--awb-border-left:0;--awb-flex-grow:0;--awb-flex-shrink:0;--awb-flex-grow-medium:0;--awb-flex-shrink-medium:0;--awb-flex-grow-small:0;--awb-flex-shrink-small:0;\"><div class=\"fusion-column-wrapper fusion-column-has-shadow fusion-flex-justify-content-flex-start fusion-content-layout-column fusion-carousel-item-wrapper\"><div class=\"fusion-meta-tb fusion-meta-tb-5 floated\" style=\"--awb-border-bottom:0px;--awb-border-top:0px;--awb-border-left:0px;--awb-border-right:0px;--awb-height:36px;--awb-margin-top:0px;--awb-padding-top:0px;--awb-alignment-medium:flex-start;--awb-alignment-small:flex-start;\"><span class=\"fusion-tb-published-date\">11. M\u00e4rz 2025<\/span><span class=\"fusion-meta-tb-sep\">|<\/span><span class=\"fusion-tb-categories\"><a href=\"https:\/\/allgeier-se.seowerk.net\/de\/kategorie\/corporate-news\/\" rel=\"category tag\">Corporate News<\/a><\/span><span class=\"fusion-meta-tb-sep\">|<\/span><\/div><div class=\"fusion-title title fusion-title-10 fusion-sep-none fusion-title-text fusion-title-size-paragraph\" style=\"--awb-margin-top:0px;--awb-margin-bottom:0px;--awb-font-size:var(--awb-typography3-font-size);\"><p class=\"fusion-title-heading title-heading-left title-heading-tag fusion-responsive-typography-calculated\" style=\"font-family:var(--awb-typography3-font-family);font-weight:var(--awb-typography3-font-weight);font-style:var(--awb-typography3-font-style);margin:0;letter-spacing:var(--awb-typography3-letter-spacing);text-transform:var(--awb-typography3-text-transform);font-size:1em;--fontSize:24;line-height:var(--awb-typography3-line-height);\"><a href=\"https:\/\/allgeier-se.seowerk.net\/de\/corporate-news\/allgeier-se-klarstellung-zum-pruefungsergebnis-der-bafin\/\" class=\"awb-custom-text-color awb-custom-text-hover-color\" target=\"_self\">Allgeier SE: Klarstellung zum Pr\u00fcfungsergebnis der BaFin<\/a><\/p><\/div><\/div><\/div>\n<div class=\"fusion_builder_column fusion-builder-column-11 fusion-flex-column post-card swiper-slide\" style=\"--awb-padding-top:.6em;--awb-padding-right:1em;--awb-padding-bottom:.8em;--awb-padding-left:1em;--awb-bg-color:var(--awb-color6);--awb-bg-color-hover:var(--awb-color6);--awb-bg-image:linear-gradient(20deg, hsla(var(--awb-color5-h),calc(var(--awb-color5-s) - 20%),var(--awb-color5-l),calc(var(--awb-color5-a) - 50%)) 0%,hsla(var(--awb-color6-h),calc(var(--awb-color6-s) - 20%),var(--awb-color6-l),var(--awb-color6-a)) 75%);--awb-bg-blend:overlay;--awb-bg-size:cover;--awb-border-color:hsla(var(--awb-color2-h),var(--awb-color2-s),var(--awb-color2-l),calc(var(--awb-color2-a) - 90%));--awb-border-top:0;--awb-border-right:0;--awb-border-bottom:0;--awb-border-left:0;--awb-flex-grow:0;--awb-flex-shrink:0;--awb-flex-grow-medium:0;--awb-flex-shrink-medium:0;--awb-flex-grow-small:0;--awb-flex-shrink-small:0;\"><div class=\"fusion-column-wrapper fusion-column-has-shadow fusion-flex-justify-content-flex-start fusion-content-layout-column fusion-carousel-item-wrapper\"><div class=\"fusion-meta-tb fusion-meta-tb-6 floated\" style=\"--awb-border-bottom:0px;--awb-border-top:0px;--awb-border-left:0px;--awb-border-right:0px;--awb-height:36px;--awb-margin-top:0px;--awb-padding-top:0px;--awb-alignment-medium:flex-start;--awb-alignment-small:flex-start;\"><span class=\"fusion-tb-published-date\">13. August 2024<\/span><span class=\"fusion-meta-tb-sep\">|<\/span><span class=\"fusion-tb-categories\"><a href=\"https:\/\/allgeier-se.seowerk.net\/de\/kategorie\/news\/\" rel=\"category tag\">News<\/a><\/span><span class=\"fusion-meta-tb-sep\">|<\/span><\/div><div class=\"fusion-title title fusion-title-11 fusion-sep-none fusion-title-text fusion-title-size-paragraph\" style=\"--awb-margin-top:0px;--awb-margin-bottom:0px;--awb-font-size:var(--awb-typography3-font-size);\"><p class=\"fusion-title-heading title-heading-left title-heading-tag fusion-responsive-typography-calculated\" style=\"font-family:var(--awb-typography3-font-family);font-weight:var(--awb-typography3-font-weight);font-style:var(--awb-typography3-font-style);margin:0;letter-spacing:var(--awb-typography3-letter-spacing);text-transform:var(--awb-typography3-text-transform);font-size:1em;--fontSize:24;line-height:var(--awb-typography3-line-height);\"><a href=\"https:\/\/allgeier-se.seowerk.net\/de\/news\/allgeier-se-vorabbekanntmachung-ueber-die-veroeffentlichung-von-finanzberichten-gemaess-%c2%a7-114-115-117-wphg-9\/\" class=\"awb-custom-text-color awb-custom-text-hover-color\" target=\"_self\">ALLGEIER SE: Vorabbekanntmachung \u00fcber die Ver\u00f6ffentlichung von Finanzberichten gem\u00e4\u00df \u00a7 114, 115, 117 WpHG<\/a><\/p><\/div><\/div><\/div>\n<div class=\"fusion_builder_column fusion-builder-column-12 fusion-flex-column post-card swiper-slide\" style=\"--awb-padding-top:.6em;--awb-padding-right:1em;--awb-padding-bottom:.8em;--awb-padding-left:1em;--awb-bg-color:var(--awb-color6);--awb-bg-color-hover:var(--awb-color6);--awb-bg-image:linear-gradient(20deg, hsla(var(--awb-color5-h),calc(var(--awb-color5-s) - 20%),var(--awb-color5-l),calc(var(--awb-color5-a) - 50%)) 0%,hsla(var(--awb-color6-h),calc(var(--awb-color6-s) - 20%),var(--awb-color6-l),var(--awb-color6-a)) 75%);--awb-bg-blend:overlay;--awb-bg-size:cover;--awb-border-color:hsla(var(--awb-color2-h),var(--awb-color2-s),var(--awb-color2-l),calc(var(--awb-color2-a) - 90%));--awb-border-top:0;--awb-border-right:0;--awb-border-bottom:0;--awb-border-left:0;--awb-flex-grow:0;--awb-flex-shrink:0;--awb-flex-grow-medium:0;--awb-flex-shrink-medium:0;--awb-flex-grow-small:0;--awb-flex-shrink-small:0;\"><div class=\"fusion-column-wrapper fusion-column-has-shadow fusion-flex-justify-content-flex-start fusion-content-layout-column fusion-carousel-item-wrapper\"><div class=\"fusion-meta-tb fusion-meta-tb-7 floated\" style=\"--awb-border-bottom:0px;--awb-border-top:0px;--awb-border-left:0px;--awb-border-right:0px;--awb-height:36px;--awb-margin-top:0px;--awb-padding-top:0px;--awb-alignment-medium:flex-start;--awb-alignment-small:flex-start;\"><span class=\"fusion-tb-published-date\">29. April 2024<\/span><span class=\"fusion-meta-tb-sep\">|<\/span><span class=\"fusion-tb-categories\"><a href=\"https:\/\/allgeier-se.seowerk.net\/de\/kategorie\/news\/\" rel=\"category tag\">News<\/a><\/span><span class=\"fusion-meta-tb-sep\">|<\/span><\/div><div class=\"fusion-title title fusion-title-12 fusion-sep-none fusion-title-text fusion-title-size-paragraph\" style=\"--awb-margin-top:0px;--awb-margin-bottom:0px;--awb-font-size:var(--awb-typography3-font-size);\"><p class=\"fusion-title-heading title-heading-left title-heading-tag fusion-responsive-typography-calculated\" style=\"font-family:var(--awb-typography3-font-family);font-weight:var(--awb-typography3-font-weight);font-style:var(--awb-typography3-font-style);margin:0;letter-spacing:var(--awb-typography3-letter-spacing);text-transform:var(--awb-typography3-text-transform);font-size:1em;--fontSize:24;line-height:var(--awb-typography3-line-height);\"><a href=\"https:\/\/allgeier-se.seowerk.net\/de\/news\/allgeier-se-vorabbekanntmachung-ueber-die-veroeffentlichung-von-finanzberichten-gemaess-%c2%a7-114-115-117-wphg-8\/\" class=\"awb-custom-text-color awb-custom-text-hover-color\" target=\"_self\">ALLGEIER SE: Vorabbekanntmachung \u00fcber die Ver\u00f6ffentlichung von Finanzberichten gem\u00e4\u00df \u00a7 114, 115, 117 WpHG<\/a><\/p><\/div><\/div><\/div>\n<div class=\"fusion_builder_column fusion-builder-column-13 fusion-flex-column post-card swiper-slide\" style=\"--awb-padding-top:.6em;--awb-padding-right:1em;--awb-padding-bottom:.8em;--awb-padding-left:1em;--awb-bg-color:var(--awb-color6);--awb-bg-color-hover:var(--awb-color6);--awb-bg-image:linear-gradient(20deg, hsla(var(--awb-color5-h),calc(var(--awb-color5-s) - 20%),var(--awb-color5-l),calc(var(--awb-color5-a) - 50%)) 0%,hsla(var(--awb-color6-h),calc(var(--awb-color6-s) - 20%),var(--awb-color6-l),var(--awb-color6-a)) 75%);--awb-bg-blend:overlay;--awb-bg-size:cover;--awb-border-color:hsla(var(--awb-color2-h),var(--awb-color2-s),var(--awb-color2-l),calc(var(--awb-color2-a) - 90%));--awb-border-top:0;--awb-border-right:0;--awb-border-bottom:0;--awb-border-left:0;--awb-flex-grow:0;--awb-flex-shrink:0;--awb-flex-grow-medium:0;--awb-flex-shrink-medium:0;--awb-flex-grow-small:0;--awb-flex-shrink-small:0;\"><div class=\"fusion-column-wrapper fusion-column-has-shadow fusion-flex-justify-content-flex-start fusion-content-layout-column fusion-carousel-item-wrapper\"><div class=\"fusion-meta-tb fusion-meta-tb-8 floated\" style=\"--awb-border-bottom:0px;--awb-border-top:0px;--awb-border-left:0px;--awb-border-right:0px;--awb-height:36px;--awb-margin-top:0px;--awb-padding-top:0px;--awb-alignment-medium:flex-start;--awb-alignment-small:flex-start;\"><span class=\"fusion-tb-published-date\">13. Dezember 2023<\/span><span class=\"fusion-meta-tb-sep\">|<\/span><span class=\"fusion-tb-categories\"><a href=\"https:\/\/allgeier-se.seowerk.net\/de\/kategorie\/corporate-news\/\" rel=\"category tag\">Corporate News<\/a><\/span><span class=\"fusion-meta-tb-sep\">|<\/span><\/div><div class=\"fusion-title title fusion-title-13 fusion-sep-none fusion-title-text fusion-title-size-paragraph\" style=\"--awb-margin-top:0px;--awb-margin-bottom:0px;--awb-font-size:var(--awb-typography3-font-size);\"><p class=\"fusion-title-heading title-heading-left title-heading-tag fusion-responsive-typography-calculated\" style=\"font-family:var(--awb-typography3-font-family);font-weight:var(--awb-typography3-font-weight);font-style:var(--awb-typography3-font-style);margin:0;letter-spacing:var(--awb-typography3-letter-spacing);text-transform:var(--awb-typography3-text-transform);font-size:1em;--fontSize:24;line-height:var(--awb-typography3-line-height);\"><a href=\"https:\/\/allgeier-se.seowerk.net\/de\/corporate-news\/allgeier-se-allgeier-stellt-klar\/\" class=\"awb-custom-text-color awb-custom-text-hover-color\" target=\"_self\">Allgeier SE: Allgeier stellt klar<\/a><\/p><\/div><\/div><\/div>\n<div class=\"fusion_builder_column fusion-builder-column-14 fusion-flex-column post-card swiper-slide\" style=\"--awb-padding-top:.6em;--awb-padding-right:1em;--awb-padding-bottom:.8em;--awb-padding-left:1em;--awb-bg-color:var(--awb-color6);--awb-bg-color-hover:var(--awb-color6);--awb-bg-image:linear-gradient(20deg, hsla(var(--awb-color5-h),calc(var(--awb-color5-s) - 20%),var(--awb-color5-l),calc(var(--awb-color5-a) - 50%)) 0%,hsla(var(--awb-color6-h),calc(var(--awb-color6-s) - 20%),var(--awb-color6-l),var(--awb-color6-a)) 75%);--awb-bg-blend:overlay;--awb-bg-size:cover;--awb-border-color:hsla(var(--awb-color2-h),var(--awb-color2-s),var(--awb-color2-l),calc(var(--awb-color2-a) - 90%));--awb-border-top:0;--awb-border-right:0;--awb-border-bottom:0;--awb-border-left:0;--awb-flex-grow:0;--awb-flex-shrink:0;--awb-flex-grow-medium:0;--awb-flex-shrink-medium:0;--awb-flex-grow-small:0;--awb-flex-shrink-small:0;\"><div class=\"fusion-column-wrapper fusion-column-has-shadow fusion-flex-justify-content-flex-start fusion-content-layout-column fusion-carousel-item-wrapper\"><div class=\"fusion-meta-tb fusion-meta-tb-9 floated\" style=\"--awb-border-bottom:0px;--awb-border-top:0px;--awb-border-left:0px;--awb-border-right:0px;--awb-height:36px;--awb-margin-top:0px;--awb-padding-top:0px;--awb-alignment-medium:flex-start;--awb-alignment-small:flex-start;\"><span class=\"fusion-tb-published-date\">23. August 2023<\/span><span class=\"fusion-meta-tb-sep\">|<\/span><span class=\"fusion-tb-categories\"><a href=\"https:\/\/allgeier-se.seowerk.net\/de\/kategorie\/corporate-news\/\" rel=\"category tag\">Corporate News<\/a><\/span><span class=\"fusion-meta-tb-sep\">|<\/span><\/div><div class=\"fusion-title title fusion-title-14 fusion-sep-none fusion-title-text fusion-title-size-paragraph\" style=\"--awb-margin-top:0px;--awb-margin-bottom:0px;--awb-font-size:var(--awb-typography3-font-size);\"><p class=\"fusion-title-heading title-heading-left title-heading-tag fusion-responsive-typography-calculated\" style=\"font-family:var(--awb-typography3-font-family);font-weight:var(--awb-typography3-font-weight);font-style:var(--awb-typography3-font-style);margin:0;letter-spacing:var(--awb-typography3-letter-spacing);text-transform:var(--awb-typography3-text-transform);font-size:1em;--fontSize:24;line-height:var(--awb-typography3-line-height);\"><a href=\"https:\/\/allgeier-se.seowerk.net\/de\/corporate-news\/allgeier-se-der-auf-cloud-softwareentwicklung-und-data-analytics-spezialisierte-microsoft-spezialist-sdx-schliesst-sich-der-allgeier-gruppe-an\/\" class=\"awb-custom-text-color awb-custom-text-hover-color\" target=\"_self\">Allgeier SE: Der auf Cloud-Softwareentwicklung und Data Analytics spezialisierte Microsoft-Spezialist SDX schlie\u00dft sich der Allgeier-Gruppe an<\/a><\/p><\/div><\/div><\/div>\n<div class=\"fusion_builder_column fusion-builder-column-15 fusion-flex-column post-card swiper-slide\" style=\"--awb-padding-top:.6em;--awb-padding-right:1em;--awb-padding-bottom:.8em;--awb-padding-left:1em;--awb-bg-color:var(--awb-color6);--awb-bg-color-hover:var(--awb-color6);--awb-bg-image:linear-gradient(20deg, hsla(var(--awb-color5-h),calc(var(--awb-color5-s) - 20%),var(--awb-color5-l),calc(var(--awb-color5-a) - 50%)) 0%,hsla(var(--awb-color6-h),calc(var(--awb-color6-s) - 20%),var(--awb-color6-l),var(--awb-color6-a)) 75%);--awb-bg-blend:overlay;--awb-bg-size:cover;--awb-border-color:hsla(var(--awb-color2-h),var(--awb-color2-s),var(--awb-color2-l),calc(var(--awb-color2-a) - 90%));--awb-border-top:0;--awb-border-right:0;--awb-border-bottom:0;--awb-border-left:0;--awb-flex-grow:0;--awb-flex-shrink:0;--awb-flex-grow-medium:0;--awb-flex-shrink-medium:0;--awb-flex-grow-small:0;--awb-flex-shrink-small:0;\"><div class=\"fusion-column-wrapper fusion-column-has-shadow fusion-flex-justify-content-flex-start fusion-content-layout-column fusion-carousel-item-wrapper\"><div class=\"fusion-meta-tb fusion-meta-tb-10 floated\" style=\"--awb-border-bottom:0px;--awb-border-top:0px;--awb-border-left:0px;--awb-border-right:0px;--awb-height:36px;--awb-margin-top:0px;--awb-padding-top:0px;--awb-alignment-medium:flex-start;--awb-alignment-small:flex-start;\"><span class=\"fusion-tb-published-date\">14. August 2023<\/span><span class=\"fusion-meta-tb-sep\">|<\/span><span class=\"fusion-tb-categories\"><a href=\"https:\/\/allgeier-se.seowerk.net\/de\/kategorie\/news\/\" rel=\"category tag\">News<\/a><\/span><span class=\"fusion-meta-tb-sep\">|<\/span><\/div><div class=\"fusion-title title fusion-title-15 fusion-sep-none fusion-title-text fusion-title-size-paragraph\" style=\"--awb-margin-top:0px;--awb-margin-bottom:0px;--awb-font-size:var(--awb-typography3-font-size);\"><p class=\"fusion-title-heading title-heading-left title-heading-tag fusion-responsive-typography-calculated\" style=\"font-family:var(--awb-typography3-font-family);font-weight:var(--awb-typography3-font-weight);font-style:var(--awb-typography3-font-style);margin:0;letter-spacing:var(--awb-typography3-letter-spacing);text-transform:var(--awb-typography3-text-transform);font-size:1em;--fontSize:24;line-height:var(--awb-typography3-line-height);\"><a href=\"https:\/\/allgeier-se.seowerk.net\/de\/news\/allgeier-se-vorabbekanntmachung-ueber-die-veroeffentlichung-von-finanzberichten-gemaess-%c2%a7-114-115-117-wphg-7\/\" class=\"awb-custom-text-color awb-custom-text-hover-color\" target=\"_self\">ALLGEIER SE: Vorabbekanntmachung \u00fcber die Ver\u00f6ffentlichung von Finanzberichten gem\u00e4\u00df \u00a7 114, 115, 117 WpHG<\/a><\/p><\/div><\/div><\/div>\n<div class=\"fusion_builder_column fusion-builder-column-16 fusion-flex-column post-card swiper-slide\" style=\"--awb-padding-top:.6em;--awb-padding-right:1em;--awb-padding-bottom:.8em;--awb-padding-left:1em;--awb-bg-color:var(--awb-color6);--awb-bg-color-hover:var(--awb-color6);--awb-bg-image:linear-gradient(20deg, hsla(var(--awb-color5-h),calc(var(--awb-color5-s) - 20%),var(--awb-color5-l),calc(var(--awb-color5-a) - 50%)) 0%,hsla(var(--awb-color6-h),calc(var(--awb-color6-s) - 20%),var(--awb-color6-l),var(--awb-color6-a)) 75%);--awb-bg-blend:overlay;--awb-bg-size:cover;--awb-border-color:hsla(var(--awb-color2-h),var(--awb-color2-s),var(--awb-color2-l),calc(var(--awb-color2-a) - 90%));--awb-border-top:0;--awb-border-right:0;--awb-border-bottom:0;--awb-border-left:0;--awb-flex-grow:0;--awb-flex-shrink:0;--awb-flex-grow-medium:0;--awb-flex-shrink-medium:0;--awb-flex-grow-small:0;--awb-flex-shrink-small:0;\"><div class=\"fusion-column-wrapper fusion-column-has-shadow fusion-flex-justify-content-flex-start fusion-content-layout-column fusion-carousel-item-wrapper\"><div class=\"fusion-meta-tb fusion-meta-tb-11 floated\" style=\"--awb-border-bottom:0px;--awb-border-top:0px;--awb-border-left:0px;--awb-border-right:0px;--awb-height:36px;--awb-margin-top:0px;--awb-padding-top:0px;--awb-alignment-medium:flex-start;--awb-alignment-small:flex-start;\"><span class=\"fusion-tb-published-date\">22. Juni 2023<\/span><span class=\"fusion-meta-tb-sep\">|<\/span><span class=\"fusion-tb-categories\"><a href=\"https:\/\/allgeier-se.seowerk.net\/de\/kategorie\/corporate-news\/\" rel=\"category tag\">Corporate News<\/a><\/span><span class=\"fusion-meta-tb-sep\">|<\/span><\/div><div class=\"fusion-title title fusion-title-16 fusion-sep-none fusion-title-text fusion-title-size-paragraph\" style=\"--awb-margin-top:0px;--awb-margin-bottom:0px;--awb-font-size:var(--awb-typography3-font-size);\"><p class=\"fusion-title-heading title-heading-left title-heading-tag fusion-responsive-typography-calculated\" style=\"font-family:var(--awb-typography3-font-family);font-weight:var(--awb-typography3-font-weight);font-style:var(--awb-typography3-font-style);margin:0;letter-spacing:var(--awb-typography3-letter-spacing);text-transform:var(--awb-typography3-text-transform);font-size:1em;--fontSize:24;line-height:var(--awb-typography3-line-height);\"><a href=\"https:\/\/allgeier-se.seowerk.net\/de\/corporate-news\/allgeier-se-allgeier-stellt-klar-2\/\" class=\"awb-custom-text-color awb-custom-text-hover-color\" target=\"_self\">Allgeier SE: Allgeier stellt klar<\/a><\/p><\/div><\/div><\/div>\n<div class=\"fusion_builder_column fusion-builder-column-17 fusion-flex-column post-card swiper-slide\" style=\"--awb-padding-top:.6em;--awb-padding-right:1em;--awb-padding-bottom:.8em;--awb-padding-left:1em;--awb-bg-color:var(--awb-color6);--awb-bg-color-hover:var(--awb-color6);--awb-bg-image:linear-gradient(20deg, hsla(var(--awb-color5-h),calc(var(--awb-color5-s) - 20%),var(--awb-color5-l),calc(var(--awb-color5-a) - 50%)) 0%,hsla(var(--awb-color6-h),calc(var(--awb-color6-s) - 20%),var(--awb-color6-l),var(--awb-color6-a)) 75%);--awb-bg-blend:overlay;--awb-bg-size:cover;--awb-border-color:hsla(var(--awb-color2-h),var(--awb-color2-s),var(--awb-color2-l),calc(var(--awb-color2-a) - 90%));--awb-border-top:0;--awb-border-right:0;--awb-border-bottom:0;--awb-border-left:0;--awb-flex-grow:0;--awb-flex-shrink:0;--awb-flex-grow-medium:0;--awb-flex-shrink-medium:0;--awb-flex-grow-small:0;--awb-flex-shrink-small:0;\"><div class=\"fusion-column-wrapper fusion-column-has-shadow fusion-flex-justify-content-flex-start fusion-content-layout-column fusion-carousel-item-wrapper\"><div class=\"fusion-meta-tb fusion-meta-tb-12 floated\" style=\"--awb-border-bottom:0px;--awb-border-top:0px;--awb-border-left:0px;--awb-border-right:0px;--awb-height:36px;--awb-margin-top:0px;--awb-padding-top:0px;--awb-alignment-medium:flex-start;--awb-alignment-small:flex-start;\"><span class=\"fusion-tb-published-date\">26. April 2023<\/span><span class=\"fusion-meta-tb-sep\">|<\/span><span class=\"fusion-tb-categories\"><a href=\"https:\/\/allgeier-se.seowerk.net\/de\/kategorie\/news\/\" rel=\"category tag\">News<\/a><\/span><span class=\"fusion-meta-tb-sep\">|<\/span><\/div><div class=\"fusion-title title fusion-title-17 fusion-sep-none fusion-title-text fusion-title-size-paragraph\" style=\"--awb-margin-top:0px;--awb-margin-bottom:0px;--awb-font-size:var(--awb-typography3-font-size);\"><p class=\"fusion-title-heading title-heading-left title-heading-tag fusion-responsive-typography-calculated\" style=\"font-family:var(--awb-typography3-font-family);font-weight:var(--awb-typography3-font-weight);font-style:var(--awb-typography3-font-style);margin:0;letter-spacing:var(--awb-typography3-letter-spacing);text-transform:var(--awb-typography3-text-transform);font-size:1em;--fontSize:24;line-height:var(--awb-typography3-line-height);\"><a href=\"https:\/\/allgeier-se.seowerk.net\/de\/news\/allgeier-se-vorabbekanntmachung-ueber-die-veroeffentlichung-von-finanzberichten-gemaess-%c2%a7-114-115-117-wphg-6\/\" class=\"awb-custom-text-color awb-custom-text-hover-color\" target=\"_self\">ALLGEIER SE: Vorabbekanntmachung \u00fcber die Ver\u00f6ffentlichung von Finanzberichten gem\u00e4\u00df \u00a7 114, 115, 117 WpHG<\/a><\/p><\/div><\/div><\/div>\n<div class=\"fusion_builder_column fusion-builder-column-18 fusion-flex-column post-card swiper-slide\" style=\"--awb-padding-top:.6em;--awb-padding-right:1em;--awb-padding-bottom:.8em;--awb-padding-left:1em;--awb-bg-color:var(--awb-color6);--awb-bg-color-hover:var(--awb-color6);--awb-bg-image:linear-gradient(20deg, hsla(var(--awb-color5-h),calc(var(--awb-color5-s) - 20%),var(--awb-color5-l),calc(var(--awb-color5-a) - 50%)) 0%,hsla(var(--awb-color6-h),calc(var(--awb-color6-s) - 20%),var(--awb-color6-l),var(--awb-color6-a)) 75%);--awb-bg-blend:overlay;--awb-bg-size:cover;--awb-border-color:hsla(var(--awb-color2-h),var(--awb-color2-s),var(--awb-color2-l),calc(var(--awb-color2-a) - 90%));--awb-border-top:0;--awb-border-right:0;--awb-border-bottom:0;--awb-border-left:0;--awb-flex-grow:0;--awb-flex-shrink:0;--awb-flex-grow-medium:0;--awb-flex-shrink-medium:0;--awb-flex-grow-small:0;--awb-flex-shrink-small:0;\"><div class=\"fusion-column-wrapper fusion-column-has-shadow fusion-flex-justify-content-flex-start fusion-content-layout-column fusion-carousel-item-wrapper\"><div class=\"fusion-meta-tb fusion-meta-tb-13 floated\" style=\"--awb-border-bottom:0px;--awb-border-top:0px;--awb-border-left:0px;--awb-border-right:0px;--awb-height:36px;--awb-margin-top:0px;--awb-padding-top:0px;--awb-alignment-medium:flex-start;--awb-alignment-small:flex-start;\"><span class=\"fusion-tb-published-date\">11. August 2022<\/span><span class=\"fusion-meta-tb-sep\">|<\/span><span class=\"fusion-tb-categories\"><a href=\"https:\/\/allgeier-se.seowerk.net\/de\/kategorie\/news\/\" rel=\"category tag\">News<\/a><\/span><span class=\"fusion-meta-tb-sep\">|<\/span><\/div><div class=\"fusion-title title fusion-title-18 fusion-sep-none fusion-title-text fusion-title-size-paragraph\" style=\"--awb-margin-top:0px;--awb-margin-bottom:0px;--awb-font-size:var(--awb-typography3-font-size);\"><p class=\"fusion-title-heading title-heading-left title-heading-tag fusion-responsive-typography-calculated\" style=\"font-family:var(--awb-typography3-font-family);font-weight:var(--awb-typography3-font-weight);font-style:var(--awb-typography3-font-style);margin:0;letter-spacing:var(--awb-typography3-letter-spacing);text-transform:var(--awb-typography3-text-transform);font-size:1em;--fontSize:24;line-height:var(--awb-typography3-line-height);\"><a href=\"https:\/\/allgeier-se.seowerk.net\/de\/news\/allgeier-se-vorabbekanntmachung-ueber-die-veroeffentlichung-von-finanzberichten-gemaess-%c2%a7-114-115-117-wphg-5\/\" class=\"awb-custom-text-color awb-custom-text-hover-color\" target=\"_self\">ALLGEIER SE: Vorabbekanntmachung \u00fcber die Ver\u00f6ffentlichung von Finanzberichten gem\u00e4\u00df \u00a7 114, 115, 117 WpHG<\/a><\/p><\/div><\/div><\/div>\n<div class=\"fusion_builder_column fusion-builder-column-19 fusion-flex-column post-card swiper-slide\" style=\"--awb-padding-top:.6em;--awb-padding-right:1em;--awb-padding-bottom:.8em;--awb-padding-left:1em;--awb-bg-color:var(--awb-color6);--awb-bg-color-hover:var(--awb-color6);--awb-bg-image:linear-gradient(20deg, hsla(var(--awb-color5-h),calc(var(--awb-color5-s) - 20%),var(--awb-color5-l),calc(var(--awb-color5-a) - 50%)) 0%,hsla(var(--awb-color6-h),calc(var(--awb-color6-s) - 20%),var(--awb-color6-l),var(--awb-color6-a)) 75%);--awb-bg-blend:overlay;--awb-bg-size:cover;--awb-border-color:hsla(var(--awb-color2-h),var(--awb-color2-s),var(--awb-color2-l),calc(var(--awb-color2-a) - 90%));--awb-border-top:0;--awb-border-right:0;--awb-border-bottom:0;--awb-border-left:0;--awb-flex-grow:0;--awb-flex-shrink:0;--awb-flex-grow-medium:0;--awb-flex-shrink-medium:0;--awb-flex-grow-small:0;--awb-flex-shrink-small:0;\"><div class=\"fusion-column-wrapper fusion-column-has-shadow fusion-flex-justify-content-flex-start fusion-content-layout-column fusion-carousel-item-wrapper\"><div class=\"fusion-meta-tb fusion-meta-tb-14 floated\" style=\"--awb-border-bottom:0px;--awb-border-top:0px;--awb-border-left:0px;--awb-border-right:0px;--awb-height:36px;--awb-margin-top:0px;--awb-padding-top:0px;--awb-alignment-medium:flex-start;--awb-alignment-small:flex-start;\"><span class=\"fusion-tb-published-date\">12. Juli 2022<\/span><span class=\"fusion-meta-tb-sep\">|<\/span><span class=\"fusion-tb-categories\"><a href=\"https:\/\/allgeier-se.seowerk.net\/de\/kategorie\/corporate-news\/\" rel=\"category tag\">Corporate News<\/a><\/span><span class=\"fusion-meta-tb-sep\">|<\/span><\/div><div class=\"fusion-title title fusion-title-19 fusion-sep-none fusion-title-text fusion-title-size-paragraph\" style=\"--awb-margin-top:0px;--awb-margin-bottom:0px;--awb-font-size:var(--awb-typography3-font-size);\"><p class=\"fusion-title-heading title-heading-left title-heading-tag fusion-responsive-typography-calculated\" style=\"font-family:var(--awb-typography3-font-family);font-weight:var(--awb-typography3-font-weight);font-style:var(--awb-typography3-font-style);margin:0;letter-spacing:var(--awb-typography3-letter-spacing);text-transform:var(--awb-typography3-text-transform);font-size:1em;--fontSize:24;line-height:var(--awb-typography3-line-height);\"><a href=\"https:\/\/allgeier-se.seowerk.net\/de\/corporate-news\/allgeier-se-information-zur-bekanntmachung-der-pruefungsanordnung-der-bafin-zum-konzernabschluss-2020\/\" class=\"awb-custom-text-color awb-custom-text-hover-color\" target=\"_self\">Allgeier SE: Information zur Bekanntmachung der Pr\u00fcfungsanordnung der BaFin zum Konzernabschluss 2020<\/a><\/p><\/div><\/div><\/div>\n<\/div><div class=\"swiper-pagination\"><\/div><\/div><\/div><\/div><\/div><\/div><div class=\"fusion-fullwidth fullwidth-box fusion-builder-row-3 fusion-flex-container nonhundred-percent-fullwidth non-hundred-percent-height-scrolling\" style=\"--awb-border-color:var(--awb-color6);--awb-border-radius-top-left:0px;--awb-border-radius-top-right:0px;--awb-border-radius-bottom-right:0px;--awb-border-radius-bottom-left:0px;--awb-padding-top:5vmin;--awb-padding-bottom:5vmin;--awb-padding-top-small:60px;--awb-padding-bottom-small:60px;--awb-flex-wrap:wrap;\" ><div class=\"fusion-builder-row fusion-row fusion-flex-align-items-flex-start fusion-flex-content-wrap\" style=\"max-width:1456px;margin-left: calc(-4% \/ 2 );margin-right: calc(-4% \/ 2 );\"><div class=\"fusion-layout-column fusion_builder_column fusion-builder-column-20 fusion_builder_column_1_1 1_1 fusion-flex-column\" style=\"--awb-bg-size:cover;--awb-width-large:100%;--awb-flex-grow:0;--awb-flex-shrink:0;--awb-margin-top-large:0px;--awb-spacing-right-large:1.92%;--awb-margin-bottom-large:0px;--awb-spacing-left-large:1.92%;--awb-width-medium:100%;--awb-order-medium:0;--awb-flex-grow-medium:0;--awb-flex-shrink-medium:0;--awb-spacing-right-medium:1.92%;--awb-spacing-left-medium:1.92%;--awb-width-small:100%;--awb-order-small:0;--awb-flex-grow-small:0;--awb-flex-shrink-small:0;--awb-spacing-right-small:1.92%;--awb-spacing-left-small:1.92%;\"><div class=\"fusion-column-wrapper fusion-column-has-shadow fusion-flex-justify-content-flex-start fusion-content-layout-column\"><div class=\"fusion-title title fusion-title-20 fusion-sep-none fusion-title-text fusion-title-size-two\" style=\"--awb-margin-top:0px;\"><h2 class=\"fusion-title-heading title-heading-left fusion-responsive-typography-calculated\" style=\"margin:0;--fontSize:42;line-height:var(--awb-typography1-line-height);\">Alle News<\/h2><\/div><div class=\"fusion-separator separator-gradient\" style=\"align-self: flex-start;margin-right:auto;margin-top:1.31rem;margin-bottom:2rem;width:100%;max-width:70px;\"><div class=\"fusion-separator-border sep-single sep-solid\" style=\"--awb-height:20px;--awb-amount:20px;--awb-sep-color:var(--awb-color3);border-color:var(--awb-color3);border-top-width:5px;\"><\/div><\/div>\n<div class=\"fusion-post-cards fusion-post-cards-4 fusion-grid-archive fusion-grid-columns-4\" style=\"--awb-filters-alignment-medium:;--awb-filters-alignment-small:;\" data-post-type-label=\"beitr\u00e4ge\"><div><ul class=\"fusion-filters\" role=\"menu\" aria-label=\"Post Filters\"><li role=\"presentation\" class=\"fusion-filter fusion-filter-all fusion-active\"><a href=\"#\" data-filter=\"*\" role=\"menuitem\">All<\/a><\/li><li role=\"presentation\" class=\"fusion-filter fusion-hidden\"><a href=\"#\" data-filter=\".ad-hoc-mitteilungen\" role=\"menuitem\">Ad hoc-Mitteilungen<\/a><\/li><li role=\"presentation\" class=\"fusion-filter fusion-hidden\"><a href=\"#\" data-filter=\".unternehmensnachrichten\" role=\"menuitem\">Unternehmensnachrichten<\/a><\/li><\/ul><\/div><ul class=\"fusion-grid fusion-grid-4 fusion-flex-align-items-stretch fusion-grid-posts-cards fusion-grid-container-infinite fusion-grid-container-load-more\" data-pages=\"12\"><li class=\"fusion-layout-column fusion_builder_column fusion-builder-column-21 fusion-flex-column post-card fusion-grid-column fusion-post-cards-grid-column slider-startseite unternehmensnachrichten fusion-sticky\" style=\"--awb-padding-top:.6em;--awb-padding-right:1em;--awb-padding-bottom:.8em;--awb-padding-left:1em;--awb-bg-color:var(--awb-color6);--awb-bg-color-hover:var(--awb-color6);--awb-bg-image:linear-gradient(20deg, hsla(var(--awb-color5-h),calc(var(--awb-color5-s) - 20%),var(--awb-color5-l),calc(var(--awb-color5-a) - 50%)) 0%,hsla(var(--awb-color6-h),calc(var(--awb-color6-s) - 20%),var(--awb-color6-l),var(--awb-color6-a)) 75%);--awb-bg-blend:overlay;--awb-bg-size:cover;--awb-border-color:hsla(var(--awb-color2-h),var(--awb-color2-s),var(--awb-color2-l),calc(var(--awb-color2-a) - 90%));--awb-border-top:0;--awb-border-right:0;--awb-border-bottom:0;--awb-border-left:0;--awb-flex-grow:0;--awb-flex-shrink:0;--awb-flex-grow-medium:0;--awb-flex-shrink-medium:0;--awb-flex-grow-small:0;--awb-flex-shrink-small:0;\"><div class=\"fusion-column-wrapper fusion-column-has-shadow fusion-flex-justify-content-flex-start fusion-content-layout-column\"><div class=\"fusion-meta-tb fusion-meta-tb-15 floated\" style=\"--awb-border-bottom:0px;--awb-border-top:0px;--awb-border-left:0px;--awb-border-right:0px;--awb-height:36px;--awb-margin-top:0px;--awb-padding-top:0px;--awb-alignment-medium:flex-start;--awb-alignment-small:flex-start;\"><span class=\"fusion-tb-published-date\">8. April 2026<\/span><span class=\"fusion-meta-tb-sep\">|<\/span><span class=\"fusion-tb-categories\"><a href=\"https:\/\/allgeier-se.seowerk.net\/de\/kategorie\/pressemitteilungen\/\" rel=\"category tag\">Pressemitteilungen<\/a><\/span><span class=\"fusion-meta-tb-sep\">|<\/span><\/div><div class=\"fusion-title title fusion-title-21 fusion-sep-none fusion-title-text fusion-title-size-paragraph\" style=\"--awb-margin-top:0px;--awb-margin-bottom:0px;--awb-font-size:var(--awb-typography3-font-size);\"><p class=\"fusion-title-heading title-heading-left title-heading-tag fusion-responsive-typography-calculated\" style=\"font-family:var(--awb-typography3-font-family);font-weight:var(--awb-typography3-font-weight);font-style:var(--awb-typography3-font-style);margin:0;letter-spacing:var(--awb-typography3-letter-spacing);text-transform:var(--awb-typography3-text-transform);font-size:1em;--fontSize:24;line-height:var(--awb-typography3-line-height);\"><a href=\"https:\/\/allgeier-se.seowerk.net\/de\/pressemitteilungen\/a12-enterprise-ai-low-code-plattform-wird-open-source-bayerisches-landesamt-fuer-steuern-und-mgm-oeffnen-quellcode\/\" class=\"awb-custom-text-color awb-custom-text-hover-color\" target=\"_self\">A12 Enterprise AI Low Code-Plattform wird Open Source: Bayerisches Landesamt f\u00fcr Steuern und mgm \u00f6ffnen Quellcode<\/a><\/p><\/div><\/div><\/li>\n<li class=\"fusion-layout-column fusion_builder_column fusion-builder-column-22 fusion-flex-column post-card fusion-grid-column fusion-post-cards-grid-column ad-hoc-mitteilungen\" style=\"--awb-padding-top:.6em;--awb-padding-right:1em;--awb-padding-bottom:.8em;--awb-padding-left:1em;--awb-bg-color:var(--awb-color6);--awb-bg-color-hover:var(--awb-color6);--awb-bg-image:linear-gradient(20deg, hsla(var(--awb-color5-h),calc(var(--awb-color5-s) - 20%),var(--awb-color5-l),calc(var(--awb-color5-a) - 50%)) 0%,hsla(var(--awb-color6-h),calc(var(--awb-color6-s) - 20%),var(--awb-color6-l),var(--awb-color6-a)) 75%);--awb-bg-blend:overlay;--awb-bg-size:cover;--awb-border-color:hsla(var(--awb-color2-h),var(--awb-color2-s),var(--awb-color2-l),calc(var(--awb-color2-a) - 90%));--awb-border-top:0;--awb-border-right:0;--awb-border-bottom:0;--awb-border-left:0;--awb-flex-grow:0;--awb-flex-shrink:0;--awb-flex-grow-medium:0;--awb-flex-shrink-medium:0;--awb-flex-grow-small:0;--awb-flex-shrink-small:0;\"><div class=\"fusion-column-wrapper fusion-column-has-shadow fusion-flex-justify-content-flex-start fusion-content-layout-column\"><div class=\"fusion-meta-tb fusion-meta-tb-16 floated\" style=\"--awb-border-bottom:0px;--awb-border-top:0px;--awb-border-left:0px;--awb-border-right:0px;--awb-height:36px;--awb-margin-top:0px;--awb-padding-top:0px;--awb-alignment-medium:flex-start;--awb-alignment-small:flex-start;\"><span class=\"fusion-tb-published-date\">26. M\u00e4rz 2026<\/span><span class=\"fusion-meta-tb-sep\">|<\/span><span class=\"fusion-tb-categories\"><a href=\"https:\/\/allgeier-se.seowerk.net\/de\/kategorie\/ad-hoc-mitteilungen\/\" rel=\"category tag\">Ad hoc-Mitteilungen<\/a><\/span><span class=\"fusion-meta-tb-sep\">|<\/span><\/div><div class=\"fusion-title title fusion-title-22 fusion-sep-none fusion-title-text fusion-title-size-paragraph\" style=\"--awb-margin-top:0px;--awb-margin-bottom:0px;--awb-font-size:var(--awb-typography3-font-size);\"><p class=\"fusion-title-heading title-heading-left title-heading-tag fusion-responsive-typography-calculated\" style=\"font-family:var(--awb-typography3-font-family);font-weight:var(--awb-typography3-font-weight);font-style:var(--awb-typography3-font-style);margin:0;letter-spacing:var(--awb-typography3-letter-spacing);text-transform:var(--awb-typography3-text-transform);font-size:1em;--fontSize:24;line-height:var(--awb-typography3-line-height);\"><a href=\"https:\/\/allgeier-se.seowerk.net\/de\/ad-hoc-mitteilungen\/allgeier-se-allgeier-meets-its-earnings-guidance-for-2025-and-is-strengthening-its-focus-on-ai-based-platform-technologies-and-software-solutions\/\" class=\"awb-custom-text-color awb-custom-text-hover-color\" target=\"_self\">Allgeier SE: Allgeier meets its earnings guidance for 2025 and is strengthening its focus on AI-based platform technologies and software solutions<\/a><\/p><\/div><\/div><\/li>\n<li class=\"fusion-layout-column fusion_builder_column fusion-builder-column-23 fusion-flex-column post-card fusion-grid-column fusion-post-cards-grid-column ad-hoc-mitteilungen\" style=\"--awb-padding-top:.6em;--awb-padding-right:1em;--awb-padding-bottom:.8em;--awb-padding-left:1em;--awb-bg-color:var(--awb-color6);--awb-bg-color-hover:var(--awb-color6);--awb-bg-image:linear-gradient(20deg, hsla(var(--awb-color5-h),calc(var(--awb-color5-s) - 20%),var(--awb-color5-l),calc(var(--awb-color5-a) - 50%)) 0%,hsla(var(--awb-color6-h),calc(var(--awb-color6-s) - 20%),var(--awb-color6-l),var(--awb-color6-a)) 75%);--awb-bg-blend:overlay;--awb-bg-size:cover;--awb-border-color:hsla(var(--awb-color2-h),var(--awb-color2-s),var(--awb-color2-l),calc(var(--awb-color2-a) - 90%));--awb-border-top:0;--awb-border-right:0;--awb-border-bottom:0;--awb-border-left:0;--awb-flex-grow:0;--awb-flex-shrink:0;--awb-flex-grow-medium:0;--awb-flex-shrink-medium:0;--awb-flex-grow-small:0;--awb-flex-shrink-small:0;\"><div class=\"fusion-column-wrapper fusion-column-has-shadow fusion-flex-justify-content-flex-start fusion-content-layout-column\"><div class=\"fusion-meta-tb fusion-meta-tb-17 floated\" style=\"--awb-border-bottom:0px;--awb-border-top:0px;--awb-border-left:0px;--awb-border-right:0px;--awb-height:36px;--awb-margin-top:0px;--awb-padding-top:0px;--awb-alignment-medium:flex-start;--awb-alignment-small:flex-start;\"><span class=\"fusion-tb-published-date\">26. M\u00e4rz 2026<\/span><span class=\"fusion-meta-tb-sep\">|<\/span><span class=\"fusion-tb-categories\"><a href=\"https:\/\/allgeier-se.seowerk.net\/de\/kategorie\/ad-hoc-mitteilungen\/\" rel=\"category tag\">Ad hoc-Mitteilungen<\/a><\/span><span class=\"fusion-meta-tb-sep\">|<\/span><\/div><div class=\"fusion-title title fusion-title-23 fusion-sep-none fusion-title-text fusion-title-size-paragraph\" style=\"--awb-margin-top:0px;--awb-margin-bottom:0px;--awb-font-size:var(--awb-typography3-font-size);\"><p class=\"fusion-title-heading title-heading-left title-heading-tag fusion-responsive-typography-calculated\" style=\"font-family:var(--awb-typography3-font-family);font-weight:var(--awb-typography3-font-weight);font-style:var(--awb-typography3-font-style);margin:0;letter-spacing:var(--awb-typography3-letter-spacing);text-transform:var(--awb-typography3-text-transform);font-size:1em;--fontSize:24;line-height:var(--awb-typography3-line-height);\"><a href=\"https:\/\/allgeier-se.seowerk.net\/de\/ad-hoc-mitteilungen\/allgeier-se-allgeier-erreicht-die-ergebnis-guidance-fuer-2025-und-verstaerkt-die-fokussierung-auf-ki-basierte-plattformtechnologien-und-softwareloesungen\/\" class=\"awb-custom-text-color awb-custom-text-hover-color\" target=\"_self\">Allgeier SE: Allgeier erreicht die Ergebnis-Guidance f\u00fcr 2025 und verst\u00e4rkt die Fokussierung auf KI\u2011basierte Plattformtechnologien und Softwarel\u00f6sungen<\/a><\/p><\/div><\/div><\/li>\n<li class=\"fusion-layout-column fusion_builder_column fusion-builder-column-24 fusion-flex-column post-card fusion-grid-column fusion-post-cards-grid-column ad-hoc-mitteilungen\" style=\"--awb-padding-top:.6em;--awb-padding-right:1em;--awb-padding-bottom:.8em;--awb-padding-left:1em;--awb-bg-color:var(--awb-color6);--awb-bg-color-hover:var(--awb-color6);--awb-bg-image:linear-gradient(20deg, hsla(var(--awb-color5-h),calc(var(--awb-color5-s) - 20%),var(--awb-color5-l),calc(var(--awb-color5-a) - 50%)) 0%,hsla(var(--awb-color6-h),calc(var(--awb-color6-s) - 20%),var(--awb-color6-l),var(--awb-color6-a)) 75%);--awb-bg-blend:overlay;--awb-bg-size:cover;--awb-border-color:hsla(var(--awb-color2-h),var(--awb-color2-s),var(--awb-color2-l),calc(var(--awb-color2-a) - 90%));--awb-border-top:0;--awb-border-right:0;--awb-border-bottom:0;--awb-border-left:0;--awb-flex-grow:0;--awb-flex-shrink:0;--awb-flex-grow-medium:0;--awb-flex-shrink-medium:0;--awb-flex-grow-small:0;--awb-flex-shrink-small:0;\"><div class=\"fusion-column-wrapper fusion-column-has-shadow fusion-flex-justify-content-flex-start fusion-content-layout-column\"><div class=\"fusion-meta-tb fusion-meta-tb-18 floated\" style=\"--awb-border-bottom:0px;--awb-border-top:0px;--awb-border-left:0px;--awb-border-right:0px;--awb-height:36px;--awb-margin-top:0px;--awb-padding-top:0px;--awb-alignment-medium:flex-start;--awb-alignment-small:flex-start;\"><span class=\"fusion-tb-published-date\">18. Dezember 2025<\/span><span class=\"fusion-meta-tb-sep\">|<\/span><span class=\"fusion-tb-categories\"><a href=\"https:\/\/allgeier-se.seowerk.net\/de\/kategorie\/ad-hoc-mitteilungen\/\" rel=\"category tag\">Ad hoc-Mitteilungen<\/a><\/span><span class=\"fusion-meta-tb-sep\">|<\/span><\/div><div class=\"fusion-title title fusion-title-24 fusion-sep-none fusion-title-text fusion-title-size-paragraph\" style=\"--awb-margin-top:0px;--awb-margin-bottom:0px;--awb-font-size:var(--awb-typography3-font-size);\"><p class=\"fusion-title-heading title-heading-left title-heading-tag fusion-responsive-typography-calculated\" style=\"font-family:var(--awb-typography3-font-family);font-weight:var(--awb-typography3-font-weight);font-style:var(--awb-typography3-font-style);margin:0;letter-spacing:var(--awb-typography3-letter-spacing);text-transform:var(--awb-typography3-text-transform);font-size:1em;--fontSize:24;line-height:var(--awb-typography3-line-height);\"><a href=\"https:\/\/allgeier-se.seowerk.net\/de\/ad-hoc-mitteilungen\/allgeier-se-guidance-fuer-das-geschaeftsjahr-2026-und-aktienrueckkauf\/\" class=\"awb-custom-text-color awb-custom-text-hover-color\" target=\"_self\">Allgeier SE: Guidance f\u00fcr das Gesch\u00e4ftsjahr 2026 und Aktienr\u00fcckkauf<\/a><\/p><\/div><\/div><\/li>\n<li class=\"fusion-layout-column fusion_builder_column fusion-builder-column-25 fusion-flex-column post-card fusion-grid-column fusion-post-cards-grid-column ad-hoc-mitteilungen\" style=\"--awb-padding-top:.6em;--awb-padding-right:1em;--awb-padding-bottom:.8em;--awb-padding-left:1em;--awb-bg-color:var(--awb-color6);--awb-bg-color-hover:var(--awb-color6);--awb-bg-image:linear-gradient(20deg, hsla(var(--awb-color5-h),calc(var(--awb-color5-s) - 20%),var(--awb-color5-l),calc(var(--awb-color5-a) - 50%)) 0%,hsla(var(--awb-color6-h),calc(var(--awb-color6-s) - 20%),var(--awb-color6-l),var(--awb-color6-a)) 75%);--awb-bg-blend:overlay;--awb-bg-size:cover;--awb-border-color:hsla(var(--awb-color2-h),var(--awb-color2-s),var(--awb-color2-l),calc(var(--awb-color2-a) - 90%));--awb-border-top:0;--awb-border-right:0;--awb-border-bottom:0;--awb-border-left:0;--awb-flex-grow:0;--awb-flex-shrink:0;--awb-flex-grow-medium:0;--awb-flex-shrink-medium:0;--awb-flex-grow-small:0;--awb-flex-shrink-small:0;\"><div class=\"fusion-column-wrapper fusion-column-has-shadow fusion-flex-justify-content-flex-start fusion-content-layout-column\"><div class=\"fusion-meta-tb fusion-meta-tb-19 floated\" style=\"--awb-border-bottom:0px;--awb-border-top:0px;--awb-border-left:0px;--awb-border-right:0px;--awb-height:36px;--awb-margin-top:0px;--awb-padding-top:0px;--awb-alignment-medium:flex-start;--awb-alignment-small:flex-start;\"><span class=\"fusion-tb-published-date\">5. November 2025<\/span><span class=\"fusion-meta-tb-sep\">|<\/span><span class=\"fusion-tb-categories\"><a href=\"https:\/\/allgeier-se.seowerk.net\/de\/kategorie\/ad-hoc-mitteilungen\/\" rel=\"category tag\">Ad hoc-Mitteilungen<\/a><\/span><span class=\"fusion-meta-tb-sep\">|<\/span><\/div><div class=\"fusion-title title fusion-title-25 fusion-sep-none fusion-title-text fusion-title-size-paragraph\" style=\"--awb-margin-top:0px;--awb-margin-bottom:0px;--awb-font-size:var(--awb-typography3-font-size);\"><p class=\"fusion-title-heading title-heading-left title-heading-tag fusion-responsive-typography-calculated\" style=\"font-family:var(--awb-typography3-font-family);font-weight:var(--awb-typography3-font-weight);font-style:var(--awb-typography3-font-style);margin:0;letter-spacing:var(--awb-typography3-letter-spacing);text-transform:var(--awb-typography3-text-transform);font-size:1em;--fontSize:24;line-height:var(--awb-typography3-line-height);\"><a href=\"https:\/\/allgeier-se.seowerk.net\/de\/ad-hoc-mitteilungen\/allgeier-se-operatives-ergebnis-im-dritten-quartal-2025-uebersteigt-das-operative-ergebnis-des-vorjahresquartals\/\" class=\"awb-custom-text-color awb-custom-text-hover-color\" target=\"_self\">Allgeier SE: Operatives Ergebnis im dritten Quartal 2025 \u00fcbersteigt das operative Ergebnis des Vorjahresquartals<\/a><\/p><\/div><\/div><\/li>\n<li class=\"fusion-layout-column fusion_builder_column fusion-builder-column-26 fusion-flex-column post-card fusion-grid-column fusion-post-cards-grid-column ad-hoc-mitteilungen\" style=\"--awb-padding-top:.6em;--awb-padding-right:1em;--awb-padding-bottom:.8em;--awb-padding-left:1em;--awb-bg-color:var(--awb-color6);--awb-bg-color-hover:var(--awb-color6);--awb-bg-image:linear-gradient(20deg, hsla(var(--awb-color5-h),calc(var(--awb-color5-s) - 20%),var(--awb-color5-l),calc(var(--awb-color5-a) - 50%)) 0%,hsla(var(--awb-color6-h),calc(var(--awb-color6-s) - 20%),var(--awb-color6-l),var(--awb-color6-a)) 75%);--awb-bg-blend:overlay;--awb-bg-size:cover;--awb-border-color:hsla(var(--awb-color2-h),var(--awb-color2-s),var(--awb-color2-l),calc(var(--awb-color2-a) - 90%));--awb-border-top:0;--awb-border-right:0;--awb-border-bottom:0;--awb-border-left:0;--awb-flex-grow:0;--awb-flex-shrink:0;--awb-flex-grow-medium:0;--awb-flex-shrink-medium:0;--awb-flex-grow-small:0;--awb-flex-shrink-small:0;\"><div class=\"fusion-column-wrapper fusion-column-has-shadow fusion-flex-justify-content-flex-start fusion-content-layout-column\"><div class=\"fusion-meta-tb fusion-meta-tb-20 floated\" style=\"--awb-border-bottom:0px;--awb-border-top:0px;--awb-border-left:0px;--awb-border-right:0px;--awb-height:36px;--awb-margin-top:0px;--awb-padding-top:0px;--awb-alignment-medium:flex-start;--awb-alignment-small:flex-start;\"><span class=\"fusion-tb-published-date\">24. Oktober 2025<\/span><span class=\"fusion-meta-tb-sep\">|<\/span><span class=\"fusion-tb-categories\"><a href=\"https:\/\/allgeier-se.seowerk.net\/de\/kategorie\/ad-hoc-mitteilungen\/\" rel=\"category tag\">Ad hoc-Mitteilungen<\/a><\/span><span class=\"fusion-meta-tb-sep\">|<\/span><\/div><div class=\"fusion-title title fusion-title-26 fusion-sep-none fusion-title-text fusion-title-size-paragraph\" style=\"--awb-margin-top:0px;--awb-margin-bottom:0px;--awb-font-size:var(--awb-typography3-font-size);\"><p class=\"fusion-title-heading title-heading-left title-heading-tag fusion-responsive-typography-calculated\" style=\"font-family:var(--awb-typography3-font-family);font-weight:var(--awb-typography3-font-weight);font-style:var(--awb-typography3-font-style);margin:0;letter-spacing:var(--awb-typography3-letter-spacing);text-transform:var(--awb-typography3-text-transform);font-size:1em;--fontSize:24;line-height:var(--awb-typography3-line-height);\"><a href=\"https:\/\/allgeier-se.seowerk.net\/de\/ad-hoc-mitteilungen\/allgeier-se-allgeier-veraeussert-it-managed-services-geschaeft-und-fokussiert-sich-auf-das-kerngeschaeft-mit-softwareloesungen-zur-digitalisierung-von-geschaefts-und-verwaltungsprozessen\/\" class=\"awb-custom-text-color awb-custom-text-hover-color\" target=\"_self\">ALLGEIER SE: Allgeier ver\u00e4u\u00dfert IT-Managed Services-Gesch\u00e4ft und fokussiert sich auf das Kerngesch\u00e4ft mit Softwarel\u00f6sungen zur Digitalisierung von Gesch\u00e4fts- und Verwaltungsprozessen<\/a><\/p><\/div><\/div><\/li>\n<li class=\"fusion-layout-column fusion_builder_column fusion-builder-column-27 fusion-flex-column post-card fusion-grid-column fusion-post-cards-grid-column ad-hoc-mitteilungen\" style=\"--awb-padding-top:.6em;--awb-padding-right:1em;--awb-padding-bottom:.8em;--awb-padding-left:1em;--awb-bg-color:var(--awb-color6);--awb-bg-color-hover:var(--awb-color6);--awb-bg-image:linear-gradient(20deg, hsla(var(--awb-color5-h),calc(var(--awb-color5-s) - 20%),var(--awb-color5-l),calc(var(--awb-color5-a) - 50%)) 0%,hsla(var(--awb-color6-h),calc(var(--awb-color6-s) - 20%),var(--awb-color6-l),var(--awb-color6-a)) 75%);--awb-bg-blend:overlay;--awb-bg-size:cover;--awb-border-color:hsla(var(--awb-color2-h),var(--awb-color2-s),var(--awb-color2-l),calc(var(--awb-color2-a) - 90%));--awb-border-top:0;--awb-border-right:0;--awb-border-bottom:0;--awb-border-left:0;--awb-flex-grow:0;--awb-flex-shrink:0;--awb-flex-grow-medium:0;--awb-flex-shrink-medium:0;--awb-flex-grow-small:0;--awb-flex-shrink-small:0;\"><div class=\"fusion-column-wrapper fusion-column-has-shadow fusion-flex-justify-content-flex-start fusion-content-layout-column\"><div class=\"fusion-meta-tb fusion-meta-tb-21 floated\" style=\"--awb-border-bottom:0px;--awb-border-top:0px;--awb-border-left:0px;--awb-border-right:0px;--awb-height:36px;--awb-margin-top:0px;--awb-padding-top:0px;--awb-alignment-medium:flex-start;--awb-alignment-small:flex-start;\"><span class=\"fusion-tb-published-date\">24. Oktober 2025<\/span><span class=\"fusion-meta-tb-sep\">|<\/span><span class=\"fusion-tb-categories\"><a href=\"https:\/\/allgeier-se.seowerk.net\/de\/kategorie\/ad-hoc-mitteilungen\/\" rel=\"category tag\">Ad hoc-Mitteilungen<\/a><\/span><span class=\"fusion-meta-tb-sep\">|<\/span><\/div><div class=\"fusion-title title fusion-title-27 fusion-sep-none fusion-title-text fusion-title-size-paragraph\" style=\"--awb-margin-top:0px;--awb-margin-bottom:0px;--awb-font-size:var(--awb-typography3-font-size);\"><p class=\"fusion-title-heading title-heading-left title-heading-tag fusion-responsive-typography-calculated\" style=\"font-family:var(--awb-typography3-font-family);font-weight:var(--awb-typography3-font-weight);font-style:var(--awb-typography3-font-style);margin:0;letter-spacing:var(--awb-typography3-letter-spacing);text-transform:var(--awb-typography3-text-transform);font-size:1em;--fontSize:24;line-height:var(--awb-typography3-line-height);\"><a href=\"https:\/\/allgeier-se.seowerk.net\/de\/ad-hoc-mitteilungen\/allgeier-se-allgeier-veraeussert-it-managed-services-geschaeft-und-fokussiert-sich-auf-das-kerngeschaeft-mit-softwareloesungen-zur-digitalisierung-von-geschaefts-und-verwaltungsprozessen\/\" class=\"awb-custom-text-color awb-custom-text-hover-color\" target=\"_self\">ALLGEIER SE: Allgeier ver\u00e4u\u00dfert IT-Managed Services-Gesch\u00e4ft und fokussiert sich auf das Kerngesch\u00e4ft mit Softwarel\u00f6sungen zur Digitalisierung von Gesch\u00e4fts- und Verwaltungsprozessen<\/a><\/p><\/div><\/div><\/li>\n<li class=\"fusion-layout-column fusion_builder_column fusion-builder-column-28 fusion-flex-column post-card fusion-grid-column fusion-post-cards-grid-column ad-hoc-mitteilungen slider-startseite\" style=\"--awb-padding-top:.6em;--awb-padding-right:1em;--awb-padding-bottom:.8em;--awb-padding-left:1em;--awb-bg-color:var(--awb-color6);--awb-bg-color-hover:var(--awb-color6);--awb-bg-image:linear-gradient(20deg, hsla(var(--awb-color5-h),calc(var(--awb-color5-s) - 20%),var(--awb-color5-l),calc(var(--awb-color5-a) - 50%)) 0%,hsla(var(--awb-color6-h),calc(var(--awb-color6-s) - 20%),var(--awb-color6-l),var(--awb-color6-a)) 75%);--awb-bg-blend:overlay;--awb-bg-size:cover;--awb-border-color:hsla(var(--awb-color2-h),var(--awb-color2-s),var(--awb-color2-l),calc(var(--awb-color2-a) - 90%));--awb-border-top:0;--awb-border-right:0;--awb-border-bottom:0;--awb-border-left:0;--awb-flex-grow:0;--awb-flex-shrink:0;--awb-flex-grow-medium:0;--awb-flex-shrink-medium:0;--awb-flex-grow-small:0;--awb-flex-shrink-small:0;\"><div class=\"fusion-column-wrapper fusion-column-has-shadow fusion-flex-justify-content-flex-start fusion-content-layout-column\"><div class=\"fusion-meta-tb fusion-meta-tb-22 floated\" style=\"--awb-border-bottom:0px;--awb-border-top:0px;--awb-border-left:0px;--awb-border-right:0px;--awb-height:36px;--awb-margin-top:0px;--awb-padding-top:0px;--awb-alignment-medium:flex-start;--awb-alignment-small:flex-start;\"><span class=\"fusion-tb-published-date\">18. August 2025<\/span><span class=\"fusion-meta-tb-sep\">|<\/span><span class=\"fusion-tb-categories\"><a href=\"https:\/\/allgeier-se.seowerk.net\/de\/kategorie\/ad-hoc-mitteilungen\/\" rel=\"category tag\">Ad hoc-Mitteilungen<\/a><\/span><span class=\"fusion-meta-tb-sep\">|<\/span><\/div><div class=\"fusion-title title fusion-title-28 fusion-sep-none fusion-title-text fusion-title-size-paragraph\" style=\"--awb-margin-top:0px;--awb-margin-bottom:0px;--awb-font-size:var(--awb-typography3-font-size);\"><p class=\"fusion-title-heading title-heading-left title-heading-tag fusion-responsive-typography-calculated\" style=\"font-family:var(--awb-typography3-font-family);font-weight:var(--awb-typography3-font-weight);font-style:var(--awb-typography3-font-style);margin:0;letter-spacing:var(--awb-typography3-letter-spacing);text-transform:var(--awb-typography3-text-transform);font-size:1em;--fontSize:24;line-height:var(--awb-typography3-line-height);\"><a href=\"https:\/\/allgeier-se.seowerk.net\/de\/ad-hoc-mitteilungen\/allgeier-se-evora-uebernimmt-sap-cloud-erp-experten-all4cloud-ausbau-des-allgeier-sap-gesamtportfolios-und-der-public-cloud-strategie\/\" class=\"awb-custom-text-color awb-custom-text-hover-color\" target=\"_self\">Allgeier SE: Evora \u00fcbernimmt SAP Cloud-ERP-Experten all4cloud \u2013 Ausbau des Allgeier-SAP-Gesamtportfolios und der Public-Cloud-Strategie<\/a><\/p><\/div><\/div><\/li>\n<li class=\"fusion-layout-column fusion_builder_column fusion-builder-column-29 fusion-flex-column post-card fusion-grid-column fusion-post-cards-grid-column ad-hoc-mitteilungen\" style=\"--awb-padding-top:.6em;--awb-padding-right:1em;--awb-padding-bottom:.8em;--awb-padding-left:1em;--awb-bg-color:var(--awb-color6);--awb-bg-color-hover:var(--awb-color6);--awb-bg-image:linear-gradient(20deg, hsla(var(--awb-color5-h),calc(var(--awb-color5-s) - 20%),var(--awb-color5-l),calc(var(--awb-color5-a) - 50%)) 0%,hsla(var(--awb-color6-h),calc(var(--awb-color6-s) - 20%),var(--awb-color6-l),var(--awb-color6-a)) 75%);--awb-bg-blend:overlay;--awb-bg-size:cover;--awb-border-color:hsla(var(--awb-color2-h),var(--awb-color2-s),var(--awb-color2-l),calc(var(--awb-color2-a) - 90%));--awb-border-top:0;--awb-border-right:0;--awb-border-bottom:0;--awb-border-left:0;--awb-flex-grow:0;--awb-flex-shrink:0;--awb-flex-grow-medium:0;--awb-flex-shrink-medium:0;--awb-flex-grow-small:0;--awb-flex-shrink-small:0;\"><div class=\"fusion-column-wrapper fusion-column-has-shadow fusion-flex-justify-content-flex-start fusion-content-layout-column\"><div class=\"fusion-meta-tb fusion-meta-tb-23 floated\" style=\"--awb-border-bottom:0px;--awb-border-top:0px;--awb-border-left:0px;--awb-border-right:0px;--awb-height:36px;--awb-margin-top:0px;--awb-padding-top:0px;--awb-alignment-medium:flex-start;--awb-alignment-small:flex-start;\"><span class=\"fusion-tb-published-date\">18. August 2025<\/span><span class=\"fusion-meta-tb-sep\">|<\/span><span class=\"fusion-tb-categories\"><a href=\"https:\/\/allgeier-se.seowerk.net\/de\/kategorie\/ad-hoc-mitteilungen\/\" rel=\"category tag\">Ad hoc-Mitteilungen<\/a><\/span><span class=\"fusion-meta-tb-sep\">|<\/span><\/div><div class=\"fusion-title title fusion-title-29 fusion-sep-none fusion-title-text fusion-title-size-paragraph\" style=\"--awb-margin-top:0px;--awb-margin-bottom:0px;--awb-font-size:var(--awb-typography3-font-size);\"><p class=\"fusion-title-heading title-heading-left title-heading-tag fusion-responsive-typography-calculated\" style=\"font-family:var(--awb-typography3-font-family);font-weight:var(--awb-typography3-font-weight);font-style:var(--awb-typography3-font-style);margin:0;letter-spacing:var(--awb-typography3-letter-spacing);text-transform:var(--awb-typography3-text-transform);font-size:1em;--fontSize:24;line-height:var(--awb-typography3-line-height);\"><a href=\"https:\/\/allgeier-se.seowerk.net\/de\/ad-hoc-mitteilungen\/allgeier-se-evora-uebernimmt-sap-cloud-erp-experten-all4cloud-ausbau-des-allgeier-sap-gesamtportfolios-und-der-public-cloud-strategie-2\/\" class=\"awb-custom-text-color awb-custom-text-hover-color\" target=\"_self\">Allgeier SE: Evora \u00fcbernimmt SAP Cloud-ERP-Experten all4cloud \u2013 Ausbau des Allgeier-SAP-Gesamtportfolios und der Public-Cloud-Strategie<\/a><\/p><\/div><\/div><\/li>\n<li class=\"fusion-layout-column fusion_builder_column fusion-builder-column-30 fusion-flex-column post-card fusion-grid-column fusion-post-cards-grid-column ad-hoc-mitteilungen\" style=\"--awb-padding-top:.6em;--awb-padding-right:1em;--awb-padding-bottom:.8em;--awb-padding-left:1em;--awb-bg-color:var(--awb-color6);--awb-bg-color-hover:var(--awb-color6);--awb-bg-image:linear-gradient(20deg, hsla(var(--awb-color5-h),calc(var(--awb-color5-s) - 20%),var(--awb-color5-l),calc(var(--awb-color5-a) - 50%)) 0%,hsla(var(--awb-color6-h),calc(var(--awb-color6-s) - 20%),var(--awb-color6-l),var(--awb-color6-a)) 75%);--awb-bg-blend:overlay;--awb-bg-size:cover;--awb-border-color:hsla(var(--awb-color2-h),var(--awb-color2-s),var(--awb-color2-l),calc(var(--awb-color2-a) - 90%));--awb-border-top:0;--awb-border-right:0;--awb-border-bottom:0;--awb-border-left:0;--awb-flex-grow:0;--awb-flex-shrink:0;--awb-flex-grow-medium:0;--awb-flex-shrink-medium:0;--awb-flex-grow-small:0;--awb-flex-shrink-small:0;\"><div class=\"fusion-column-wrapper fusion-column-has-shadow fusion-flex-justify-content-flex-start fusion-content-layout-column\"><div class=\"fusion-meta-tb fusion-meta-tb-24 floated\" style=\"--awb-border-bottom:0px;--awb-border-top:0px;--awb-border-left:0px;--awb-border-right:0px;--awb-height:36px;--awb-margin-top:0px;--awb-padding-top:0px;--awb-alignment-medium:flex-start;--awb-alignment-small:flex-start;\"><span class=\"fusion-tb-published-date\">18. August 2025<\/span><span class=\"fusion-meta-tb-sep\">|<\/span><span class=\"fusion-tb-categories\"><a href=\"https:\/\/allgeier-se.seowerk.net\/de\/kategorie\/ad-hoc-mitteilungen\/\" rel=\"category tag\">Ad hoc-Mitteilungen<\/a><\/span><span class=\"fusion-meta-tb-sep\">|<\/span><\/div><div class=\"fusion-title title fusion-title-30 fusion-sep-none fusion-title-text fusion-title-size-paragraph\" style=\"--awb-margin-top:0px;--awb-margin-bottom:0px;--awb-font-size:var(--awb-typography3-font-size);\"><p class=\"fusion-title-heading title-heading-left title-heading-tag fusion-responsive-typography-calculated\" style=\"font-family:var(--awb-typography3-font-family);font-weight:var(--awb-typography3-font-weight);font-style:var(--awb-typography3-font-style);margin:0;letter-spacing:var(--awb-typography3-letter-spacing);text-transform:var(--awb-typography3-text-transform);font-size:1em;--fontSize:24;line-height:var(--awb-typography3-line-height);\"><a href=\"https:\/\/allgeier-se.seowerk.net\/de\/ad-hoc-mitteilungen\/allgeier-se-evora-uebernimmt-sap-cloud-erp-experten-all4cloud-ausbau-des-allgeier-sap-gesamtportfolios-und-der-public-cloud-strategie-2\/\" class=\"awb-custom-text-color awb-custom-text-hover-color\" target=\"_self\">Allgeier SE: Evora \u00fcbernimmt SAP Cloud-ERP-Experten all4cloud \u2013 Ausbau des Allgeier-SAP-Gesamtportfolios und der Public-Cloud-Strategie<\/a><\/p><\/div><\/div><\/li>\n<li class=\"fusion-layout-column fusion_builder_column fusion-builder-column-31 fusion-flex-column post-card fusion-grid-column fusion-post-cards-grid-column ad-hoc-mitteilungen slider-startseite\" style=\"--awb-padding-top:.6em;--awb-padding-right:1em;--awb-padding-bottom:.8em;--awb-padding-left:1em;--awb-bg-color:var(--awb-color6);--awb-bg-color-hover:var(--awb-color6);--awb-bg-image:linear-gradient(20deg, hsla(var(--awb-color5-h),calc(var(--awb-color5-s) - 20%),var(--awb-color5-l),calc(var(--awb-color5-a) - 50%)) 0%,hsla(var(--awb-color6-h),calc(var(--awb-color6-s) - 20%),var(--awb-color6-l),var(--awb-color6-a)) 75%);--awb-bg-blend:overlay;--awb-bg-size:cover;--awb-border-color:hsla(var(--awb-color2-h),var(--awb-color2-s),var(--awb-color2-l),calc(var(--awb-color2-a) - 90%));--awb-border-top:0;--awb-border-right:0;--awb-border-bottom:0;--awb-border-left:0;--awb-flex-grow:0;--awb-flex-shrink:0;--awb-flex-grow-medium:0;--awb-flex-shrink-medium:0;--awb-flex-grow-small:0;--awb-flex-shrink-small:0;\"><div class=\"fusion-column-wrapper fusion-column-has-shadow fusion-flex-justify-content-flex-start fusion-content-layout-column\"><div class=\"fusion-meta-tb fusion-meta-tb-25 floated\" style=\"--awb-border-bottom:0px;--awb-border-top:0px;--awb-border-left:0px;--awb-border-right:0px;--awb-height:36px;--awb-margin-top:0px;--awb-padding-top:0px;--awb-alignment-medium:flex-start;--awb-alignment-small:flex-start;\"><span class=\"fusion-tb-published-date\">11. August 2025<\/span><span class=\"fusion-meta-tb-sep\">|<\/span><span class=\"fusion-tb-categories\"><a href=\"https:\/\/allgeier-se.seowerk.net\/de\/kategorie\/ad-hoc-mitteilungen\/\" rel=\"category tag\">Ad hoc-Mitteilungen<\/a><\/span><span class=\"fusion-meta-tb-sep\">|<\/span><\/div><div class=\"fusion-title title fusion-title-31 fusion-sep-none fusion-title-text fusion-title-size-paragraph\" style=\"--awb-margin-top:0px;--awb-margin-bottom:0px;--awb-font-size:var(--awb-typography3-font-size);\"><p class=\"fusion-title-heading title-heading-left title-heading-tag fusion-responsive-typography-calculated\" style=\"font-family:var(--awb-typography3-font-family);font-weight:var(--awb-typography3-font-weight);font-style:var(--awb-typography3-font-style);margin:0;letter-spacing:var(--awb-typography3-letter-spacing);text-transform:var(--awb-typography3-text-transform);font-size:1em;--fontSize:24;line-height:var(--awb-typography3-line-height);\"><a href=\"https:\/\/allgeier-se.seowerk.net\/de\/ad-hoc-mitteilungen\/allgeier-se-halbjahreszahlen-2025-sind-von-investitionen-in-erwartetes-wachstum-im-oeffentlichen-sektor-gepraegt\/\" class=\"awb-custom-text-color awb-custom-text-hover-color\" target=\"_self\">ALLGEIER SE: Halbjahreszahlen 2025 sind von Investitionen in erwartetes Wachstum im \u00f6ffentlichen Sektor gepr\u00e4gt<\/a><\/p><\/div><\/div><\/li>\n<li class=\"fusion-layout-column fusion_builder_column fusion-builder-column-32 fusion-flex-column post-card fusion-grid-column fusion-post-cards-grid-column slider-startseite unternehmensnachrichten fusion-sticky\" style=\"--awb-padding-top:.6em;--awb-padding-right:1em;--awb-padding-bottom:.8em;--awb-padding-left:1em;--awb-bg-color:var(--awb-color6);--awb-bg-color-hover:var(--awb-color6);--awb-bg-image:linear-gradient(20deg, hsla(var(--awb-color5-h),calc(var(--awb-color5-s) - 20%),var(--awb-color5-l),calc(var(--awb-color5-a) - 50%)) 0%,hsla(var(--awb-color6-h),calc(var(--awb-color6-s) - 20%),var(--awb-color6-l),var(--awb-color6-a)) 75%);--awb-bg-blend:overlay;--awb-bg-size:cover;--awb-border-color:hsla(var(--awb-color2-h),var(--awb-color2-s),var(--awb-color2-l),calc(var(--awb-color2-a) - 90%));--awb-border-top:0;--awb-border-right:0;--awb-border-bottom:0;--awb-border-left:0;--awb-flex-grow:0;--awb-flex-shrink:0;--awb-flex-grow-medium:0;--awb-flex-shrink-medium:0;--awb-flex-grow-small:0;--awb-flex-shrink-small:0;\"><div class=\"fusion-column-wrapper fusion-column-has-shadow fusion-flex-justify-content-flex-start fusion-content-layout-column\"><div class=\"fusion-meta-tb fusion-meta-tb-26 floated\" style=\"--awb-border-bottom:0px;--awb-border-top:0px;--awb-border-left:0px;--awb-border-right:0px;--awb-height:36px;--awb-margin-top:0px;--awb-padding-top:0px;--awb-alignment-medium:flex-start;--awb-alignment-small:flex-start;\"><span class=\"fusion-tb-published-date\">30. Juli 2025<\/span><span class=\"fusion-meta-tb-sep\">|<\/span><span class=\"fusion-tb-categories\"><a href=\"https:\/\/allgeier-se.seowerk.net\/de\/kategorie\/pressemitteilungen\/\" rel=\"category tag\">Pressemitteilungen<\/a><\/span><span class=\"fusion-meta-tb-sep\">|<\/span><\/div><div class=\"fusion-title title fusion-title-32 fusion-sep-none fusion-title-text fusion-title-size-paragraph\" style=\"--awb-margin-top:0px;--awb-margin-bottom:0px;--awb-font-size:var(--awb-typography3-font-size);\"><p class=\"fusion-title-heading title-heading-left title-heading-tag fusion-responsive-typography-calculated\" style=\"font-family:var(--awb-typography3-font-family);font-weight:var(--awb-typography3-font-weight);font-style:var(--awb-typography3-font-style);margin:0;letter-spacing:var(--awb-typography3-letter-spacing);text-transform:var(--awb-typography3-text-transform);font-size:1em;--fontSize:24;line-height:var(--awb-typography3-line-height);\"><a href=\"https:\/\/allgeier-se.seowerk.net\/de\/pressemitteilungen\/gemeinsam-staerker-im-digital-commerce-ecube-wird-teil-von-mgm\/\" class=\"awb-custom-text-color awb-custom-text-hover-color\" target=\"_self\">Gemeinsam st\u00e4rker im Digital Commerce \u2013 eCube wird Teil von mgm<\/a><\/p><\/div><\/div><\/li>\n<li class=\"fusion-layout-column fusion_builder_column fusion-builder-column-33 fusion-flex-column post-card fusion-grid-column fusion-post-cards-grid-column ad-hoc-mitteilungen\" style=\"--awb-padding-top:.6em;--awb-padding-right:1em;--awb-padding-bottom:.8em;--awb-padding-left:1em;--awb-bg-color:var(--awb-color6);--awb-bg-color-hover:var(--awb-color6);--awb-bg-image:linear-gradient(20deg, hsla(var(--awb-color5-h),calc(var(--awb-color5-s) - 20%),var(--awb-color5-l),calc(var(--awb-color5-a) - 50%)) 0%,hsla(var(--awb-color6-h),calc(var(--awb-color6-s) - 20%),var(--awb-color6-l),var(--awb-color6-a)) 75%);--awb-bg-blend:overlay;--awb-bg-size:cover;--awb-border-color:hsla(var(--awb-color2-h),var(--awb-color2-s),var(--awb-color2-l),calc(var(--awb-color2-a) - 90%));--awb-border-top:0;--awb-border-right:0;--awb-border-bottom:0;--awb-border-left:0;--awb-flex-grow:0;--awb-flex-shrink:0;--awb-flex-grow-medium:0;--awb-flex-shrink-medium:0;--awb-flex-grow-small:0;--awb-flex-shrink-small:0;\"><div class=\"fusion-column-wrapper fusion-column-has-shadow fusion-flex-justify-content-flex-start fusion-content-layout-column\"><div class=\"fusion-meta-tb fusion-meta-tb-27 floated\" style=\"--awb-border-bottom:0px;--awb-border-top:0px;--awb-border-left:0px;--awb-border-right:0px;--awb-height:36px;--awb-margin-top:0px;--awb-padding-top:0px;--awb-alignment-medium:flex-start;--awb-alignment-small:flex-start;\"><span class=\"fusion-tb-published-date\">24. M\u00e4rz 2025<\/span><span class=\"fusion-meta-tb-sep\">|<\/span><span class=\"fusion-tb-categories\"><a href=\"https:\/\/allgeier-se.seowerk.net\/de\/kategorie\/ad-hoc-mitteilungen\/\" rel=\"category tag\">Ad hoc-Mitteilungen<\/a><\/span><span class=\"fusion-meta-tb-sep\">|<\/span><\/div><div class=\"fusion-title title fusion-title-33 fusion-sep-none fusion-title-text fusion-title-size-paragraph\" style=\"--awb-margin-top:0px;--awb-margin-bottom:0px;--awb-font-size:var(--awb-typography3-font-size);\"><p class=\"fusion-title-heading title-heading-left title-heading-tag fusion-responsive-typography-calculated\" style=\"font-family:var(--awb-typography3-font-family);font-weight:var(--awb-typography3-font-weight);font-style:var(--awb-typography3-font-style);margin:0;letter-spacing:var(--awb-typography3-letter-spacing);text-transform:var(--awb-typography3-text-transform);font-size:1em;--fontSize:24;line-height:var(--awb-typography3-line-height);\"><a href=\"https:\/\/allgeier-se.seowerk.net\/de\/ad-hoc-mitteilungen\/allgeier-se-allgeier-erreicht-die-ergebnis-guidance-fuer-2024\/\" class=\"awb-custom-text-color awb-custom-text-hover-color\" target=\"_self\">Allgeier SE: Allgeier erreicht die Ergebnis-Guidance f\u00fcr 2024<\/a><\/p><\/div><\/div><\/li>\n<li class=\"fusion-layout-column fusion_builder_column fusion-builder-column-34 fusion-flex-column post-card fusion-grid-column fusion-post-cards-grid-column unternehmensnachrichten\" style=\"--awb-padding-top:.6em;--awb-padding-right:1em;--awb-padding-bottom:.8em;--awb-padding-left:1em;--awb-bg-color:var(--awb-color6);--awb-bg-color-hover:var(--awb-color6);--awb-bg-image:linear-gradient(20deg, hsla(var(--awb-color5-h),calc(var(--awb-color5-s) - 20%),var(--awb-color5-l),calc(var(--awb-color5-a) - 50%)) 0%,hsla(var(--awb-color6-h),calc(var(--awb-color6-s) - 20%),var(--awb-color6-l),var(--awb-color6-a)) 75%);--awb-bg-blend:overlay;--awb-bg-size:cover;--awb-border-color:hsla(var(--awb-color2-h),var(--awb-color2-s),var(--awb-color2-l),calc(var(--awb-color2-a) - 90%));--awb-border-top:0;--awb-border-right:0;--awb-border-bottom:0;--awb-border-left:0;--awb-flex-grow:0;--awb-flex-shrink:0;--awb-flex-grow-medium:0;--awb-flex-shrink-medium:0;--awb-flex-grow-small:0;--awb-flex-shrink-small:0;\"><div class=\"fusion-column-wrapper fusion-column-has-shadow fusion-flex-justify-content-flex-start fusion-content-layout-column\"><div class=\"fusion-meta-tb fusion-meta-tb-28 floated\" style=\"--awb-border-bottom:0px;--awb-border-top:0px;--awb-border-left:0px;--awb-border-right:0px;--awb-height:36px;--awb-margin-top:0px;--awb-padding-top:0px;--awb-alignment-medium:flex-start;--awb-alignment-small:flex-start;\"><span class=\"fusion-tb-published-date\">11. M\u00e4rz 2025<\/span><span class=\"fusion-meta-tb-sep\">|<\/span><span class=\"fusion-tb-categories\"><a href=\"https:\/\/allgeier-se.seowerk.net\/de\/kategorie\/corporate-news\/\" rel=\"category tag\">Corporate News<\/a><\/span><span class=\"fusion-meta-tb-sep\">|<\/span><\/div><div class=\"fusion-title title fusion-title-34 fusion-sep-none fusion-title-text fusion-title-size-paragraph\" style=\"--awb-margin-top:0px;--awb-margin-bottom:0px;--awb-font-size:var(--awb-typography3-font-size);\"><p class=\"fusion-title-heading title-heading-left title-heading-tag fusion-responsive-typography-calculated\" style=\"font-family:var(--awb-typography3-font-family);font-weight:var(--awb-typography3-font-weight);font-style:var(--awb-typography3-font-style);margin:0;letter-spacing:var(--awb-typography3-letter-spacing);text-transform:var(--awb-typography3-text-transform);font-size:1em;--fontSize:24;line-height:var(--awb-typography3-line-height);\"><a href=\"https:\/\/allgeier-se.seowerk.net\/de\/corporate-news\/allgeier-se-klarstellung-zum-pruefungsergebnis-der-bafin\/\" class=\"awb-custom-text-color awb-custom-text-hover-color\" target=\"_self\">Allgeier SE: Klarstellung zum Pr\u00fcfungsergebnis der BaFin<\/a><\/p><\/div><\/div><\/li>\n<li class=\"fusion-layout-column fusion_builder_column fusion-builder-column-35 fusion-flex-column post-card fusion-grid-column fusion-post-cards-grid-column ad-hoc-mitteilungen\" style=\"--awb-padding-top:.6em;--awb-padding-right:1em;--awb-padding-bottom:.8em;--awb-padding-left:1em;--awb-bg-color:var(--awb-color6);--awb-bg-color-hover:var(--awb-color6);--awb-bg-image:linear-gradient(20deg, hsla(var(--awb-color5-h),calc(var(--awb-color5-s) - 20%),var(--awb-color5-l),calc(var(--awb-color5-a) - 50%)) 0%,hsla(var(--awb-color6-h),calc(var(--awb-color6-s) - 20%),var(--awb-color6-l),var(--awb-color6-a)) 75%);--awb-bg-blend:overlay;--awb-bg-size:cover;--awb-border-color:hsla(var(--awb-color2-h),var(--awb-color2-s),var(--awb-color2-l),calc(var(--awb-color2-a) - 90%));--awb-border-top:0;--awb-border-right:0;--awb-border-bottom:0;--awb-border-left:0;--awb-flex-grow:0;--awb-flex-shrink:0;--awb-flex-grow-medium:0;--awb-flex-shrink-medium:0;--awb-flex-grow-small:0;--awb-flex-shrink-small:0;\"><div class=\"fusion-column-wrapper fusion-column-has-shadow fusion-flex-justify-content-flex-start fusion-content-layout-column\"><div class=\"fusion-meta-tb fusion-meta-tb-29 floated\" style=\"--awb-border-bottom:0px;--awb-border-top:0px;--awb-border-left:0px;--awb-border-right:0px;--awb-height:36px;--awb-margin-top:0px;--awb-padding-top:0px;--awb-alignment-medium:flex-start;--awb-alignment-small:flex-start;\"><span class=\"fusion-tb-published-date\">20. Dezember 2024<\/span><span class=\"fusion-meta-tb-sep\">|<\/span><span class=\"fusion-tb-categories\"><a href=\"https:\/\/allgeier-se.seowerk.net\/de\/kategorie\/ad-hoc-mitteilungen\/\" rel=\"category tag\">Ad hoc-Mitteilungen<\/a><\/span><span class=\"fusion-meta-tb-sep\">|<\/span><\/div><div class=\"fusion-title title fusion-title-35 fusion-sep-none fusion-title-text fusion-title-size-paragraph\" style=\"--awb-margin-top:0px;--awb-margin-bottom:0px;--awb-font-size:var(--awb-typography3-font-size);\"><p class=\"fusion-title-heading title-heading-left title-heading-tag fusion-responsive-typography-calculated\" style=\"font-family:var(--awb-typography3-font-family);font-weight:var(--awb-typography3-font-weight);font-style:var(--awb-typography3-font-style);margin:0;letter-spacing:var(--awb-typography3-letter-spacing);text-transform:var(--awb-typography3-text-transform);font-size:1em;--fontSize:24;line-height:var(--awb-typography3-line-height);\"><a href=\"https:\/\/allgeier-se.seowerk.net\/de\/ad-hoc-mitteilungen\/allgeier-se-guidance-fuer-das-geschaeftsjahr-2025-und-mittelfristige-erwartung\/\" class=\"awb-custom-text-color awb-custom-text-hover-color\" target=\"_self\">Allgeier SE: Guidance f\u00fcr das Gesch\u00e4ftsjahr 2025 und mittelfristige Erwartung<\/a><\/p><\/div><\/div><\/li>\n<li class=\"fusion-layout-column fusion_builder_column fusion-builder-column-36 fusion-flex-column post-card fusion-grid-column fusion-post-cards-grid-column ad-hoc-mitteilungen\" style=\"--awb-padding-top:.6em;--awb-padding-right:1em;--awb-padding-bottom:.8em;--awb-padding-left:1em;--awb-bg-color:var(--awb-color6);--awb-bg-color-hover:var(--awb-color6);--awb-bg-image:linear-gradient(20deg, hsla(var(--awb-color5-h),calc(var(--awb-color5-s) - 20%),var(--awb-color5-l),calc(var(--awb-color5-a) - 50%)) 0%,hsla(var(--awb-color6-h),calc(var(--awb-color6-s) - 20%),var(--awb-color6-l),var(--awb-color6-a)) 75%);--awb-bg-blend:overlay;--awb-bg-size:cover;--awb-border-color:hsla(var(--awb-color2-h),var(--awb-color2-s),var(--awb-color2-l),calc(var(--awb-color2-a) - 90%));--awb-border-top:0;--awb-border-right:0;--awb-border-bottom:0;--awb-border-left:0;--awb-flex-grow:0;--awb-flex-shrink:0;--awb-flex-grow-medium:0;--awb-flex-shrink-medium:0;--awb-flex-grow-small:0;--awb-flex-shrink-small:0;\"><div class=\"fusion-column-wrapper fusion-column-has-shadow fusion-flex-justify-content-flex-start fusion-content-layout-column\"><div class=\"fusion-meta-tb fusion-meta-tb-30 floated\" style=\"--awb-border-bottom:0px;--awb-border-top:0px;--awb-border-left:0px;--awb-border-right:0px;--awb-height:36px;--awb-margin-top:0px;--awb-padding-top:0px;--awb-alignment-medium:flex-start;--awb-alignment-small:flex-start;\"><span class=\"fusion-tb-published-date\">5. November 2024<\/span><span class=\"fusion-meta-tb-sep\">|<\/span><span class=\"fusion-tb-categories\"><a href=\"https:\/\/allgeier-se.seowerk.net\/de\/kategorie\/ad-hoc-mitteilungen\/\" rel=\"category tag\">Ad hoc-Mitteilungen<\/a><\/span><span class=\"fusion-meta-tb-sep\">|<\/span><\/div><div class=\"fusion-title title fusion-title-36 fusion-sep-none fusion-title-text fusion-title-size-paragraph\" style=\"--awb-margin-top:0px;--awb-margin-bottom:0px;--awb-font-size:var(--awb-typography3-font-size);\"><p class=\"fusion-title-heading title-heading-left title-heading-tag fusion-responsive-typography-calculated\" style=\"font-family:var(--awb-typography3-font-family);font-weight:var(--awb-typography3-font-weight);font-style:var(--awb-typography3-font-style);margin:0;letter-spacing:var(--awb-typography3-letter-spacing);text-transform:var(--awb-typography3-text-transform);font-size:1em;--fontSize:24;line-height:var(--awb-typography3-line-height);\"><a href=\"https:\/\/allgeier-se.seowerk.net\/de\/ad-hoc-mitteilungen\/allgeier-se-geschaeftsverlauf-im-dritten-quartal-2024-weiterhin-durch-sondereinfluss-im-public-bereich-gepraegt\/\" class=\"awb-custom-text-color awb-custom-text-hover-color\" target=\"_self\">Allgeier SE: Gesch\u00e4ftsverlauf im dritten Quartal 2024 weiterhin durch Sondereinfluss im Public-Bereich gepr\u00e4gt<\/a><\/p><\/div><\/div><\/li>\n<li class=\"fusion-layout-column fusion_builder_column fusion-builder-column-37 fusion-flex-column post-card fusion-grid-column fusion-post-cards-grid-column ad-hoc-mitteilungen\" style=\"--awb-padding-top:.6em;--awb-padding-right:1em;--awb-padding-bottom:.8em;--awb-padding-left:1em;--awb-bg-color:var(--awb-color6);--awb-bg-color-hover:var(--awb-color6);--awb-bg-image:linear-gradient(20deg, hsla(var(--awb-color5-h),calc(var(--awb-color5-s) - 20%),var(--awb-color5-l),calc(var(--awb-color5-a) - 50%)) 0%,hsla(var(--awb-color6-h),calc(var(--awb-color6-s) - 20%),var(--awb-color6-l),var(--awb-color6-a)) 75%);--awb-bg-blend:overlay;--awb-bg-size:cover;--awb-border-color:hsla(var(--awb-color2-h),var(--awb-color2-s),var(--awb-color2-l),calc(var(--awb-color2-a) - 90%));--awb-border-top:0;--awb-border-right:0;--awb-border-bottom:0;--awb-border-left:0;--awb-flex-grow:0;--awb-flex-shrink:0;--awb-flex-grow-medium:0;--awb-flex-shrink-medium:0;--awb-flex-grow-small:0;--awb-flex-shrink-small:0;\"><div class=\"fusion-column-wrapper fusion-column-has-shadow fusion-flex-justify-content-flex-start fusion-content-layout-column\"><div class=\"fusion-meta-tb fusion-meta-tb-31 floated\" style=\"--awb-border-bottom:0px;--awb-border-top:0px;--awb-border-left:0px;--awb-border-right:0px;--awb-height:36px;--awb-margin-top:0px;--awb-padding-top:0px;--awb-alignment-medium:flex-start;--awb-alignment-small:flex-start;\"><span class=\"fusion-tb-published-date\">10. Oktober 2024<\/span><span class=\"fusion-meta-tb-sep\">|<\/span><span class=\"fusion-tb-categories\"><a href=\"https:\/\/allgeier-se.seowerk.net\/de\/kategorie\/ad-hoc-mitteilungen\/\" rel=\"category tag\">Ad hoc-Mitteilungen<\/a><\/span><span class=\"fusion-meta-tb-sep\">|<\/span><\/div><div class=\"fusion-title title fusion-title-37 fusion-sep-none fusion-title-text fusion-title-size-paragraph\" style=\"--awb-margin-top:0px;--awb-margin-bottom:0px;--awb-font-size:var(--awb-typography3-font-size);\"><p class=\"fusion-title-heading title-heading-left title-heading-tag fusion-responsive-typography-calculated\" style=\"font-family:var(--awb-typography3-font-family);font-weight:var(--awb-typography3-font-weight);font-style:var(--awb-typography3-font-style);margin:0;letter-spacing:var(--awb-typography3-letter-spacing);text-transform:var(--awb-typography3-text-transform);font-size:1em;--fontSize:24;line-height:var(--awb-typography3-line-height);\"><a href=\"https:\/\/allgeier-se.seowerk.net\/de\/ad-hoc-mitteilungen\/allgeier-se-allgeier-veraeussert-teil-des-personaldienstleistungsgeschaefts\/\" class=\"awb-custom-text-color awb-custom-text-hover-color\" target=\"_self\">Allgeier SE: Allgeier ver\u00e4u\u00dfert Teil des Personal\u00addienstleistungs\u00adgesch\u00e4fts<\/a><\/p><\/div><\/div><\/li>\n<li class=\"fusion-layout-column fusion_builder_column fusion-builder-column-38 fusion-flex-column post-card fusion-grid-column fusion-post-cards-grid-column unternehmensnachrichten\" style=\"--awb-padding-top:.6em;--awb-padding-right:1em;--awb-padding-bottom:.8em;--awb-padding-left:1em;--awb-bg-color:var(--awb-color6);--awb-bg-color-hover:var(--awb-color6);--awb-bg-image:linear-gradient(20deg, hsla(var(--awb-color5-h),calc(var(--awb-color5-s) - 20%),var(--awb-color5-l),calc(var(--awb-color5-a) - 50%)) 0%,hsla(var(--awb-color6-h),calc(var(--awb-color6-s) - 20%),var(--awb-color6-l),var(--awb-color6-a)) 75%);--awb-bg-blend:overlay;--awb-bg-size:cover;--awb-border-color:hsla(var(--awb-color2-h),var(--awb-color2-s),var(--awb-color2-l),calc(var(--awb-color2-a) - 90%));--awb-border-top:0;--awb-border-right:0;--awb-border-bottom:0;--awb-border-left:0;--awb-flex-grow:0;--awb-flex-shrink:0;--awb-flex-grow-medium:0;--awb-flex-shrink-medium:0;--awb-flex-grow-small:0;--awb-flex-shrink-small:0;\"><div class=\"fusion-column-wrapper fusion-column-has-shadow fusion-flex-justify-content-flex-start fusion-content-layout-column\"><div class=\"fusion-meta-tb fusion-meta-tb-32 floated\" style=\"--awb-border-bottom:0px;--awb-border-top:0px;--awb-border-left:0px;--awb-border-right:0px;--awb-height:36px;--awb-margin-top:0px;--awb-padding-top:0px;--awb-alignment-medium:flex-start;--awb-alignment-small:flex-start;\"><span class=\"fusion-tb-published-date\">13. August 2024<\/span><span class=\"fusion-meta-tb-sep\">|<\/span><span class=\"fusion-tb-categories\"><a href=\"https:\/\/allgeier-se.seowerk.net\/de\/kategorie\/news\/\" rel=\"category tag\">News<\/a><\/span><span class=\"fusion-meta-tb-sep\">|<\/span><\/div><div class=\"fusion-title title fusion-title-38 fusion-sep-none fusion-title-text fusion-title-size-paragraph\" style=\"--awb-margin-top:0px;--awb-margin-bottom:0px;--awb-font-size:var(--awb-typography3-font-size);\"><p class=\"fusion-title-heading title-heading-left title-heading-tag fusion-responsive-typography-calculated\" style=\"font-family:var(--awb-typography3-font-family);font-weight:var(--awb-typography3-font-weight);font-style:var(--awb-typography3-font-style);margin:0;letter-spacing:var(--awb-typography3-letter-spacing);text-transform:var(--awb-typography3-text-transform);font-size:1em;--fontSize:24;line-height:var(--awb-typography3-line-height);\"><a href=\"https:\/\/allgeier-se.seowerk.net\/de\/news\/allgeier-se-vorabbekanntmachung-ueber-die-veroeffentlichung-von-finanzberichten-gemaess-%c2%a7-114-115-117-wphg-9\/\" class=\"awb-custom-text-color awb-custom-text-hover-color\" target=\"_self\">ALLGEIER SE: Vorabbekanntmachung \u00fcber die Ver\u00f6ffentlichung von Finanzberichten gem\u00e4\u00df \u00a7 114, 115, 117 WpHG<\/a><\/p><\/div><\/div><\/li>\n<li class=\"fusion-layout-column fusion_builder_column fusion-builder-column-39 fusion-flex-column post-card fusion-grid-column fusion-post-cards-grid-column ad-hoc-mitteilungen\" style=\"--awb-padding-top:.6em;--awb-padding-right:1em;--awb-padding-bottom:.8em;--awb-padding-left:1em;--awb-bg-color:var(--awb-color6);--awb-bg-color-hover:var(--awb-color6);--awb-bg-image:linear-gradient(20deg, hsla(var(--awb-color5-h),calc(var(--awb-color5-s) - 20%),var(--awb-color5-l),calc(var(--awb-color5-a) - 50%)) 0%,hsla(var(--awb-color6-h),calc(var(--awb-color6-s) - 20%),var(--awb-color6-l),var(--awb-color6-a)) 75%);--awb-bg-blend:overlay;--awb-bg-size:cover;--awb-border-color:hsla(var(--awb-color2-h),var(--awb-color2-s),var(--awb-color2-l),calc(var(--awb-color2-a) - 90%));--awb-border-top:0;--awb-border-right:0;--awb-border-bottom:0;--awb-border-left:0;--awb-flex-grow:0;--awb-flex-shrink:0;--awb-flex-grow-medium:0;--awb-flex-shrink-medium:0;--awb-flex-grow-small:0;--awb-flex-shrink-small:0;\"><div class=\"fusion-column-wrapper fusion-column-has-shadow fusion-flex-justify-content-flex-start fusion-content-layout-column\"><div class=\"fusion-meta-tb fusion-meta-tb-33 floated\" style=\"--awb-border-bottom:0px;--awb-border-top:0px;--awb-border-left:0px;--awb-border-right:0px;--awb-height:36px;--awb-margin-top:0px;--awb-padding-top:0px;--awb-alignment-medium:flex-start;--awb-alignment-small:flex-start;\"><span class=\"fusion-tb-published-date\">6. August 2024<\/span><span class=\"fusion-meta-tb-sep\">|<\/span><span class=\"fusion-tb-categories\"><a href=\"https:\/\/allgeier-se.seowerk.net\/de\/kategorie\/ad-hoc-mitteilungen\/\" rel=\"category tag\">Ad hoc-Mitteilungen<\/a><\/span><span class=\"fusion-meta-tb-sep\">|<\/span><\/div><div class=\"fusion-title title fusion-title-39 fusion-sep-none fusion-title-text fusion-title-size-paragraph\" style=\"--awb-margin-top:0px;--awb-margin-bottom:0px;--awb-font-size:var(--awb-typography3-font-size);\"><p class=\"fusion-title-heading title-heading-left title-heading-tag fusion-responsive-typography-calculated\" style=\"font-family:var(--awb-typography3-font-family);font-weight:var(--awb-typography3-font-weight);font-style:var(--awb-typography3-font-style);margin:0;letter-spacing:var(--awb-typography3-letter-spacing);text-transform:var(--awb-typography3-text-transform);font-size:1em;--fontSize:24;line-height:var(--awb-typography3-line-height);\"><a href=\"https:\/\/allgeier-se.seowerk.net\/de\/ad-hoc-mitteilungen\/allgeier-se-geschaeftsverlauf-im-ersten-halbjahr-2024-unterliegt-sondereinfluss-durch-ozg-aenderungsgesetz-spuerbare-verbesserung-fuer-das-zweite-halbjahr-erwartet\/\" class=\"awb-custom-text-color awb-custom-text-hover-color\" target=\"_self\">Allgeier SE: Gesch\u00e4ftsverlauf im ersten Halbjahr 2024 unterliegt Sondereinfluss durch OZG-\u00c4nderungsgesetz; sp\u00fcrbare Verbesserung f\u00fcr das zweite Halbjahr erwartet<\/a><\/p><\/div><\/div><\/li>\n<li class=\"fusion-layout-column fusion_builder_column fusion-builder-column-40 fusion-flex-column post-card fusion-grid-column fusion-post-cards-grid-column ad-hoc-mitteilungen\" style=\"--awb-padding-top:.6em;--awb-padding-right:1em;--awb-padding-bottom:.8em;--awb-padding-left:1em;--awb-bg-color:var(--awb-color6);--awb-bg-color-hover:var(--awb-color6);--awb-bg-image:linear-gradient(20deg, hsla(var(--awb-color5-h),calc(var(--awb-color5-s) - 20%),var(--awb-color5-l),calc(var(--awb-color5-a) - 50%)) 0%,hsla(var(--awb-color6-h),calc(var(--awb-color6-s) - 20%),var(--awb-color6-l),var(--awb-color6-a)) 75%);--awb-bg-blend:overlay;--awb-bg-size:cover;--awb-border-color:hsla(var(--awb-color2-h),var(--awb-color2-s),var(--awb-color2-l),calc(var(--awb-color2-a) - 90%));--awb-border-top:0;--awb-border-right:0;--awb-border-bottom:0;--awb-border-left:0;--awb-flex-grow:0;--awb-flex-shrink:0;--awb-flex-grow-medium:0;--awb-flex-shrink-medium:0;--awb-flex-grow-small:0;--awb-flex-shrink-small:0;\"><div class=\"fusion-column-wrapper fusion-column-has-shadow fusion-flex-justify-content-flex-start fusion-content-layout-column\"><div class=\"fusion-meta-tb fusion-meta-tb-34 floated\" style=\"--awb-border-bottom:0px;--awb-border-top:0px;--awb-border-left:0px;--awb-border-right:0px;--awb-height:36px;--awb-margin-top:0px;--awb-padding-top:0px;--awb-alignment-medium:flex-start;--awb-alignment-small:flex-start;\"><span class=\"fusion-tb-published-date\">6. Mai 2024<\/span><span class=\"fusion-meta-tb-sep\">|<\/span><span class=\"fusion-tb-categories\"><a href=\"https:\/\/allgeier-se.seowerk.net\/de\/kategorie\/ad-hoc-mitteilungen\/\" rel=\"category tag\">Ad hoc-Mitteilungen<\/a><\/span><span class=\"fusion-meta-tb-sep\">|<\/span><\/div><div class=\"fusion-title title fusion-title-40 fusion-sep-none fusion-title-text fusion-title-size-paragraph\" style=\"--awb-margin-top:0px;--awb-margin-bottom:0px;--awb-font-size:var(--awb-typography3-font-size);\"><p class=\"fusion-title-heading title-heading-left title-heading-tag fusion-responsive-typography-calculated\" style=\"font-family:var(--awb-typography3-font-family);font-weight:var(--awb-typography3-font-weight);font-style:var(--awb-typography3-font-style);margin:0;letter-spacing:var(--awb-typography3-letter-spacing);text-transform:var(--awb-typography3-text-transform);font-size:1em;--fontSize:24;line-height:var(--awb-typography3-line-height);\"><a href=\"https:\/\/allgeier-se.seowerk.net\/de\/ad-hoc-mitteilungen\/allgeier-se-transformation-zu-hoeheren-wertschoepfungsmargen-praegt-das-erste-quartal-2024\/\" class=\"awb-custom-text-color awb-custom-text-hover-color\" target=\"_self\">Allgeier SE: Transformation zu h\u00f6heren Wertsch\u00f6pfungsmargen pr\u00e4gt das erste Quartal 2024<\/a><\/p><\/div><\/div><\/li>\n<li class=\"fusion-layout-column fusion_builder_column fusion-builder-column-41 fusion-flex-column post-card fusion-grid-column fusion-post-cards-grid-column unternehmensnachrichten\" style=\"--awb-padding-top:.6em;--awb-padding-right:1em;--awb-padding-bottom:.8em;--awb-padding-left:1em;--awb-bg-color:var(--awb-color6);--awb-bg-color-hover:var(--awb-color6);--awb-bg-image:linear-gradient(20deg, hsla(var(--awb-color5-h),calc(var(--awb-color5-s) - 20%),var(--awb-color5-l),calc(var(--awb-color5-a) - 50%)) 0%,hsla(var(--awb-color6-h),calc(var(--awb-color6-s) - 20%),var(--awb-color6-l),var(--awb-color6-a)) 75%);--awb-bg-blend:overlay;--awb-bg-size:cover;--awb-border-color:hsla(var(--awb-color2-h),var(--awb-color2-s),var(--awb-color2-l),calc(var(--awb-color2-a) - 90%));--awb-border-top:0;--awb-border-right:0;--awb-border-bottom:0;--awb-border-left:0;--awb-flex-grow:0;--awb-flex-shrink:0;--awb-flex-grow-medium:0;--awb-flex-shrink-medium:0;--awb-flex-grow-small:0;--awb-flex-shrink-small:0;\"><div class=\"fusion-column-wrapper fusion-column-has-shadow fusion-flex-justify-content-flex-start fusion-content-layout-column\"><div class=\"fusion-meta-tb fusion-meta-tb-35 floated\" style=\"--awb-border-bottom:0px;--awb-border-top:0px;--awb-border-left:0px;--awb-border-right:0px;--awb-height:36px;--awb-margin-top:0px;--awb-padding-top:0px;--awb-alignment-medium:flex-start;--awb-alignment-small:flex-start;\"><span class=\"fusion-tb-published-date\">29. April 2024<\/span><span class=\"fusion-meta-tb-sep\">|<\/span><span class=\"fusion-tb-categories\"><a href=\"https:\/\/allgeier-se.seowerk.net\/de\/kategorie\/news\/\" rel=\"category tag\">News<\/a><\/span><span class=\"fusion-meta-tb-sep\">|<\/span><\/div><div class=\"fusion-title title fusion-title-41 fusion-sep-none fusion-title-text fusion-title-size-paragraph\" style=\"--awb-margin-top:0px;--awb-margin-bottom:0px;--awb-font-size:var(--awb-typography3-font-size);\"><p class=\"fusion-title-heading title-heading-left title-heading-tag fusion-responsive-typography-calculated\" style=\"font-family:var(--awb-typography3-font-family);font-weight:var(--awb-typography3-font-weight);font-style:var(--awb-typography3-font-style);margin:0;letter-spacing:var(--awb-typography3-letter-spacing);text-transform:var(--awb-typography3-text-transform);font-size:1em;--fontSize:24;line-height:var(--awb-typography3-line-height);\"><a href=\"https:\/\/allgeier-se.seowerk.net\/de\/news\/allgeier-se-vorabbekanntmachung-ueber-die-veroeffentlichung-von-finanzberichten-gemaess-%c2%a7-114-115-117-wphg-8\/\" class=\"awb-custom-text-color awb-custom-text-hover-color\" target=\"_self\">ALLGEIER SE: Vorabbekanntmachung \u00fcber die Ver\u00f6ffentlichung von Finanzberichten gem\u00e4\u00df \u00a7 114, 115, 117 WpHG<\/a><\/p><\/div><\/div><\/li>\n<li class=\"fusion-layout-column fusion_builder_column fusion-builder-column-42 fusion-flex-column post-card fusion-grid-column fusion-post-cards-grid-column ad-hoc-mitteilungen\" style=\"--awb-padding-top:.6em;--awb-padding-right:1em;--awb-padding-bottom:.8em;--awb-padding-left:1em;--awb-bg-color:var(--awb-color6);--awb-bg-color-hover:var(--awb-color6);--awb-bg-image:linear-gradient(20deg, hsla(var(--awb-color5-h),calc(var(--awb-color5-s) - 20%),var(--awb-color5-l),calc(var(--awb-color5-a) - 50%)) 0%,hsla(var(--awb-color6-h),calc(var(--awb-color6-s) - 20%),var(--awb-color6-l),var(--awb-color6-a)) 75%);--awb-bg-blend:overlay;--awb-bg-size:cover;--awb-border-color:hsla(var(--awb-color2-h),var(--awb-color2-s),var(--awb-color2-l),calc(var(--awb-color2-a) - 90%));--awb-border-top:0;--awb-border-right:0;--awb-border-bottom:0;--awb-border-left:0;--awb-flex-grow:0;--awb-flex-shrink:0;--awb-flex-grow-medium:0;--awb-flex-shrink-medium:0;--awb-flex-grow-small:0;--awb-flex-shrink-small:0;\"><div class=\"fusion-column-wrapper fusion-column-has-shadow fusion-flex-justify-content-flex-start fusion-content-layout-column\"><div class=\"fusion-meta-tb fusion-meta-tb-36 floated\" style=\"--awb-border-bottom:0px;--awb-border-top:0px;--awb-border-left:0px;--awb-border-right:0px;--awb-height:36px;--awb-margin-top:0px;--awb-padding-top:0px;--awb-alignment-medium:flex-start;--awb-alignment-small:flex-start;\"><span class=\"fusion-tb-published-date\">7. M\u00e4rz 2024<\/span><span class=\"fusion-meta-tb-sep\">|<\/span><span class=\"fusion-tb-categories\"><a href=\"https:\/\/allgeier-se.seowerk.net\/de\/kategorie\/ad-hoc-mitteilungen\/\" rel=\"category tag\">Ad hoc-Mitteilungen<\/a><\/span><span class=\"fusion-meta-tb-sep\">|<\/span><\/div><div class=\"fusion-title title fusion-title-42 fusion-sep-none fusion-title-text fusion-title-size-paragraph\" style=\"--awb-margin-top:0px;--awb-margin-bottom:0px;--awb-font-size:var(--awb-typography3-font-size);\"><p class=\"fusion-title-heading title-heading-left title-heading-tag fusion-responsive-typography-calculated\" style=\"font-family:var(--awb-typography3-font-family);font-weight:var(--awb-typography3-font-weight);font-style:var(--awb-typography3-font-style);margin:0;letter-spacing:var(--awb-typography3-letter-spacing);text-transform:var(--awb-typography3-text-transform);font-size:1em;--fontSize:24;line-height:var(--awb-typography3-line-height);\"><a href=\"https:\/\/allgeier-se.seowerk.net\/de\/ad-hoc-mitteilungen\/allgeier-se-allgeier-waechst-im-geschaeftsjahr-2023-zweistellig-im-software-und-it-services-geschaeft\/\" class=\"awb-custom-text-color awb-custom-text-hover-color\" target=\"_self\">Allgeier SE: Allgeier w\u00e4chst im Gesch\u00e4ftsjahr 2023 zweistellig im Software- und IT-Services-Gesch\u00e4ft<\/a><\/p><\/div><\/div><\/li>\n<li class=\"fusion-layout-column fusion_builder_column fusion-builder-column-43 fusion-flex-column post-card fusion-grid-column fusion-post-cards-grid-column ad-hoc-mitteilungen\" style=\"--awb-padding-top:.6em;--awb-padding-right:1em;--awb-padding-bottom:.8em;--awb-padding-left:1em;--awb-bg-color:var(--awb-color6);--awb-bg-color-hover:var(--awb-color6);--awb-bg-image:linear-gradient(20deg, hsla(var(--awb-color5-h),calc(var(--awb-color5-s) - 20%),var(--awb-color5-l),calc(var(--awb-color5-a) - 50%)) 0%,hsla(var(--awb-color6-h),calc(var(--awb-color6-s) - 20%),var(--awb-color6-l),var(--awb-color6-a)) 75%);--awb-bg-blend:overlay;--awb-bg-size:cover;--awb-border-color:hsla(var(--awb-color2-h),var(--awb-color2-s),var(--awb-color2-l),calc(var(--awb-color2-a) - 90%));--awb-border-top:0;--awb-border-right:0;--awb-border-bottom:0;--awb-border-left:0;--awb-flex-grow:0;--awb-flex-shrink:0;--awb-flex-grow-medium:0;--awb-flex-shrink-medium:0;--awb-flex-grow-small:0;--awb-flex-shrink-small:0;\"><div class=\"fusion-column-wrapper fusion-column-has-shadow fusion-flex-justify-content-flex-start fusion-content-layout-column\"><div class=\"fusion-meta-tb fusion-meta-tb-37 floated\" style=\"--awb-border-bottom:0px;--awb-border-top:0px;--awb-border-left:0px;--awb-border-right:0px;--awb-height:36px;--awb-margin-top:0px;--awb-padding-top:0px;--awb-alignment-medium:flex-start;--awb-alignment-small:flex-start;\"><span class=\"fusion-tb-published-date\">14. Dezember 2023<\/span><span class=\"fusion-meta-tb-sep\">|<\/span><span class=\"fusion-tb-categories\"><a href=\"https:\/\/allgeier-se.seowerk.net\/de\/kategorie\/ad-hoc-mitteilungen\/\" rel=\"category tag\">Ad hoc-Mitteilungen<\/a><\/span><span class=\"fusion-meta-tb-sep\">|<\/span><\/div><div class=\"fusion-title title fusion-title-43 fusion-sep-none fusion-title-text fusion-title-size-paragraph\" style=\"--awb-margin-top:0px;--awb-margin-bottom:0px;--awb-font-size:var(--awb-typography3-font-size);\"><p class=\"fusion-title-heading title-heading-left title-heading-tag fusion-responsive-typography-calculated\" style=\"font-family:var(--awb-typography3-font-family);font-weight:var(--awb-typography3-font-weight);font-style:var(--awb-typography3-font-style);margin:0;letter-spacing:var(--awb-typography3-letter-spacing);text-transform:var(--awb-typography3-text-transform);font-size:1em;--fontSize:24;line-height:var(--awb-typography3-line-height);\"><a href=\"https:\/\/allgeier-se.seowerk.net\/de\/ad-hoc-mitteilungen\/allgeier-se-guidance-fuer-das-geschaeftsjahr-2024-und-mittelfristige-erwartung\/\" class=\"awb-custom-text-color awb-custom-text-hover-color\" target=\"_self\">Allgeier SE: Guidance f\u00fcr das Gesch\u00e4ftsjahr 2024 und mittelfristige Erwartung<\/a><\/p><\/div><\/div><\/li>\n<li class=\"fusion-layout-column fusion_builder_column fusion-builder-column-44 fusion-flex-column post-card fusion-grid-column fusion-post-cards-grid-column unternehmensnachrichten\" style=\"--awb-padding-top:.6em;--awb-padding-right:1em;--awb-padding-bottom:.8em;--awb-padding-left:1em;--awb-bg-color:var(--awb-color6);--awb-bg-color-hover:var(--awb-color6);--awb-bg-image:linear-gradient(20deg, hsla(var(--awb-color5-h),calc(var(--awb-color5-s) - 20%),var(--awb-color5-l),calc(var(--awb-color5-a) - 50%)) 0%,hsla(var(--awb-color6-h),calc(var(--awb-color6-s) - 20%),var(--awb-color6-l),var(--awb-color6-a)) 75%);--awb-bg-blend:overlay;--awb-bg-size:cover;--awb-border-color:hsla(var(--awb-color2-h),var(--awb-color2-s),var(--awb-color2-l),calc(var(--awb-color2-a) - 90%));--awb-border-top:0;--awb-border-right:0;--awb-border-bottom:0;--awb-border-left:0;--awb-flex-grow:0;--awb-flex-shrink:0;--awb-flex-grow-medium:0;--awb-flex-shrink-medium:0;--awb-flex-grow-small:0;--awb-flex-shrink-small:0;\"><div class=\"fusion-column-wrapper fusion-column-has-shadow fusion-flex-justify-content-flex-start fusion-content-layout-column\"><div class=\"fusion-meta-tb fusion-meta-tb-38 floated\" style=\"--awb-border-bottom:0px;--awb-border-top:0px;--awb-border-left:0px;--awb-border-right:0px;--awb-height:36px;--awb-margin-top:0px;--awb-padding-top:0px;--awb-alignment-medium:flex-start;--awb-alignment-small:flex-start;\"><span class=\"fusion-tb-published-date\">13. Dezember 2023<\/span><span class=\"fusion-meta-tb-sep\">|<\/span><span class=\"fusion-tb-categories\"><a href=\"https:\/\/allgeier-se.seowerk.net\/de\/kategorie\/corporate-news\/\" rel=\"category tag\">Corporate News<\/a><\/span><span class=\"fusion-meta-tb-sep\">|<\/span><\/div><div class=\"fusion-title title fusion-title-44 fusion-sep-none fusion-title-text fusion-title-size-paragraph\" style=\"--awb-margin-top:0px;--awb-margin-bottom:0px;--awb-font-size:var(--awb-typography3-font-size);\"><p class=\"fusion-title-heading title-heading-left title-heading-tag fusion-responsive-typography-calculated\" style=\"font-family:var(--awb-typography3-font-family);font-weight:var(--awb-typography3-font-weight);font-style:var(--awb-typography3-font-style);margin:0;letter-spacing:var(--awb-typography3-letter-spacing);text-transform:var(--awb-typography3-text-transform);font-size:1em;--fontSize:24;line-height:var(--awb-typography3-line-height);\"><a href=\"https:\/\/allgeier-se.seowerk.net\/de\/corporate-news\/allgeier-se-allgeier-stellt-klar\/\" class=\"awb-custom-text-color awb-custom-text-hover-color\" target=\"_self\">Allgeier SE: Allgeier stellt klar<\/a><\/p><\/div><\/div><\/li>\n<li class=\"fusion-layout-column fusion_builder_column fusion-builder-column-45 fusion-flex-column post-card fusion-grid-column fusion-post-cards-grid-column ad-hoc-mitteilungen\" style=\"--awb-padding-top:.6em;--awb-padding-right:1em;--awb-padding-bottom:.8em;--awb-padding-left:1em;--awb-bg-color:var(--awb-color6);--awb-bg-color-hover:var(--awb-color6);--awb-bg-image:linear-gradient(20deg, hsla(var(--awb-color5-h),calc(var(--awb-color5-s) - 20%),var(--awb-color5-l),calc(var(--awb-color5-a) - 50%)) 0%,hsla(var(--awb-color6-h),calc(var(--awb-color6-s) - 20%),var(--awb-color6-l),var(--awb-color6-a)) 75%);--awb-bg-blend:overlay;--awb-bg-size:cover;--awb-border-color:hsla(var(--awb-color2-h),var(--awb-color2-s),var(--awb-color2-l),calc(var(--awb-color2-a) - 90%));--awb-border-top:0;--awb-border-right:0;--awb-border-bottom:0;--awb-border-left:0;--awb-flex-grow:0;--awb-flex-shrink:0;--awb-flex-grow-medium:0;--awb-flex-shrink-medium:0;--awb-flex-grow-small:0;--awb-flex-shrink-small:0;\"><div class=\"fusion-column-wrapper fusion-column-has-shadow fusion-flex-justify-content-flex-start fusion-content-layout-column\"><div class=\"fusion-meta-tb fusion-meta-tb-39 floated\" style=\"--awb-border-bottom:0px;--awb-border-top:0px;--awb-border-left:0px;--awb-border-right:0px;--awb-height:36px;--awb-margin-top:0px;--awb-padding-top:0px;--awb-alignment-medium:flex-start;--awb-alignment-small:flex-start;\"><span class=\"fusion-tb-published-date\">7. November 2023<\/span><span class=\"fusion-meta-tb-sep\">|<\/span><span class=\"fusion-tb-categories\"><a href=\"https:\/\/allgeier-se.seowerk.net\/de\/kategorie\/ad-hoc-mitteilungen\/\" rel=\"category tag\">Ad hoc-Mitteilungen<\/a><\/span><span class=\"fusion-meta-tb-sep\">|<\/span><\/div><div class=\"fusion-title title fusion-title-45 fusion-sep-none fusion-title-text fusion-title-size-paragraph\" style=\"--awb-margin-top:0px;--awb-margin-bottom:0px;--awb-font-size:var(--awb-typography3-font-size);\"><p class=\"fusion-title-heading title-heading-left title-heading-tag fusion-responsive-typography-calculated\" style=\"font-family:var(--awb-typography3-font-family);font-weight:var(--awb-typography3-font-weight);font-style:var(--awb-typography3-font-style);margin:0;letter-spacing:var(--awb-typography3-letter-spacing);text-transform:var(--awb-typography3-text-transform);font-size:1em;--fontSize:24;line-height:var(--awb-typography3-line-height);\"><a href=\"https:\/\/allgeier-se.seowerk.net\/de\/ad-hoc-mitteilungen\/allgeier-se-setzt-die-transformation-zu-mehr-wertschoepfung-in-den-ersten-neun-monaten-2023-weiter-fort\/\" class=\"awb-custom-text-color awb-custom-text-hover-color\" target=\"_self\">Allgeier SE setzt die Transformation zu mehr Wertsch\u00f6pfung in den ersten neun Monaten 2023 weiter fort<\/a><\/p><\/div><\/div><\/li>\n<li class=\"fusion-layout-column fusion_builder_column fusion-builder-column-46 fusion-flex-column post-card fusion-grid-column fusion-post-cards-grid-column unternehmensnachrichten\" style=\"--awb-padding-top:.6em;--awb-padding-right:1em;--awb-padding-bottom:.8em;--awb-padding-left:1em;--awb-bg-color:var(--awb-color6);--awb-bg-color-hover:var(--awb-color6);--awb-bg-image:linear-gradient(20deg, hsla(var(--awb-color5-h),calc(var(--awb-color5-s) - 20%),var(--awb-color5-l),calc(var(--awb-color5-a) - 50%)) 0%,hsla(var(--awb-color6-h),calc(var(--awb-color6-s) - 20%),var(--awb-color6-l),var(--awb-color6-a)) 75%);--awb-bg-blend:overlay;--awb-bg-size:cover;--awb-border-color:hsla(var(--awb-color2-h),var(--awb-color2-s),var(--awb-color2-l),calc(var(--awb-color2-a) - 90%));--awb-border-top:0;--awb-border-right:0;--awb-border-bottom:0;--awb-border-left:0;--awb-flex-grow:0;--awb-flex-shrink:0;--awb-flex-grow-medium:0;--awb-flex-shrink-medium:0;--awb-flex-grow-small:0;--awb-flex-shrink-small:0;\"><div class=\"fusion-column-wrapper fusion-column-has-shadow fusion-flex-justify-content-flex-start fusion-content-layout-column\"><div class=\"fusion-meta-tb fusion-meta-tb-40 floated\" style=\"--awb-border-bottom:0px;--awb-border-top:0px;--awb-border-left:0px;--awb-border-right:0px;--awb-height:36px;--awb-margin-top:0px;--awb-padding-top:0px;--awb-alignment-medium:flex-start;--awb-alignment-small:flex-start;\"><span class=\"fusion-tb-published-date\">23. August 2023<\/span><span class=\"fusion-meta-tb-sep\">|<\/span><span class=\"fusion-tb-categories\"><a href=\"https:\/\/allgeier-se.seowerk.net\/de\/kategorie\/corporate-news\/\" rel=\"category tag\">Corporate News<\/a><\/span><span class=\"fusion-meta-tb-sep\">|<\/span><\/div><div class=\"fusion-title title fusion-title-46 fusion-sep-none fusion-title-text fusion-title-size-paragraph\" style=\"--awb-margin-top:0px;--awb-margin-bottom:0px;--awb-font-size:var(--awb-typography3-font-size);\"><p class=\"fusion-title-heading title-heading-left title-heading-tag fusion-responsive-typography-calculated\" style=\"font-family:var(--awb-typography3-font-family);font-weight:var(--awb-typography3-font-weight);font-style:var(--awb-typography3-font-style);margin:0;letter-spacing:var(--awb-typography3-letter-spacing);text-transform:var(--awb-typography3-text-transform);font-size:1em;--fontSize:24;line-height:var(--awb-typography3-line-height);\"><a href=\"https:\/\/allgeier-se.seowerk.net\/de\/corporate-news\/allgeier-se-der-auf-cloud-softwareentwicklung-und-data-analytics-spezialisierte-microsoft-spezialist-sdx-schliesst-sich-der-allgeier-gruppe-an\/\" class=\"awb-custom-text-color awb-custom-text-hover-color\" target=\"_self\">Allgeier SE: Der auf Cloud-Softwareentwicklung und Data Analytics spezialisierte Microsoft-Spezialist SDX schlie\u00dft sich der Allgeier-Gruppe an<\/a><\/p><\/div><\/div><\/li>\n<li class=\"fusion-layout-column fusion_builder_column fusion-builder-column-47 fusion-flex-column post-card fusion-grid-column fusion-post-cards-grid-column unternehmensnachrichten\" style=\"--awb-padding-top:.6em;--awb-padding-right:1em;--awb-padding-bottom:.8em;--awb-padding-left:1em;--awb-bg-color:var(--awb-color6);--awb-bg-color-hover:var(--awb-color6);--awb-bg-image:linear-gradient(20deg, hsla(var(--awb-color5-h),calc(var(--awb-color5-s) - 20%),var(--awb-color5-l),calc(var(--awb-color5-a) - 50%)) 0%,hsla(var(--awb-color6-h),calc(var(--awb-color6-s) - 20%),var(--awb-color6-l),var(--awb-color6-a)) 75%);--awb-bg-blend:overlay;--awb-bg-size:cover;--awb-border-color:hsla(var(--awb-color2-h),var(--awb-color2-s),var(--awb-color2-l),calc(var(--awb-color2-a) - 90%));--awb-border-top:0;--awb-border-right:0;--awb-border-bottom:0;--awb-border-left:0;--awb-flex-grow:0;--awb-flex-shrink:0;--awb-flex-grow-medium:0;--awb-flex-shrink-medium:0;--awb-flex-grow-small:0;--awb-flex-shrink-small:0;\"><div class=\"fusion-column-wrapper fusion-column-has-shadow fusion-flex-justify-content-flex-start fusion-content-layout-column\"><div class=\"fusion-meta-tb fusion-meta-tb-41 floated\" style=\"--awb-border-bottom:0px;--awb-border-top:0px;--awb-border-left:0px;--awb-border-right:0px;--awb-height:36px;--awb-margin-top:0px;--awb-padding-top:0px;--awb-alignment-medium:flex-start;--awb-alignment-small:flex-start;\"><span class=\"fusion-tb-published-date\">14. August 2023<\/span><span class=\"fusion-meta-tb-sep\">|<\/span><span class=\"fusion-tb-categories\"><a href=\"https:\/\/allgeier-se.seowerk.net\/de\/kategorie\/news\/\" rel=\"category tag\">News<\/a><\/span><span class=\"fusion-meta-tb-sep\">|<\/span><\/div><div class=\"fusion-title title fusion-title-47 fusion-sep-none fusion-title-text fusion-title-size-paragraph\" style=\"--awb-margin-top:0px;--awb-margin-bottom:0px;--awb-font-size:var(--awb-typography3-font-size);\"><p class=\"fusion-title-heading title-heading-left title-heading-tag fusion-responsive-typography-calculated\" style=\"font-family:var(--awb-typography3-font-family);font-weight:var(--awb-typography3-font-weight);font-style:var(--awb-typography3-font-style);margin:0;letter-spacing:var(--awb-typography3-letter-spacing);text-transform:var(--awb-typography3-text-transform);font-size:1em;--fontSize:24;line-height:var(--awb-typography3-line-height);\"><a href=\"https:\/\/allgeier-se.seowerk.net\/de\/news\/allgeier-se-vorabbekanntmachung-ueber-die-veroeffentlichung-von-finanzberichten-gemaess-%c2%a7-114-115-117-wphg-7\/\" class=\"awb-custom-text-color awb-custom-text-hover-color\" target=\"_self\">ALLGEIER SE: Vorabbekanntmachung \u00fcber die Ver\u00f6ffentlichung von Finanzberichten gem\u00e4\u00df \u00a7 114, 115, 117 WpHG<\/a><\/p><\/div><\/div><\/li>\n<li class=\"fusion-layout-column fusion_builder_column fusion-builder-column-48 fusion-flex-column post-card fusion-grid-column fusion-post-cards-grid-column ad-hoc-mitteilungen\" style=\"--awb-padding-top:.6em;--awb-padding-right:1em;--awb-padding-bottom:.8em;--awb-padding-left:1em;--awb-bg-color:var(--awb-color6);--awb-bg-color-hover:var(--awb-color6);--awb-bg-image:linear-gradient(20deg, hsla(var(--awb-color5-h),calc(var(--awb-color5-s) - 20%),var(--awb-color5-l),calc(var(--awb-color5-a) - 50%)) 0%,hsla(var(--awb-color6-h),calc(var(--awb-color6-s) - 20%),var(--awb-color6-l),var(--awb-color6-a)) 75%);--awb-bg-blend:overlay;--awb-bg-size:cover;--awb-border-color:hsla(var(--awb-color2-h),var(--awb-color2-s),var(--awb-color2-l),calc(var(--awb-color2-a) - 90%));--awb-border-top:0;--awb-border-right:0;--awb-border-bottom:0;--awb-border-left:0;--awb-flex-grow:0;--awb-flex-shrink:0;--awb-flex-grow-medium:0;--awb-flex-shrink-medium:0;--awb-flex-grow-small:0;--awb-flex-shrink-small:0;\"><div class=\"fusion-column-wrapper fusion-column-has-shadow fusion-flex-justify-content-flex-start fusion-content-layout-column\"><div class=\"fusion-meta-tb fusion-meta-tb-42 floated\" style=\"--awb-border-bottom:0px;--awb-border-top:0px;--awb-border-left:0px;--awb-border-right:0px;--awb-height:36px;--awb-margin-top:0px;--awb-padding-top:0px;--awb-alignment-medium:flex-start;--awb-alignment-small:flex-start;\"><span class=\"fusion-tb-published-date\">3. August 2023<\/span><span class=\"fusion-meta-tb-sep\">|<\/span><span class=\"fusion-tb-categories\"><a href=\"https:\/\/allgeier-se.seowerk.net\/de\/kategorie\/ad-hoc-mitteilungen\/\" rel=\"category tag\">Ad hoc-Mitteilungen<\/a><\/span><span class=\"fusion-meta-tb-sep\">|<\/span><\/div><div class=\"fusion-title title fusion-title-48 fusion-sep-none fusion-title-text fusion-title-size-paragraph\" style=\"--awb-margin-top:0px;--awb-margin-bottom:0px;--awb-font-size:var(--awb-typography3-font-size);\"><p class=\"fusion-title-heading title-heading-left title-heading-tag fusion-responsive-typography-calculated\" style=\"font-family:var(--awb-typography3-font-family);font-weight:var(--awb-typography3-font-weight);font-style:var(--awb-typography3-font-style);margin:0;letter-spacing:var(--awb-typography3-letter-spacing);text-transform:var(--awb-typography3-text-transform);font-size:1em;--fontSize:24;line-height:var(--awb-typography3-line-height);\"><a href=\"https:\/\/allgeier-se.seowerk.net\/de\/ad-hoc-mitteilungen\/allgeier-se-steigert-im-ersten-halbjahr-2023-den-umsatz-um-6-prozent-und-die-wertschoepfung-um-12-prozent\/\" class=\"awb-custom-text-color awb-custom-text-hover-color\" target=\"_self\">Allgeier SE steigert im ersten Halbjahr 2023 den Umsatz um 6 Prozent und die Wertsch\u00f6pfung um 12 Prozent<\/a><\/p><\/div><\/div><\/li>\n<li class=\"fusion-layout-column fusion_builder_column fusion-builder-column-49 fusion-flex-column post-card fusion-grid-column fusion-post-cards-grid-column unternehmensnachrichten\" style=\"--awb-padding-top:.6em;--awb-padding-right:1em;--awb-padding-bottom:.8em;--awb-padding-left:1em;--awb-bg-color:var(--awb-color6);--awb-bg-color-hover:var(--awb-color6);--awb-bg-image:linear-gradient(20deg, hsla(var(--awb-color5-h),calc(var(--awb-color5-s) - 20%),var(--awb-color5-l),calc(var(--awb-color5-a) - 50%)) 0%,hsla(var(--awb-color6-h),calc(var(--awb-color6-s) - 20%),var(--awb-color6-l),var(--awb-color6-a)) 75%);--awb-bg-blend:overlay;--awb-bg-size:cover;--awb-border-color:hsla(var(--awb-color2-h),var(--awb-color2-s),var(--awb-color2-l),calc(var(--awb-color2-a) - 90%));--awb-border-top:0;--awb-border-right:0;--awb-border-bottom:0;--awb-border-left:0;--awb-flex-grow:0;--awb-flex-shrink:0;--awb-flex-grow-medium:0;--awb-flex-shrink-medium:0;--awb-flex-grow-small:0;--awb-flex-shrink-small:0;\"><div class=\"fusion-column-wrapper fusion-column-has-shadow fusion-flex-justify-content-flex-start fusion-content-layout-column\"><div class=\"fusion-meta-tb fusion-meta-tb-43 floated\" style=\"--awb-border-bottom:0px;--awb-border-top:0px;--awb-border-left:0px;--awb-border-right:0px;--awb-height:36px;--awb-margin-top:0px;--awb-padding-top:0px;--awb-alignment-medium:flex-start;--awb-alignment-small:flex-start;\"><span class=\"fusion-tb-published-date\">22. Juni 2023<\/span><span class=\"fusion-meta-tb-sep\">|<\/span><span class=\"fusion-tb-categories\"><a href=\"https:\/\/allgeier-se.seowerk.net\/de\/kategorie\/corporate-news\/\" rel=\"category tag\">Corporate News<\/a><\/span><span class=\"fusion-meta-tb-sep\">|<\/span><\/div><div class=\"fusion-title title fusion-title-49 fusion-sep-none fusion-title-text fusion-title-size-paragraph\" style=\"--awb-margin-top:0px;--awb-margin-bottom:0px;--awb-font-size:var(--awb-typography3-font-size);\"><p class=\"fusion-title-heading title-heading-left title-heading-tag fusion-responsive-typography-calculated\" style=\"font-family:var(--awb-typography3-font-family);font-weight:var(--awb-typography3-font-weight);font-style:var(--awb-typography3-font-style);margin:0;letter-spacing:var(--awb-typography3-letter-spacing);text-transform:var(--awb-typography3-text-transform);font-size:1em;--fontSize:24;line-height:var(--awb-typography3-line-height);\"><a href=\"https:\/\/allgeier-se.seowerk.net\/de\/corporate-news\/allgeier-se-allgeier-stellt-klar-2\/\" class=\"awb-custom-text-color awb-custom-text-hover-color\" target=\"_self\">Allgeier SE: Allgeier stellt klar<\/a><\/p><\/div><\/div><\/li>\n<li class=\"fusion-layout-column fusion_builder_column fusion-builder-column-50 fusion-flex-column post-card fusion-grid-column fusion-post-cards-grid-column ad-hoc-mitteilungen\" style=\"--awb-padding-top:.6em;--awb-padding-right:1em;--awb-padding-bottom:.8em;--awb-padding-left:1em;--awb-bg-color:var(--awb-color6);--awb-bg-color-hover:var(--awb-color6);--awb-bg-image:linear-gradient(20deg, hsla(var(--awb-color5-h),calc(var(--awb-color5-s) - 20%),var(--awb-color5-l),calc(var(--awb-color5-a) - 50%)) 0%,hsla(var(--awb-color6-h),calc(var(--awb-color6-s) - 20%),var(--awb-color6-l),var(--awb-color6-a)) 75%);--awb-bg-blend:overlay;--awb-bg-size:cover;--awb-border-color:hsla(var(--awb-color2-h),var(--awb-color2-s),var(--awb-color2-l),calc(var(--awb-color2-a) - 90%));--awb-border-top:0;--awb-border-right:0;--awb-border-bottom:0;--awb-border-left:0;--awb-flex-grow:0;--awb-flex-shrink:0;--awb-flex-grow-medium:0;--awb-flex-shrink-medium:0;--awb-flex-grow-small:0;--awb-flex-shrink-small:0;\"><div class=\"fusion-column-wrapper fusion-column-has-shadow fusion-flex-justify-content-flex-start fusion-content-layout-column\"><div class=\"fusion-meta-tb fusion-meta-tb-44 floated\" style=\"--awb-border-bottom:0px;--awb-border-top:0px;--awb-border-left:0px;--awb-border-right:0px;--awb-height:36px;--awb-margin-top:0px;--awb-padding-top:0px;--awb-alignment-medium:flex-start;--awb-alignment-small:flex-start;\"><span class=\"fusion-tb-published-date\">11. Mai 2023<\/span><span class=\"fusion-meta-tb-sep\">|<\/span><span class=\"fusion-tb-categories\"><a href=\"https:\/\/allgeier-se.seowerk.net\/de\/kategorie\/ad-hoc-mitteilungen\/\" rel=\"category tag\">Ad hoc-Mitteilungen<\/a><\/span><span class=\"fusion-meta-tb-sep\">|<\/span><\/div><div class=\"fusion-title title fusion-title-50 fusion-sep-none fusion-title-text fusion-title-size-paragraph\" style=\"--awb-margin-top:0px;--awb-margin-bottom:0px;--awb-font-size:var(--awb-typography3-font-size);\"><p class=\"fusion-title-heading title-heading-left title-heading-tag fusion-responsive-typography-calculated\" style=\"font-family:var(--awb-typography3-font-family);font-weight:var(--awb-typography3-font-weight);font-style:var(--awb-typography3-font-style);margin:0;letter-spacing:var(--awb-typography3-letter-spacing);text-transform:var(--awb-typography3-text-transform);font-size:1em;--fontSize:24;line-height:var(--awb-typography3-line-height);\"><a href=\"https:\/\/allgeier-se.seowerk.net\/de\/ad-hoc-mitteilungen\/allgeier-se-allgeier-waechst-zweistellig-im-ersten-quartal-2023\/\" class=\"awb-custom-text-color awb-custom-text-hover-color\" target=\"_self\">Allgeier SE: Allgeier w\u00e4chst zweistellig im ersten Quartal 2023<\/a><\/p><\/div><\/div><\/li>\n<li class=\"fusion-layout-column fusion_builder_column fusion-builder-column-51 fusion-flex-column post-card fusion-grid-column fusion-post-cards-grid-column unternehmensnachrichten\" style=\"--awb-padding-top:.6em;--awb-padding-right:1em;--awb-padding-bottom:.8em;--awb-padding-left:1em;--awb-bg-color:var(--awb-color6);--awb-bg-color-hover:var(--awb-color6);--awb-bg-image:linear-gradient(20deg, hsla(var(--awb-color5-h),calc(var(--awb-color5-s) - 20%),var(--awb-color5-l),calc(var(--awb-color5-a) - 50%)) 0%,hsla(var(--awb-color6-h),calc(var(--awb-color6-s) - 20%),var(--awb-color6-l),var(--awb-color6-a)) 75%);--awb-bg-blend:overlay;--awb-bg-size:cover;--awb-border-color:hsla(var(--awb-color2-h),var(--awb-color2-s),var(--awb-color2-l),calc(var(--awb-color2-a) - 90%));--awb-border-top:0;--awb-border-right:0;--awb-border-bottom:0;--awb-border-left:0;--awb-flex-grow:0;--awb-flex-shrink:0;--awb-flex-grow-medium:0;--awb-flex-shrink-medium:0;--awb-flex-grow-small:0;--awb-flex-shrink-small:0;\"><div class=\"fusion-column-wrapper fusion-column-has-shadow fusion-flex-justify-content-flex-start fusion-content-layout-column\"><div class=\"fusion-meta-tb fusion-meta-tb-45 floated\" style=\"--awb-border-bottom:0px;--awb-border-top:0px;--awb-border-left:0px;--awb-border-right:0px;--awb-height:36px;--awb-margin-top:0px;--awb-padding-top:0px;--awb-alignment-medium:flex-start;--awb-alignment-small:flex-start;\"><span class=\"fusion-tb-published-date\">26. April 2023<\/span><span class=\"fusion-meta-tb-sep\">|<\/span><span class=\"fusion-tb-categories\"><a href=\"https:\/\/allgeier-se.seowerk.net\/de\/kategorie\/news\/\" rel=\"category tag\">News<\/a><\/span><span class=\"fusion-meta-tb-sep\">|<\/span><\/div><div class=\"fusion-title title fusion-title-51 fusion-sep-none fusion-title-text fusion-title-size-paragraph\" style=\"--awb-margin-top:0px;--awb-margin-bottom:0px;--awb-font-size:var(--awb-typography3-font-size);\"><p class=\"fusion-title-heading title-heading-left title-heading-tag fusion-responsive-typography-calculated\" style=\"font-family:var(--awb-typography3-font-family);font-weight:var(--awb-typography3-font-weight);font-style:var(--awb-typography3-font-style);margin:0;letter-spacing:var(--awb-typography3-letter-spacing);text-transform:var(--awb-typography3-text-transform);font-size:1em;--fontSize:24;line-height:var(--awb-typography3-line-height);\"><a href=\"https:\/\/allgeier-se.seowerk.net\/de\/news\/allgeier-se-vorabbekanntmachung-ueber-die-veroeffentlichung-von-finanzberichten-gemaess-%c2%a7-114-115-117-wphg-6\/\" class=\"awb-custom-text-color awb-custom-text-hover-color\" target=\"_self\">ALLGEIER SE: Vorabbekanntmachung \u00fcber die Ver\u00f6ffentlichung von Finanzberichten gem\u00e4\u00df \u00a7 114, 115, 117 WpHG<\/a><\/p><\/div><\/div><\/li>\n<li class=\"fusion-layout-column fusion_builder_column fusion-builder-column-52 fusion-flex-column post-card fusion-grid-column fusion-post-cards-grid-column ad-hoc-mitteilungen\" style=\"--awb-padding-top:.6em;--awb-padding-right:1em;--awb-padding-bottom:.8em;--awb-padding-left:1em;--awb-bg-color:var(--awb-color6);--awb-bg-color-hover:var(--awb-color6);--awb-bg-image:linear-gradient(20deg, hsla(var(--awb-color5-h),calc(var(--awb-color5-s) - 20%),var(--awb-color5-l),calc(var(--awb-color5-a) - 50%)) 0%,hsla(var(--awb-color6-h),calc(var(--awb-color6-s) - 20%),var(--awb-color6-l),var(--awb-color6-a)) 75%);--awb-bg-blend:overlay;--awb-bg-size:cover;--awb-border-color:hsla(var(--awb-color2-h),var(--awb-color2-s),var(--awb-color2-l),calc(var(--awb-color2-a) - 90%));--awb-border-top:0;--awb-border-right:0;--awb-border-bottom:0;--awb-border-left:0;--awb-flex-grow:0;--awb-flex-shrink:0;--awb-flex-grow-medium:0;--awb-flex-shrink-medium:0;--awb-flex-grow-small:0;--awb-flex-shrink-small:0;\"><div class=\"fusion-column-wrapper fusion-column-has-shadow fusion-flex-justify-content-flex-start fusion-content-layout-column\"><div class=\"fusion-meta-tb fusion-meta-tb-46 floated\" style=\"--awb-border-bottom:0px;--awb-border-top:0px;--awb-border-left:0px;--awb-border-right:0px;--awb-height:36px;--awb-margin-top:0px;--awb-padding-top:0px;--awb-alignment-medium:flex-start;--awb-alignment-small:flex-start;\"><span class=\"fusion-tb-published-date\">9. M\u00e4rz 2023<\/span><span class=\"fusion-meta-tb-sep\">|<\/span><span class=\"fusion-tb-categories\"><a href=\"https:\/\/allgeier-se.seowerk.net\/de\/kategorie\/ad-hoc-mitteilungen\/\" rel=\"category tag\">Ad hoc-Mitteilungen<\/a><\/span><span class=\"fusion-meta-tb-sep\">|<\/span><\/div><div class=\"fusion-title title fusion-title-52 fusion-sep-none fusion-title-text fusion-title-size-paragraph\" style=\"--awb-margin-top:0px;--awb-margin-bottom:0px;--awb-font-size:var(--awb-typography3-font-size);\"><p class=\"fusion-title-heading title-heading-left title-heading-tag fusion-responsive-typography-calculated\" style=\"font-family:var(--awb-typography3-font-family);font-weight:var(--awb-typography3-font-weight);font-style:var(--awb-typography3-font-style);margin:0;letter-spacing:var(--awb-typography3-letter-spacing);text-transform:var(--awb-typography3-text-transform);font-size:1em;--fontSize:24;line-height:var(--awb-typography3-line-height);\"><a href=\"https:\/\/allgeier-se.seowerk.net\/de\/ad-hoc-mitteilungen\/allgeier-se-steigert-im-geschaeftsjahr-2022-die-gesamtleistung-um-21-ergebnismarge-steigt-ueberproportional\/\" class=\"awb-custom-text-color awb-custom-text-hover-color\" target=\"_self\">Allgeier SE steigert im Gesch\u00e4ftsjahr 2022 die Gesamtleistung um 21 % \u2013 Ergebnismarge steigt \u00fcberproportional<\/a><\/p><\/div><\/div><\/li>\n<li class=\"fusion-layout-column fusion_builder_column fusion-builder-column-53 fusion-flex-column post-card fusion-grid-column fusion-post-cards-grid-column ad-hoc-mitteilungen\" style=\"--awb-padding-top:.6em;--awb-padding-right:1em;--awb-padding-bottom:.8em;--awb-padding-left:1em;--awb-bg-color:var(--awb-color6);--awb-bg-color-hover:var(--awb-color6);--awb-bg-image:linear-gradient(20deg, hsla(var(--awb-color5-h),calc(var(--awb-color5-s) - 20%),var(--awb-color5-l),calc(var(--awb-color5-a) - 50%)) 0%,hsla(var(--awb-color6-h),calc(var(--awb-color6-s) - 20%),var(--awb-color6-l),var(--awb-color6-a)) 75%);--awb-bg-blend:overlay;--awb-bg-size:cover;--awb-border-color:hsla(var(--awb-color2-h),var(--awb-color2-s),var(--awb-color2-l),calc(var(--awb-color2-a) - 90%));--awb-border-top:0;--awb-border-right:0;--awb-border-bottom:0;--awb-border-left:0;--awb-flex-grow:0;--awb-flex-shrink:0;--awb-flex-grow-medium:0;--awb-flex-shrink-medium:0;--awb-flex-grow-small:0;--awb-flex-shrink-small:0;\"><div class=\"fusion-column-wrapper fusion-column-has-shadow fusion-flex-justify-content-flex-start fusion-content-layout-column\"><div class=\"fusion-meta-tb fusion-meta-tb-47 floated\" style=\"--awb-border-bottom:0px;--awb-border-top:0px;--awb-border-left:0px;--awb-border-right:0px;--awb-height:36px;--awb-margin-top:0px;--awb-padding-top:0px;--awb-alignment-medium:flex-start;--awb-alignment-small:flex-start;\"><span class=\"fusion-tb-published-date\">20. Dezember 2022<\/span><span class=\"fusion-meta-tb-sep\">|<\/span><span class=\"fusion-tb-categories\"><a href=\"https:\/\/allgeier-se.seowerk.net\/de\/kategorie\/ad-hoc-mitteilungen\/\" rel=\"category tag\">Ad hoc-Mitteilungen<\/a><\/span><span class=\"fusion-meta-tb-sep\">|<\/span><\/div><div class=\"fusion-title title fusion-title-53 fusion-sep-none fusion-title-text fusion-title-size-paragraph\" style=\"--awb-margin-top:0px;--awb-margin-bottom:0px;--awb-font-size:var(--awb-typography3-font-size);\"><p class=\"fusion-title-heading title-heading-left title-heading-tag fusion-responsive-typography-calculated\" style=\"font-family:var(--awb-typography3-font-family);font-weight:var(--awb-typography3-font-weight);font-style:var(--awb-typography3-font-style);margin:0;letter-spacing:var(--awb-typography3-letter-spacing);text-transform:var(--awb-typography3-text-transform);font-size:1em;--fontSize:24;line-height:var(--awb-typography3-line-height);\"><a href=\"https:\/\/allgeier-se.seowerk.net\/de\/ad-hoc-mitteilungen\/allgeier-se-forecast-2022-guidance-fuer-das-geschaeftsjahr-2023-und-mittelfristige-erwartung\/\" class=\"awb-custom-text-color awb-custom-text-hover-color\" target=\"_self\">ALLGEIER SE: Forecast 2022, Guidance f\u00fcr das Gesch\u00e4ftsjahr 2023 und mittelfristige Erwartung<\/a><\/p><\/div><\/div><\/li>\n<li class=\"fusion-layout-column fusion_builder_column fusion-builder-column-54 fusion-flex-column post-card fusion-grid-column fusion-post-cards-grid-column ad-hoc-mitteilungen\" style=\"--awb-padding-top:.6em;--awb-padding-right:1em;--awb-padding-bottom:.8em;--awb-padding-left:1em;--awb-bg-color:var(--awb-color6);--awb-bg-color-hover:var(--awb-color6);--awb-bg-image:linear-gradient(20deg, hsla(var(--awb-color5-h),calc(var(--awb-color5-s) - 20%),var(--awb-color5-l),calc(var(--awb-color5-a) - 50%)) 0%,hsla(var(--awb-color6-h),calc(var(--awb-color6-s) - 20%),var(--awb-color6-l),var(--awb-color6-a)) 75%);--awb-bg-blend:overlay;--awb-bg-size:cover;--awb-border-color:hsla(var(--awb-color2-h),var(--awb-color2-s),var(--awb-color2-l),calc(var(--awb-color2-a) - 90%));--awb-border-top:0;--awb-border-right:0;--awb-border-bottom:0;--awb-border-left:0;--awb-flex-grow:0;--awb-flex-shrink:0;--awb-flex-grow-medium:0;--awb-flex-shrink-medium:0;--awb-flex-grow-small:0;--awb-flex-shrink-small:0;\"><div class=\"fusion-column-wrapper fusion-column-has-shadow fusion-flex-justify-content-flex-start fusion-content-layout-column\"><div class=\"fusion-meta-tb fusion-meta-tb-48 floated\" style=\"--awb-border-bottom:0px;--awb-border-top:0px;--awb-border-left:0px;--awb-border-right:0px;--awb-height:36px;--awb-margin-top:0px;--awb-padding-top:0px;--awb-alignment-medium:flex-start;--awb-alignment-small:flex-start;\"><span class=\"fusion-tb-published-date\">9. November 2022<\/span><span class=\"fusion-meta-tb-sep\">|<\/span><span class=\"fusion-tb-categories\"><a href=\"https:\/\/allgeier-se.seowerk.net\/de\/kategorie\/ad-hoc-mitteilungen\/\" rel=\"category tag\">Ad hoc-Mitteilungen<\/a><\/span><span class=\"fusion-meta-tb-sep\">|<\/span><\/div><div class=\"fusion-title title fusion-title-54 fusion-sep-none fusion-title-text fusion-title-size-paragraph\" style=\"--awb-margin-top:0px;--awb-margin-bottom:0px;--awb-font-size:var(--awb-typography3-font-size);\"><p class=\"fusion-title-heading title-heading-left title-heading-tag fusion-responsive-typography-calculated\" style=\"font-family:var(--awb-typography3-font-family);font-weight:var(--awb-typography3-font-weight);font-style:var(--awb-typography3-font-style);margin:0;letter-spacing:var(--awb-typography3-letter-spacing);text-transform:var(--awb-typography3-text-transform);font-size:1em;--fontSize:24;line-height:var(--awb-typography3-line-height);\"><a href=\"https:\/\/allgeier-se.seowerk.net\/de\/ad-hoc-mitteilungen\/allgeier-se-zeigt-in-den-ersten-neun-monaten-2022-deutliches-umsatzwachstum-sowie-eine-ueberproportionale-ergebnissteigerung\/\" class=\"awb-custom-text-color awb-custom-text-hover-color\" target=\"_self\">Allgeier SE zeigt in den ersten neun Monaten 2022 deutliches Umsatzwachstum sowie eine \u00fcberproportionale Ergebnissteigerung<\/a><\/p><\/div><\/div><\/li>\n<li class=\"fusion-layout-column fusion_builder_column fusion-builder-column-55 fusion-flex-column post-card fusion-grid-column fusion-post-cards-grid-column ad-hoc-mitteilungen\" style=\"--awb-padding-top:.6em;--awb-padding-right:1em;--awb-padding-bottom:.8em;--awb-padding-left:1em;--awb-bg-color:var(--awb-color6);--awb-bg-color-hover:var(--awb-color6);--awb-bg-image:linear-gradient(20deg, hsla(var(--awb-color5-h),calc(var(--awb-color5-s) - 20%),var(--awb-color5-l),calc(var(--awb-color5-a) - 50%)) 0%,hsla(var(--awb-color6-h),calc(var(--awb-color6-s) - 20%),var(--awb-color6-l),var(--awb-color6-a)) 75%);--awb-bg-blend:overlay;--awb-bg-size:cover;--awb-border-color:hsla(var(--awb-color2-h),var(--awb-color2-s),var(--awb-color2-l),calc(var(--awb-color2-a) - 90%));--awb-border-top:0;--awb-border-right:0;--awb-border-bottom:0;--awb-border-left:0;--awb-flex-grow:0;--awb-flex-shrink:0;--awb-flex-grow-medium:0;--awb-flex-shrink-medium:0;--awb-flex-grow-small:0;--awb-flex-shrink-small:0;\"><div class=\"fusion-column-wrapper fusion-column-has-shadow fusion-flex-justify-content-flex-start fusion-content-layout-column\"><div class=\"fusion-meta-tb fusion-meta-tb-49 floated\" style=\"--awb-border-bottom:0px;--awb-border-top:0px;--awb-border-left:0px;--awb-border-right:0px;--awb-height:36px;--awb-margin-top:0px;--awb-padding-top:0px;--awb-alignment-medium:flex-start;--awb-alignment-small:flex-start;\"><span class=\"fusion-tb-published-date\">30. September 2022<\/span><span class=\"fusion-meta-tb-sep\">|<\/span><span class=\"fusion-tb-categories\"><a href=\"https:\/\/allgeier-se.seowerk.net\/de\/kategorie\/ad-hoc-mitteilungen\/\" rel=\"category tag\">Ad hoc-Mitteilungen<\/a><\/span><span class=\"fusion-meta-tb-sep\">|<\/span><\/div><div class=\"fusion-title title fusion-title-55 fusion-sep-none fusion-title-text fusion-title-size-paragraph\" style=\"--awb-margin-top:0px;--awb-margin-bottom:0px;--awb-font-size:var(--awb-typography3-font-size);\"><p class=\"fusion-title-heading title-heading-left title-heading-tag fusion-responsive-typography-calculated\" style=\"font-family:var(--awb-typography3-font-family);font-weight:var(--awb-typography3-font-weight);font-style:var(--awb-typography3-font-style);margin:0;letter-spacing:var(--awb-typography3-letter-spacing);text-transform:var(--awb-typography3-text-transform);font-size:1em;--fontSize:24;line-height:var(--awb-typography3-line-height);\"><a href=\"https:\/\/allgeier-se.seowerk.net\/de\/ad-hoc-mitteilungen\/allgeier-se-georg-duerschmidt-uebernimmt-den-vorsitz-im-aufsichtsrat-der-allgeier-se\/\" class=\"awb-custom-text-color awb-custom-text-hover-color\" target=\"_self\">ALLGEIER SE: Georg D\u00fcrschmidt \u00fcbernimmt den Vorsitz im Aufsichtsrat der Allgeier SE<\/a><\/p><\/div><\/div><\/li>\n<li class=\"fusion-layout-column fusion_builder_column fusion-builder-column-56 fusion-flex-column post-card fusion-grid-column fusion-post-cards-grid-column unternehmensnachrichten\" style=\"--awb-padding-top:.6em;--awb-padding-right:1em;--awb-padding-bottom:.8em;--awb-padding-left:1em;--awb-bg-color:var(--awb-color6);--awb-bg-color-hover:var(--awb-color6);--awb-bg-image:linear-gradient(20deg, hsla(var(--awb-color5-h),calc(var(--awb-color5-s) - 20%),var(--awb-color5-l),calc(var(--awb-color5-a) - 50%)) 0%,hsla(var(--awb-color6-h),calc(var(--awb-color6-s) - 20%),var(--awb-color6-l),var(--awb-color6-a)) 75%);--awb-bg-blend:overlay;--awb-bg-size:cover;--awb-border-color:hsla(var(--awb-color2-h),var(--awb-color2-s),var(--awb-color2-l),calc(var(--awb-color2-a) - 90%));--awb-border-top:0;--awb-border-right:0;--awb-border-bottom:0;--awb-border-left:0;--awb-flex-grow:0;--awb-flex-shrink:0;--awb-flex-grow-medium:0;--awb-flex-shrink-medium:0;--awb-flex-grow-small:0;--awb-flex-shrink-small:0;\"><div class=\"fusion-column-wrapper fusion-column-has-shadow fusion-flex-justify-content-flex-start fusion-content-layout-column\"><div class=\"fusion-meta-tb fusion-meta-tb-50 floated\" style=\"--awb-border-bottom:0px;--awb-border-top:0px;--awb-border-left:0px;--awb-border-right:0px;--awb-height:36px;--awb-margin-top:0px;--awb-padding-top:0px;--awb-alignment-medium:flex-start;--awb-alignment-small:flex-start;\"><span class=\"fusion-tb-published-date\">11. August 2022<\/span><span class=\"fusion-meta-tb-sep\">|<\/span><span class=\"fusion-tb-categories\"><a href=\"https:\/\/allgeier-se.seowerk.net\/de\/kategorie\/news\/\" rel=\"category tag\">News<\/a><\/span><span class=\"fusion-meta-tb-sep\">|<\/span><\/div><div class=\"fusion-title title fusion-title-56 fusion-sep-none fusion-title-text fusion-title-size-paragraph\" style=\"--awb-margin-top:0px;--awb-margin-bottom:0px;--awb-font-size:var(--awb-typography3-font-size);\"><p class=\"fusion-title-heading title-heading-left title-heading-tag fusion-responsive-typography-calculated\" style=\"font-family:var(--awb-typography3-font-family);font-weight:var(--awb-typography3-font-weight);font-style:var(--awb-typography3-font-style);margin:0;letter-spacing:var(--awb-typography3-letter-spacing);text-transform:var(--awb-typography3-text-transform);font-size:1em;--fontSize:24;line-height:var(--awb-typography3-line-height);\"><a href=\"https:\/\/allgeier-se.seowerk.net\/de\/news\/allgeier-se-vorabbekanntmachung-ueber-die-veroeffentlichung-von-finanzberichten-gemaess-%c2%a7-114-115-117-wphg-5\/\" class=\"awb-custom-text-color awb-custom-text-hover-color\" target=\"_self\">ALLGEIER SE: Vorabbekanntmachung \u00fcber die Ver\u00f6ffentlichung von Finanzberichten gem\u00e4\u00df \u00a7 114, 115, 117 WpHG<\/a><\/p><\/div><\/div><\/li>\n<li class=\"fusion-layout-column fusion_builder_column fusion-builder-column-57 fusion-flex-column post-card fusion-grid-column fusion-post-cards-grid-column ad-hoc-mitteilungen\" style=\"--awb-padding-top:.6em;--awb-padding-right:1em;--awb-padding-bottom:.8em;--awb-padding-left:1em;--awb-bg-color:var(--awb-color6);--awb-bg-color-hover:var(--awb-color6);--awb-bg-image:linear-gradient(20deg, hsla(var(--awb-color5-h),calc(var(--awb-color5-s) - 20%),var(--awb-color5-l),calc(var(--awb-color5-a) - 50%)) 0%,hsla(var(--awb-color6-h),calc(var(--awb-color6-s) - 20%),var(--awb-color6-l),var(--awb-color6-a)) 75%);--awb-bg-blend:overlay;--awb-bg-size:cover;--awb-border-color:hsla(var(--awb-color2-h),var(--awb-color2-s),var(--awb-color2-l),calc(var(--awb-color2-a) - 90%));--awb-border-top:0;--awb-border-right:0;--awb-border-bottom:0;--awb-border-left:0;--awb-flex-grow:0;--awb-flex-shrink:0;--awb-flex-grow-medium:0;--awb-flex-shrink-medium:0;--awb-flex-grow-small:0;--awb-flex-shrink-small:0;\"><div class=\"fusion-column-wrapper fusion-column-has-shadow fusion-flex-justify-content-flex-start fusion-content-layout-column\"><div class=\"fusion-meta-tb fusion-meta-tb-51 floated\" style=\"--awb-border-bottom:0px;--awb-border-top:0px;--awb-border-left:0px;--awb-border-right:0px;--awb-height:36px;--awb-margin-top:0px;--awb-padding-top:0px;--awb-alignment-medium:flex-start;--awb-alignment-small:flex-start;\"><span class=\"fusion-tb-published-date\">27. Juli 2022<\/span><span class=\"fusion-meta-tb-sep\">|<\/span><span class=\"fusion-tb-categories\"><a href=\"https:\/\/allgeier-se.seowerk.net\/de\/kategorie\/ad-hoc-mitteilungen\/\" rel=\"category tag\">Ad hoc-Mitteilungen<\/a><\/span><span class=\"fusion-meta-tb-sep\">|<\/span><\/div><div class=\"fusion-title title fusion-title-57 fusion-sep-none fusion-title-text fusion-title-size-paragraph\" style=\"--awb-margin-top:0px;--awb-margin-bottom:0px;--awb-font-size:var(--awb-typography3-font-size);\"><p class=\"fusion-title-heading title-heading-left title-heading-tag fusion-responsive-typography-calculated\" style=\"font-family:var(--awb-typography3-font-family);font-weight:var(--awb-typography3-font-weight);font-style:var(--awb-typography3-font-style);margin:0;letter-spacing:var(--awb-typography3-letter-spacing);text-transform:var(--awb-typography3-text-transform);font-size:1em;--fontSize:24;line-height:var(--awb-typography3-line-height);\"><a href=\"https:\/\/allgeier-se.seowerk.net\/de\/ad-hoc-mitteilungen\/allgeier-se-zeigt-im-ersten-halbjahr-2022-deutliches-umsatz-und-ergebniswachstum-und-bestaetigt-guidance-fuer-2022\/\" class=\"awb-custom-text-color awb-custom-text-hover-color\" target=\"_self\">Allgeier SE zeigt im ersten Halbjahr 2022 deutliches Umsatz- und Ergebniswachstum und best\u00e4tigt Guidance f\u00fcr 2022<\/a><\/p><\/div><\/div><\/li>\n<li class=\"fusion-layout-column fusion_builder_column fusion-builder-column-58 fusion-flex-column post-card fusion-grid-column fusion-post-cards-grid-column ad-hoc-mitteilungen\" style=\"--awb-padding-top:.6em;--awb-padding-right:1em;--awb-padding-bottom:.8em;--awb-padding-left:1em;--awb-bg-color:var(--awb-color6);--awb-bg-color-hover:var(--awb-color6);--awb-bg-image:linear-gradient(20deg, hsla(var(--awb-color5-h),calc(var(--awb-color5-s) - 20%),var(--awb-color5-l),calc(var(--awb-color5-a) - 50%)) 0%,hsla(var(--awb-color6-h),calc(var(--awb-color6-s) - 20%),var(--awb-color6-l),var(--awb-color6-a)) 75%);--awb-bg-blend:overlay;--awb-bg-size:cover;--awb-border-color:hsla(var(--awb-color2-h),var(--awb-color2-s),var(--awb-color2-l),calc(var(--awb-color2-a) - 90%));--awb-border-top:0;--awb-border-right:0;--awb-border-bottom:0;--awb-border-left:0;--awb-flex-grow:0;--awb-flex-shrink:0;--awb-flex-grow-medium:0;--awb-flex-shrink-medium:0;--awb-flex-grow-small:0;--awb-flex-shrink-small:0;\"><div class=\"fusion-column-wrapper fusion-column-has-shadow fusion-flex-justify-content-flex-start fusion-content-layout-column\"><div class=\"fusion-meta-tb fusion-meta-tb-52 floated\" style=\"--awb-border-bottom:0px;--awb-border-top:0px;--awb-border-left:0px;--awb-border-right:0px;--awb-height:36px;--awb-margin-top:0px;--awb-padding-top:0px;--awb-alignment-medium:flex-start;--awb-alignment-small:flex-start;\"><span class=\"fusion-tb-published-date\">13. Juli 2022<\/span><span class=\"fusion-meta-tb-sep\">|<\/span><span class=\"fusion-tb-categories\"><a href=\"https:\/\/allgeier-se.seowerk.net\/de\/kategorie\/ad-hoc-mitteilungen\/\" rel=\"category tag\">Ad hoc-Mitteilungen<\/a><\/span><span class=\"fusion-meta-tb-sep\">|<\/span><\/div><div class=\"fusion-title title fusion-title-58 fusion-sep-none fusion-title-text fusion-title-size-paragraph\" style=\"--awb-margin-top:0px;--awb-margin-bottom:0px;--awb-font-size:var(--awb-typography3-font-size);\"><p class=\"fusion-title-heading title-heading-left title-heading-tag fusion-responsive-typography-calculated\" style=\"font-family:var(--awb-typography3-font-family);font-weight:var(--awb-typography3-font-weight);font-style:var(--awb-typography3-font-style);margin:0;letter-spacing:var(--awb-typography3-letter-spacing);text-transform:var(--awb-typography3-text-transform);font-size:1em;--fontSize:24;line-height:var(--awb-typography3-line-height);\"><a href=\"https:\/\/allgeier-se.seowerk.net\/de\/ad-hoc-mitteilungen\/allgeier-se-weitere-klarstellung-zu-der-veroeffentlichung-einer-pruefungsanordnung-der-bafin-vom-12-07-2022\/\" class=\"awb-custom-text-color awb-custom-text-hover-color\" target=\"_self\">Allgeier SE: Weitere Klarstellung zu der Ver\u00f6ffentlichung einer Pr\u00fcfungsanordnung der BaFin vom 12.07.2022<\/a><\/p><\/div><\/div><\/li>\n<li class=\"fusion-layout-column fusion_builder_column fusion-builder-column-59 fusion-flex-column post-card fusion-grid-column fusion-post-cards-grid-column unternehmensnachrichten\" style=\"--awb-padding-top:.6em;--awb-padding-right:1em;--awb-padding-bottom:.8em;--awb-padding-left:1em;--awb-bg-color:var(--awb-color6);--awb-bg-color-hover:var(--awb-color6);--awb-bg-image:linear-gradient(20deg, hsla(var(--awb-color5-h),calc(var(--awb-color5-s) - 20%),var(--awb-color5-l),calc(var(--awb-color5-a) - 50%)) 0%,hsla(var(--awb-color6-h),calc(var(--awb-color6-s) - 20%),var(--awb-color6-l),var(--awb-color6-a)) 75%);--awb-bg-blend:overlay;--awb-bg-size:cover;--awb-border-color:hsla(var(--awb-color2-h),var(--awb-color2-s),var(--awb-color2-l),calc(var(--awb-color2-a) - 90%));--awb-border-top:0;--awb-border-right:0;--awb-border-bottom:0;--awb-border-left:0;--awb-flex-grow:0;--awb-flex-shrink:0;--awb-flex-grow-medium:0;--awb-flex-shrink-medium:0;--awb-flex-grow-small:0;--awb-flex-shrink-small:0;\"><div class=\"fusion-column-wrapper fusion-column-has-shadow fusion-flex-justify-content-flex-start fusion-content-layout-column\"><div class=\"fusion-meta-tb fusion-meta-tb-53 floated\" style=\"--awb-border-bottom:0px;--awb-border-top:0px;--awb-border-left:0px;--awb-border-right:0px;--awb-height:36px;--awb-margin-top:0px;--awb-padding-top:0px;--awb-alignment-medium:flex-start;--awb-alignment-small:flex-start;\"><span class=\"fusion-tb-published-date\">12. Juli 2022<\/span><span class=\"fusion-meta-tb-sep\">|<\/span><span class=\"fusion-tb-categories\"><a href=\"https:\/\/allgeier-se.seowerk.net\/de\/kategorie\/corporate-news\/\" rel=\"category tag\">Corporate News<\/a><\/span><span class=\"fusion-meta-tb-sep\">|<\/span><\/div><div class=\"fusion-title title fusion-title-59 fusion-sep-none fusion-title-text fusion-title-size-paragraph\" style=\"--awb-margin-top:0px;--awb-margin-bottom:0px;--awb-font-size:var(--awb-typography3-font-size);\"><p class=\"fusion-title-heading title-heading-left title-heading-tag fusion-responsive-typography-calculated\" style=\"font-family:var(--awb-typography3-font-family);font-weight:var(--awb-typography3-font-weight);font-style:var(--awb-typography3-font-style);margin:0;letter-spacing:var(--awb-typography3-letter-spacing);text-transform:var(--awb-typography3-text-transform);font-size:1em;--fontSize:24;line-height:var(--awb-typography3-line-height);\"><a href=\"https:\/\/allgeier-se.seowerk.net\/de\/corporate-news\/allgeier-se-information-zur-bekanntmachung-der-pruefungsanordnung-der-bafin-zum-konzernabschluss-2020\/\" class=\"awb-custom-text-color awb-custom-text-hover-color\" target=\"_self\">Allgeier SE: Information zur Bekanntmachung der Pr\u00fcfungsanordnung der BaFin zum Konzernabschluss 2020<\/a><\/p><\/div><\/div><\/li>\n<li class=\"fusion-layout-column fusion_builder_column fusion-builder-column-60 fusion-flex-column post-card fusion-grid-column fusion-post-cards-grid-column ad-hoc-mitteilungen\" style=\"--awb-padding-top:.6em;--awb-padding-right:1em;--awb-padding-bottom:.8em;--awb-padding-left:1em;--awb-bg-color:var(--awb-color6);--awb-bg-color-hover:var(--awb-color6);--awb-bg-image:linear-gradient(20deg, hsla(var(--awb-color5-h),calc(var(--awb-color5-s) - 20%),var(--awb-color5-l),calc(var(--awb-color5-a) - 50%)) 0%,hsla(var(--awb-color6-h),calc(var(--awb-color6-s) - 20%),var(--awb-color6-l),var(--awb-color6-a)) 75%);--awb-bg-blend:overlay;--awb-bg-size:cover;--awb-border-color:hsla(var(--awb-color2-h),var(--awb-color2-s),var(--awb-color2-l),calc(var(--awb-color2-a) - 90%));--awb-border-top:0;--awb-border-right:0;--awb-border-bottom:0;--awb-border-left:0;--awb-flex-grow:0;--awb-flex-shrink:0;--awb-flex-grow-medium:0;--awb-flex-shrink-medium:0;--awb-flex-grow-small:0;--awb-flex-shrink-small:0;\"><div class=\"fusion-column-wrapper fusion-column-has-shadow fusion-flex-justify-content-flex-start fusion-content-layout-column\"><div class=\"fusion-meta-tb fusion-meta-tb-54 floated\" style=\"--awb-border-bottom:0px;--awb-border-top:0px;--awb-border-left:0px;--awb-border-right:0px;--awb-height:36px;--awb-margin-top:0px;--awb-padding-top:0px;--awb-alignment-medium:flex-start;--awb-alignment-small:flex-start;\"><span class=\"fusion-tb-published-date\">25. Mai 2022<\/span><span class=\"fusion-meta-tb-sep\">|<\/span><span class=\"fusion-tb-categories\"><a href=\"https:\/\/allgeier-se.seowerk.net\/de\/kategorie\/ad-hoc-mitteilungen\/\" rel=\"category tag\">Ad hoc-Mitteilungen<\/a><\/span><span class=\"fusion-meta-tb-sep\">|<\/span><\/div><div class=\"fusion-title title fusion-title-60 fusion-sep-none fusion-title-text fusion-title-size-paragraph\" style=\"--awb-margin-top:0px;--awb-margin-bottom:0px;--awb-font-size:var(--awb-typography3-font-size);\"><p class=\"fusion-title-heading title-heading-left title-heading-tag fusion-responsive-typography-calculated\" style=\"font-family:var(--awb-typography3-font-family);font-weight:var(--awb-typography3-font-weight);font-style:var(--awb-typography3-font-style);margin:0;letter-spacing:var(--awb-typography3-letter-spacing);text-transform:var(--awb-typography3-text-transform);font-size:1em;--fontSize:24;line-height:var(--awb-typography3-line-height);\"><a href=\"https:\/\/allgeier-se.seowerk.net\/de\/ad-hoc-mitteilungen\/allgeier-se-platziert-schuldscheindarlehen-in-hoehe-von-60-mio-euro\/\" class=\"awb-custom-text-color awb-custom-text-hover-color\" target=\"_self\">Allgeier SE platziert Schuldscheindarlehen in H\u00f6he von 60 Mio. Euro<\/a><\/p><\/div><\/div><\/li>\n<\/ul><div class=\"fusion-infinite-scroll-trigger\"><\/div><div class=\"pagination infinite-scroll clearfix\" style=\"display:none;\"><span class=\"current\">1<\/span><a href=\"https:\/\/allgeier-se.seowerk.net\/de\/wp-json\/wp\/v2\/pages\/12\/page\/2\/\" class=\"inactive\">2<\/a><a class=\"pagination-next\" rel=\"next\" href=\"https:\/\/allgeier-se.seowerk.net\/de\/wp-json\/wp\/v2\/pages\/12\/page\/2\/\"><span class=\"page-text\">Vor<\/span><span class=\"page-next\"><\/span><\/a><\/div><div class=\"fusion-clearfix\"><\/div><button class=\"fusion-load-more-button fusion-product-button fusion-clearfix\">Weitere Beitr\u00e4ge laden<\/button><\/div><\/div><\/div><\/div><\/div><\/p>\n","protected":false},"excerpt":{"rendered":"","protected":false},"author":1,"featured_media":0,"parent":0,"menu_order":0,"comment_status":"closed","ping_status":"closed","template":"100-width.php","meta":{"footnotes":""},"categories":[],"tags":[],"class_list":["post-12","page","type-page","status-publish","hentry"],"_links":{"self":[{"href":"https:\/\/allgeier-se.seowerk.net\/de\/wp-json\/wp\/v2\/pages\/12","targetHints":{"allow":["GET"]}}],"collection":[{"href":"https:\/\/allgeier-se.seowerk.net\/de\/wp-json\/wp\/v2\/pages"}],"about":[{"href":"https:\/\/allgeier-se.seowerk.net\/de\/wp-json\/wp\/v2\/types\/page"}],"author":[{"embeddable":true,"href":"https:\/\/allgeier-se.seowerk.net\/de\/wp-json\/wp\/v2\/users\/1"}],"replies":[{"embeddable":true,"href":"https:\/\/allgeier-se.seowerk.net\/de\/wp-json\/wp\/v2\/comments?post=12"}],"version-history":[{"count":10,"href":"https:\/\/allgeier-se.seowerk.net\/de\/wp-json\/wp\/v2\/pages\/12\/revisions"}],"predecessor-version":[{"id":963860,"href":"https:\/\/allgeier-se.seowerk.net\/de\/wp-json\/wp\/v2\/pages\/12\/revisions\/963860"}],"wp:attachment":[{"href":"https:\/\/allgeier-se.seowerk.net\/de\/wp-json\/wp\/v2\/media?parent=12"}],"wp:term":[{"taxonomy":"category","embeddable":true,"href":"https:\/\/allgeier-se.seowerk.net\/de\/wp-json\/wp\/v2\/categories?post=12"},{"taxonomy":"post_tag","embeddable":true,"href":"https:\/\/allgeier-se.seowerk.net\/de\/wp-json\/wp\/v2\/tags?post=12"}],"curies":[{"name":"wp","href":"https:\/\/api.w.org\/{rel}","templated":true}]}}